{"id":7824,"date":"2017-09-01T16:37:39","date_gmt":"2017-09-01T14:37:39","guid":{"rendered":"https:\/\/www.agilit.law\/news\/laure-landes-gronowski\/"},"modified":"2020-06-18T09:58:39","modified_gmt":"2020-06-18T07:58:39","slug":"laure-landes-gronowski","status":"publish","type":"page","link":"https:\/\/www.agilit.law\/en\/news\/laure-landes-gronowski\/","title":{"rendered":"Articles by Laure LANDES-GRONOWSKI"},"content":{"rendered":"<p>[vc_row css=&#8221;.vc_custom_1497731907741{margin-bottom: 0px !important;border-bottom-width: 0px !important;padding-bottom: 0px !important;}&#8221;][vc_column][vc_empty_space height=&#8221;70&#8243;][vc_separator css=&#8221;.vc_custom_1497693162942{margin-bottom: 0px !important;border-bottom-width: 0px !important;padding-bottom: 0px !important;}&#8221;][\/vc_column][\/vc_row][vc_row thb_full_width=&#8221;true&#8221; thb_row_padding=&#8221;true&#8221; thb_column_padding=&#8221;true&#8221; css=&#8221;.vc_custom_1504278078822{margin-top: 0px !important;border-top-width: 0px !important;padding-top: 0px !important;padding-bottom: 0px !important;}&#8221; thb_row_title=&#8221;Save time, travel safe&#8221; thb_video_bg=&#8221;https:\/\/www.agilit.law\/wp-content\/uploads\/2017\/06\/agilit.mp4&#8243;][vc_column thb_color=&#8221;thb-light-column&#8221; css=&#8221;.vc_custom_1497828507808{padding-top: 55px !important;padding-bottom: 40px !important;background-position: center !important;background-repeat: no-repeat !important;background-size: cover !important;}&#8221;][vc_row_inner][vc_column_inner animation=&#8221;animation fade-in&#8221;][vc_column_text css=&#8221;.vc_custom_1592467115449{margin-top: 0px !important;margin-bottom: 0px !important;border-top-width: 0px !important;border-bottom-width: 0px !important;padding-top: 0px !important;padding-bottom: 20px !important;}&#8221;]<\/p>\n<h1 class=\"bannerhome\" style=\"text-align: center;\">ARTICLES BY LAURE LANDES-GRONOWSKI<\/h1>\n<div style=\"height: 35px;\"><\/div>\n<p style=\"text-align: center;\"><a class=\"petitbt\" href=\"https:\/\/www.agilit.law\/en\/about\/team\/laure-landes-gronowski\/\"><i class=\"fa fa-long-arrow-right\"><\/i> See profile<\/a><\/p>\n<p>[\/vc_column_text][\/vc_column_inner][\/vc_row_inner][\/vc_column][\/vc_row][vc_row css=&#8221;.vc_custom_1534264677798{margin-bottom: 0px !important;border-bottom-width: 0px !important;padding-top: 40px !important;padding-bottom: 0px !important;background-color: #ffffff !important;}&#8221; thb_row_title=&#8221;Save time, travel safe&#8221;][vc_column offset=&#8221;vc_col-lg-offset-1 vc_col-lg-10&#8243;][vc_column_text]<!-- The Grid Plugin Version 2.6.60 --><!-- The Grid Wrapper Start --><div class=\"tg-grid-wrapper tg-txt full-height\" id=\"grid-2513\" data-version=\"2.6.60\"><!-- The Grid Styles --><style class=\"tg-grid-styles\" type=\"text\/css\" scoped>#grid-2513 .tg-nav-color:not(.dots):not(.tg-dropdown-value):not(.tg-dropdown-title):hover,#grid-2513 .tg-nav-color:hover .tg-nav-color,#grid-2513 .tg-page-number.tg-page-current,#grid-2513 .tg-filter.tg-filter-active span{color:#ff6863}#grid-2513 .tg-filter:before,#grid-2513 .tg-filter.tg-filter-active:before{color:#999999}#grid-2513 .tg-dropdown-holder,#grid-2513 .tg-search-inner,#grid-2513 .tg-sorter-order{border:1px solid #DDDDDD}#grid-2513 .tg-search-clear,#grid-2513 .tg-search-clear:hover{border:none;border-left:1px solid #DDDDDD}.tg-txt .tg-nav-font,.tg-txt input[type=text].tg-search{font-size:14px;font-weight:600}.tg-txt .tg-search::-webkit-input-placeholder{font-size:14px}.tg-txt .tg-search::-moz-placeholder{font-size:14px}.tg-txt .tg-search:-ms-input-placeholder{font-size:14px}.tg-txt .tg-icon-left-arrow:before{content:\"\\e604\";font-size:32px;font-weight:100}.tg-txt .tg-icon-right-arrow:before{content:\"\\e602\";font-size:32px;font-weight:100}.tg-txt .tg-icon-dropdown-open:before,.tg-txt .tg-icon-sorter-down:before{content:\"\\e60a\"}.tg-txt .tg-icon-sorter-up:before{content:\"\\e609\"}.tg-txt .tg-search-clear:before{content:\"\\e611\";font-weight:300}.tg-txt .tg-search-icon:before{content:\"\\e62e\";font-size:16px;font-weight:600}#grid-2513 .tg-nav-color,#grid-2513 .tg-search-icon:hover:before,#grid-2513 .tg-search-icon:hover input,#grid-2513 .tg-disabled:hover .tg-icon-left-arrow,#grid-2513 .tg-disabled:hover .tg-icon-right-arrow,#grid-2513 .tg-dropdown-title.tg-nav-color:hover{color:#999999}#grid-2513 input.tg-search:hover{color:#999999 !important}#grid-2513 input.tg-search::-webkit-input-placeholder{color:#999999}#grid-2513 input.tg-search::-moz-placeholder{color:#999999;opacity:1}#grid-2513 input.tg-search:-ms-input-placeholder{color:#999999}.grid-2513 .tg-dropdown-item{color:#777777;background:#ffffff}.grid-2513 .tg-filter-active,.grid-2513 .tg-dropdown-item:hover{color:#444444;background:#f5f6fa}#grid-2513 .tg-slider-bullets li.tg-active-item span{background:#59585b}#grid-2513 .tg-slider-bullets li span{background:#DDDDDD}.tg-my-skin-qomino a:not([class*=\"tg-element-\"]),.tg-my-skin-qomino a:not([class*=\"tg-element-\"]):active,.tg-my-skin-qomino a:not([class*=\"tg-element-\"]):focus,.tg-my-skin-qomino [class*=\"tg-element-\"] *:not(del){margin:0;padding:0;color:inherit !important;text-align:inherit;font-size:inherit;font-style:inherit;line-height:inherit;font-weight:inherit;text-transform:inherit;text-decoration:inherit;-webkit-box-shadow:none;box-shadow:none;border:none}.tg-my-skin-qomino [class*=\"tg-element-\"],.tg-my-skin-qomino .tg-item-overlay,.tg-my-skin-qomino .tg-center-holder,.tg-my-skin-qomino .tg-center-inner > *{vertical-align:middle}.tg-my-skin-qomino .tg-item-media-holder{overflow:visible !important}.tg-my-skin-qomino .tg-item-overlay{background-color:rgba(12,12,12,0.14) !important;background-size:contain;background-repeat:repeat-x;background-position-y:0px;position:absolute;display:block;top:0;left:0;bottom:0;right:0;background-image:url(https:\/\/www.agilit.law\/wp-content\/uploads\/2018\/08\/a-3.png) !important;opacity:1;visibility:visible;-webkit-transition:all 700ms ease !important;-moz-transition:all 700ms ease !important;-ms-transition:all 700ms ease !important;transition:all 700ms ease !important}.tg-my-skin-qomino:not(.tg-force-play):not(.tg-is-playing):hover .tg-item-overlay{opacity:0;visibility:hidden}.tg-my-skin-qomino:not(.tg-force-play):not(.tg-is-playing) .tg-item-media-inner > *{-webkit-transition:all 360ms ease;-moz-transition:all 360ms ease;-ms-transition:all 360ms ease;transition:all 360ms ease;-webkit-transform:perspective(500px)scale3d(1.03,1.03,1);-moz-transform:perspective(500px)scale3d(1.03,1.03,1);-ms-transform:perspective(500px)scale3d(1.03,1.03,1);transform:perspective(500px)scale3d(1.03,1.03,1)}.tg-my-skin-qomino:not(.tg-force-play):not(.tg-is-playing) .tg-item-media-holder:hover .tg-item-media-inner > *{-webkit-transform:perspective(500px)scale3d(1,1,1);-moz-transform:perspective(500px)scale3d(1,1,1);-ms-transform:perspective(500px)scale3d(1,1,1);transform:perspective(500px)scale3d(1,1,1)}.tg-my-skin-qomino .tg-bottom-holder{-webkit-transition:all 410ms ease-out;-moz-transition:all 410ms ease-out;-ms-transition:all 410ms ease-out;transition:all 410ms ease-out;-webkit-transform:translate3d(0px,50px,0px);-moz-transform:translate3d(0px,50px,0px);-ms-transform:translate3d(0px,50px,0px);transform:translate3d(0px,50px,0px)}.tg-my-skin-qomino:hover .tg-bottom-holder{-webkit-transform:translate3d(0,0,0);-moz-transform:translate3d(0,0,0);-ms-transform:translate3d(0,0,0);transform:translate3d(0,0,0)}.tg-my-skin-qomino div.tg-item-media-content{text-align:center;background-color:rgba(255,255,255,0.01)}.tg-my-skin-qomino .tg-element-1{position:relative;font-size:17px;line-height:24px;font-weight:400;text-transform:none;display:block;margin:0 11px;padding:8px 0;opacity:1;visibility:visible;-webkit-transition:all 400ms ease;-moz-transition:all 400ms ease;-ms-transition:all 400ms ease;transition:all 400ms ease}.tg-my-skin-qomino:hover .tg-element-1{opacity:0;visibility:hidden}.tg-my-skin-qomino .tg-element-3{position:relative;font-size:11px;line-height:22px;font-weight:600;text-transform:uppercase;text-align:center;letter-spacing:0.7px;background-color:#ff5a5f !important;display:inline-block;margin:3px 3px 20px;padding:4px 13px 5px;border-radius:4px;opacity:0;visibility:hidden;-webkit-transition:all 400ms ease-in;-moz-transition:all 400ms ease-in;-ms-transition:all 400ms ease-in;transition:all 400ms ease-in}.tg-my-skin-qomino:hover .tg-element-3{opacity:1;visibility:visible}.tg-item .tg-dark div,.tg-item .tg-dark h1,.tg-item .tg-dark h1 a,.tg-item .tg-dark h2,.tg-item .tg-dark h2 a,.tg-item .tg-dark h3,.tg-item .tg-dark h3 a,.tg-item .tg-dark h4,.tg-item .tg-dark h4 a,.tg-item .tg-dark h5,.tg-item .tg-dark h5 a,.tg-item .tg-dark h6,.tg-item .tg-dark h6 a,.tg-item .tg-dark a,.tg-item .tg-dark a.tg-link-url,.tg-item .tg-dark i,.tg-item .tg-dark .tg-media-button,.tg-item .tg-dark .tg-item-price span{color:#444444;fill:#444444;stroke:#444444;border-color:#444444}.tg-item .tg-dark p,.tg-item .tg-dark ol,.tg-item .tg-dark ul,.tg-item .tg-dark li{color:#777777;fill:#777777;stroke:#777777;border-color:#777777}.tg-item .tg-dark span,.tg-item .tg-dark .no-liked .to-heart-icon path,.tg-item .tg-dark .empty-heart .to-heart-icon path,.tg-item .tg-dark .tg-item-comment i,.tg-item .tg-dark .tg-item-price del span{color:#999999;fill:#999999;stroke:#999999;border-color:#999999}.tg-item .tg-light div,.tg-item .tg-light h1,.tg-item .tg-light h1 a,.tg-item .tg-light h2,.tg-item .tg-light h2 a,.tg-item .tg-light h3,.tg-item .tg-light h3 a,.tg-item .tg-light h4,.tg-item .tg-light h4 a,.tg-item .tg-light h5,.tg-item .tg-light h5 a,.tg-item .tg-light h6,.tg-item .tg-light h6 a,.tg-item .tg-light a,.tg-item .tg-light a.tg-link-url,.tg-item .tg-light i,.tg-item .tg-light .tg-media-button,.tg-item .tg-light .tg-item-price span{color:#ffffff;fill:#ffffff;stroke:#ffffff;border-color:#ffffff}.tg-item .tg-light p,.tg-item .tg-light ol,.tg-item .tg-light ul,.tg-item .tg-light li{color:#f5f5f5;fill:#f5f5f5;stroke:#f5f5f5;border-color:#f5f5f5}.tg-item .tg-light span,.tg-item .tg-light .no-liked .to-heart-icon path,.tg-item .tg-light .empty-heart .to-heart-icon path,.tg-item .tg-light .tg-item-comment i,.tg-item .tg-light .tg-item-price del span{color:#f6f6f6;fill:#f6f6f6;stroke:#f6f6f6;border-color:#f6f6f6}#grid-2513 .tg-item-content-holder{background-color:#ffffff}#grid-2513 .tg-item-overlay{background-color:rgba(22,22,22,0.65)}<\/style><!-- The Grid Item Sizer --><div class=\"tg-grid-sizer\"><\/div><!-- The Grid Gutter Sizer --><div class=\"tg-gutter-sizer\"><\/div><!-- The Grid Items Holder --><div class=\"tg-grid-holder tg-layout-grid\"  data-name=\"Laure Lande\"  data-style=\"grid\" data-row=\"1\" data-layout=\"vertical\" data-rtl=\"\" data-fitrows=\"\" data-filtercomb=\"\" data-filterlogic=\"AND\" data-filterload =\"\" data-sortbyload =\"\" data-orderload =\"false\" data-fullwidth=\"\" data-fullheight=\"null\" data-gutters=\"[[320,15],[480,15],[768,15],[980,15],[1200,15],[9999,15]]\" data-slider='{\"itemNav\":\"null\",\"swingSpeed\":0.1,\"cycleBy\":\"null\",\"cycle\":5000,\"startAt\":1}' data-ratio=\"1.78\" data-cols=\"[[320,1],[480,1],[768,1],[980,3],[1200,3],[9999,3]]\" data-rows=\"[[320,200],[480,200],[768,220],[980,220],[1200,240],[9999,240]]\" data-animation='{&quot;name&quot;:&quot;Fade in&quot;,&quot;visible&quot;:&quot;&quot;,&quot;hidden&quot;:&quot;&quot;}' data-transition=\"700ms\" data-ajaxmethod=\"\" data-ajaxdelay=\"100\" data-preloader=\"\" data-itemdelay=\"100\" data-gallery=\"\" data-ajax=\"\"><!-- The Grid item #1 --><article class=\"tg-item tg-post-15263 tg-my-skin-qomino f150 f147 f73 f133\" data-row=\"1\" data-col=\"1\"><div class=\"tg-item-inner\"><div class=\"tg-item-media-holder tg-light\"><div class=\"tg-item-media-inner\"><div class=\"tg-item-image\" style=\"background-image: url(https:\/\/www.agilit.law\/wp-content\/uploads\/2026\/04\/Creation-chatgpt-1.png)\"><\/div><\/div><div class=\"tg-item-media-content \"><div class=\"tg-item-overlay\"><\/div><a class=\"tg-element-absolute\" target=\"_self\" href=\"https:\/\/www.agilit.law\/en\/securite-cybercriminalite\/cyberattaque-ants-comprendre-la-fuite-de-donnees-les-risques-et-les-bons-reflexes\/\"><\/a><div class=\"tg-bottom-holder\"><h2 class=\"tg-item-title tg-element-1\"><a target=\"_self\" href=\"https:\/\/www.agilit.law\/en\/securite-cybercriminalite\/cyberattaque-ants-comprendre-la-fuite-de-donnees-les-risques-et-les-bons-reflexes\/\">Cyberattaque de l\u2019ANTS : comprendre la fuite de donn\u00e9es, les risques et les bons r\u00e9flexes &#8211; Interview de notre associ\u00e9e Laure Landes-Gronowski, pour Le Parisien<\/a><\/h2><div class=\"tg-element-3\"><a target=\"_self\" href=\"https:\/\/www.agilit.law\/en\/securite-cybercriminalite\/cyberattaque-ants-comprendre-la-fuite-de-donnees-les-risques-et-les-bons-reflexes\/\">Lire la suite<\/a><\/div><\/div><\/div><\/div><\/div><\/article><!-- The Grid item #2 --><article class=\"tg-item tg-post-15016 tg-my-skin-qomino f150 f165 f73 f133\" data-row=\"1\" data-col=\"1\"><div class=\"tg-item-inner\"><div class=\"tg-item-media-holder tg-light\"><div class=\"tg-item-media-inner\"><div class=\"tg-item-image\" style=\"background-image: url(https:\/\/www.agilit.law\/wp-content\/uploads\/2025\/09\/Article-AgeGo.png)\"><\/div><\/div><div class=\"tg-item-media-content \"><div class=\"tg-item-overlay\"><\/div><a class=\"tg-element-absolute\" target=\"_self\" href=\"https:\/\/www.agilit.law\/en\/donnees-caractere-personnel\/agego-sites-pornos-comment-fonctionne-systeme-verification-age-interview-associee-laure-landes-gronowski\/\"><\/a><div class=\"tg-bottom-holder\"><h2 class=\"tg-item-title tg-element-1\"><a target=\"_self\" href=\"https:\/\/www.agilit.law\/en\/donnees-caractere-personnel\/agego-sites-pornos-comment-fonctionne-systeme-verification-age-interview-associee-laure-landes-gronowski\/\">AgeGo et sites pornos : comment fonctionne vraiment ce syst\u00e8me de v\u00e9rification de l&#8217;\u00e2ge ? Interview de notre associ\u00e9e Laure Landes-Gronowski, pour Le Parisien<\/a><\/h2><div class=\"tg-element-3\"><a target=\"_self\" href=\"https:\/\/www.agilit.law\/en\/donnees-caractere-personnel\/agego-sites-pornos-comment-fonctionne-systeme-verification-age-interview-associee-laure-landes-gronowski\/\">Lire la suite<\/a><\/div><\/div><\/div><\/div><\/div><\/article><!-- The Grid item #3 --><article class=\"tg-item tg-post-14985 tg-my-skin-qomino f165 f73 f133\" data-row=\"1\" data-col=\"1\"><div class=\"tg-item-inner\"><div class=\"tg-item-media-holder tg-light\"><div class=\"tg-item-media-inner\"><div class=\"tg-item-image\" style=\"background-image: url(https:\/\/www.agilit.law\/wp-content\/uploads\/2025\/08\/Pormanove-suppression-contenu-internet.png)\"><\/div><\/div><div class=\"tg-item-media-content \"><div class=\"tg-item-overlay\"><\/div><a class=\"tg-element-absolute\" target=\"_self\" href=\"https:\/\/www.agilit.law\/en\/internet-plateformes-communications-digitales\/le-droit-aurait-il-pu-sauver-jean-pormanove-interview-associee-laure-landes-gronowski-le-figaro\/\"><\/a><div class=\"tg-bottom-holder\"><h2 class=\"tg-item-title tg-element-1\"><a target=\"_self\" href=\"https:\/\/www.agilit.law\/en\/internet-plateformes-communications-digitales\/le-droit-aurait-il-pu-sauver-jean-pormanove-interview-associee-laure-landes-gronowski-le-figaro\/\">Le droit aurait-il pu imposer la suppression des vid\u00e9os de Jean Pormanove ? Interview de notre associ\u00e9e Laure Landes-Gronowski, pour Le Figaro<\/a><\/h2><div class=\"tg-element-3\"><a target=\"_self\" href=\"https:\/\/www.agilit.law\/en\/internet-plateformes-communications-digitales\/le-droit-aurait-il-pu-sauver-jean-pormanove-interview-associee-laure-landes-gronowski-le-figaro\/\">Lire la suite<\/a><\/div><\/div><\/div><\/div><\/div><\/article><!-- The Grid item #4 --><article class=\"tg-item tg-post-14846 tg-my-skin-qomino f150 f73 f133\" data-row=\"1\" data-col=\"1\"><div class=\"tg-item-inner\"><div class=\"tg-item-media-holder tg-light\"><div class=\"tg-item-media-inner\"><div class=\"tg-item-image\" style=\"background-image: url(https:\/\/www.agilit.law\/wp-content\/uploads\/2025\/06\/Cameras-augmentees.jpg)\"><\/div><\/div><div class=\"tg-item-media-content \"><div class=\"tg-item-overlay\"><\/div><a class=\"tg-element-absolute\" target=\"_self\" href=\"https:\/\/www.agilit.law\/en\/donnees-caractere-personnel\/cameras-augmentees-en-caisses-interview-associee-laure-landes-gronowski-tf1\/\"><\/a><div class=\"tg-bottom-holder\"><h2 class=\"tg-item-title tg-element-1\"><a target=\"_self\" href=\"https:\/\/www.agilit.law\/en\/donnees-caractere-personnel\/cameras-augmentees-en-caisses-interview-associee-laure-landes-gronowski-tf1\/\">Cam\u00e9ras augment\u00e9es en caisses &#8211; Interview de notre associ\u00e9e Laure Landes-Gronowski, pour TF1<\/a><\/h2><div class=\"tg-element-3\"><a target=\"_self\" href=\"https:\/\/www.agilit.law\/en\/donnees-caractere-personnel\/cameras-augmentees-en-caisses-interview-associee-laure-landes-gronowski-tf1\/\">Lire la suite<\/a><\/div><\/div><\/div><\/div><\/div><\/article><!-- The Grid item #5 --><article class=\"tg-item tg-post-14827 tg-my-skin-qomino f150 f165 f73 f133\" data-row=\"1\" data-col=\"1\"><div class=\"tg-item-inner\"><div class=\"tg-item-media-holder tg-light\"><div class=\"tg-item-media-inner\"><div class=\"tg-item-image\" style=\"background-image: url(https:\/\/www.agilit.law\/wp-content\/uploads\/2025\/05\/smartphone-5562156_1280.jpg)\"><\/div><\/div><div class=\"tg-item-media-content \"><div class=\"tg-item-overlay\"><\/div><a class=\"tg-element-absolute\" target=\"_self\" href=\"https:\/\/www.agilit.law\/en\/donnees-caractere-personnel\/prospection-par-voie-electronique-et-consentement-caloga-sanctionnee-par-la-cnil\/\"><\/a><div class=\"tg-bottom-holder\"><h2 class=\"tg-item-title tg-element-1\"><a target=\"_self\" href=\"https:\/\/www.agilit.law\/en\/donnees-caractere-personnel\/prospection-par-voie-electronique-et-consentement-caloga-sanctionnee-par-la-cnil\/\">Prospection par voie \u00e9lectronique et consentement : CALOGA sanctionn\u00e9e par la Cnil<\/a><\/h2><div class=\"tg-element-3\"><a target=\"_self\" href=\"https:\/\/www.agilit.law\/en\/donnees-caractere-personnel\/prospection-par-voie-electronique-et-consentement-caloga-sanctionnee-par-la-cnil\/\">Lire la suite<\/a><\/div><\/div><\/div><\/div><\/div><\/article><!-- The Grid item #6 --><article class=\"tg-item tg-post-14810 tg-my-skin-qomino f150 f165 f73 f133\" data-row=\"1\" data-col=\"1\"><div class=\"tg-item-inner\"><div class=\"tg-item-media-holder tg-light\"><div class=\"tg-item-media-inner\"><div class=\"tg-item-image\" style=\"background-image: url(https:\/\/www.agilit.law\/wp-content\/uploads\/2025\/05\/e-mail-4488309_1280.jpg)\"><\/div><\/div><div class=\"tg-item-media-content \"><div class=\"tg-item-overlay\"><\/div><a class=\"tg-element-absolute\" target=\"_self\" href=\"https:\/\/www.agilit.law\/en\/donnees-caractere-personnel\/prospection-commerciale-par-voie-electronique-solocal-sanctionnee-par-la-cnil\/\"><\/a><div class=\"tg-bottom-holder\"><h2 class=\"tg-item-title tg-element-1\"><a target=\"_self\" href=\"https:\/\/www.agilit.law\/en\/donnees-caractere-personnel\/prospection-commerciale-par-voie-electronique-solocal-sanctionnee-par-la-cnil\/\">Prospection commerciale par voie \u00e9lectronique : SOLOCAL sanctionn\u00e9e par la Cnil<\/a><\/h2><div class=\"tg-element-3\"><a target=\"_self\" href=\"https:\/\/www.agilit.law\/en\/donnees-caractere-personnel\/prospection-commerciale-par-voie-electronique-solocal-sanctionnee-par-la-cnil\/\">Lire la suite<\/a><\/div><\/div><\/div><\/div><\/div><\/article><!-- The Grid item #7 --><article class=\"tg-item tg-post-14798 tg-my-skin-qomino f150 f156 f133\" data-row=\"1\" data-col=\"1\"><div class=\"tg-item-inner\"><div class=\"tg-item-media-holder tg-light\"><div class=\"tg-item-media-inner\"><div class=\"tg-item-image\" style=\"background-image: url(https:\/\/www.agilit.law\/wp-content\/uploads\/2025\/05\/Demarchage-telephonique.jpg)\"><\/div><\/div><div class=\"tg-item-media-content \"><div class=\"tg-item-overlay\"><\/div><a class=\"tg-element-absolute\" target=\"_self\" href=\"https:\/\/www.agilit.law\/en\/droit-de-la-distribution-concurrence-consommation-contrats-commerciaux\/demarchage-telephonique-consentement-prealable-consommateurs-desormais-requis\/\"><\/a><div class=\"tg-bottom-holder\"><h2 class=\"tg-item-title tg-element-1\"><a target=\"_self\" href=\"https:\/\/www.agilit.law\/en\/droit-de-la-distribution-concurrence-consommation-contrats-commerciaux\/demarchage-telephonique-consentement-prealable-consommateurs-desormais-requis\/\">D\u00e9marchage t\u00e9l\u00e9phonique : le consentement pr\u00e9alable des consommateurs d\u00e9sormais requis ! Interview de notre associ\u00e9e Laure Landes-Gronowski, pour France Info<\/a><\/h2><div class=\"tg-element-3\"><a target=\"_self\" href=\"https:\/\/www.agilit.law\/en\/droit-de-la-distribution-concurrence-consommation-contrats-commerciaux\/demarchage-telephonique-consentement-prealable-consommateurs-desormais-requis\/\">Lire la suite<\/a><\/div><\/div><\/div><\/div><\/div><\/article><!-- The Grid item #8 --><article class=\"tg-item tg-post-14642 tg-my-skin-qomino f150 f165 f147 f73 f133\" data-row=\"1\" data-col=\"1\"><div class=\"tg-item-inner\"><div class=\"tg-item-media-holder tg-light\"><div class=\"tg-item-media-inner\"><div class=\"tg-item-image\" style=\"background-image: url(https:\/\/www.agilit.law\/wp-content\/uploads\/2025\/04\/18-2399207_1280-1.png)\"><\/div><\/div><div class=\"tg-item-media-content \"><div class=\"tg-item-overlay\"><\/div><a class=\"tg-element-absolute\" target=\"_self\" href=\"https:\/\/www.agilit.law\/en\/internet-plateformes-communications-digitales\/sites-pornographiques-enfin-bloques-aux-mineurs-interview-associee-laure-landes-gronowski\/\"><\/a><div class=\"tg-bottom-holder\"><h2 class=\"tg-item-title tg-element-1\"><a target=\"_self\" href=\"https:\/\/www.agilit.law\/en\/internet-plateformes-communications-digitales\/sites-pornographiques-enfin-bloques-aux-mineurs-interview-associee-laure-landes-gronowski\/\">Les sites pornographiques vont-ils enfin \u00eatre bloqu\u00e9s aux mineurs ? Interview de notre associ\u00e9e Laure Landes-Gronowski<\/a><\/h2><div class=\"tg-element-3\"><a target=\"_self\" href=\"https:\/\/www.agilit.law\/en\/internet-plateformes-communications-digitales\/sites-pornographiques-enfin-bloques-aux-mineurs-interview-associee-laure-landes-gronowski\/\">Lire la suite<\/a><\/div><\/div><\/div><\/div><\/div><\/article><!-- The Grid item #9 --><article class=\"tg-item tg-post-14500 tg-my-skin-qomino f150 f165 f73 f133\" data-row=\"1\" data-col=\"1\"><div class=\"tg-item-inner\"><div class=\"tg-item-media-holder tg-light\"><div class=\"tg-item-media-inner\"><div class=\"tg-item-image\" style=\"background-image: url(https:\/\/www.agilit.law\/wp-content\/uploads\/2025\/01\/travel-navigation-journey-vacation-trip-laptop-concept-scaled.jpg)\"><\/div><\/div><div class=\"tg-item-media-content \"><div class=\"tg-item-overlay\"><\/div><a class=\"tg-element-absolute\" target=\"_self\" href=\"https:\/\/www.agilit.law\/en\/droit-technologie-et-informations-donnees-personnelles\/achat-billet-train-sncf-collecte-civilite-non-justifiee\/\"><\/a><div class=\"tg-bottom-holder\"><h2 class=\"tg-item-title tg-element-1\"><a target=\"_self\" href=\"https:\/\/www.agilit.law\/en\/droit-technologie-et-informations-donnees-personnelles\/achat-billet-train-sncf-collecte-civilite-non-justifiee\/\">SNCF : la collecte de la civilit\u00e9 n&#8217;est pas forc\u00e9ment justifi\u00e9e !<\/a><\/h2><div class=\"tg-element-3\"><a target=\"_self\" href=\"https:\/\/www.agilit.law\/en\/droit-technologie-et-informations-donnees-personnelles\/achat-billet-train-sncf-collecte-civilite-non-justifiee\/\">Lire la suite<\/a><\/div><\/div><\/div><\/div><\/div><\/article><!-- The Grid item #10 --><article class=\"tg-item tg-post-14417 tg-my-skin-qomino f150 f165 f73 f133\" data-row=\"1\" data-col=\"1\"><div class=\"tg-item-inner\"><div class=\"tg-item-media-holder tg-light\"><div class=\"tg-item-media-inner\"><div class=\"tg-item-image\" style=\"background-image: url(https:\/\/www.agilit.law\/wp-content\/uploads\/2024\/12\/halloween-1743272_1280.jpg)\"><\/div><\/div><div class=\"tg-item-media-content \"><div class=\"tg-item-overlay\"><\/div><a class=\"tg-element-absolute\" target=\"_self\" href=\"https:\/\/www.agilit.law\/en\/donnees-caractere-personnel\/sanction-cnil-kaspr-fantomes-a-travers-les-murs-pas-mailles-du-filet-de-lautorite-de-controle\/\"><\/a><div class=\"tg-bottom-holder\"><h2 class=\"tg-item-title tg-element-1\"><a target=\"_self\" href=\"https:\/\/www.agilit.law\/en\/donnees-caractere-personnel\/sanction-cnil-kaspr-fantomes-a-travers-les-murs-pas-mailles-du-filet-de-lautorite-de-controle\/\">KASPR : quand les fant\u00f4mes passent \u00e0 travers les murs mais pas \u00e0 travers les mailles du filet de la Cnil !<\/a><\/h2><div class=\"tg-element-3\"><a target=\"_self\" href=\"https:\/\/www.agilit.law\/en\/donnees-caractere-personnel\/sanction-cnil-kaspr-fantomes-a-travers-les-murs-pas-mailles-du-filet-de-lautorite-de-controle\/\">Lire la suite<\/a><\/div><\/div><\/div><\/div><\/div><\/article><!-- The Grid item #11 --><article class=\"tg-item tg-post-14356 tg-my-skin-qomino f150 f147 f73 f133\" data-row=\"1\" data-col=\"1\"><div class=\"tg-item-inner\"><div class=\"tg-item-media-holder tg-light\"><div class=\"tg-item-media-inner\"><div class=\"tg-item-image\" style=\"background-image: url(https:\/\/www.agilit.law\/wp-content\/uploads\/2024\/10\/IA-Laure-Landes-Gronowski.jpeg)\"><\/div><\/div><div class=\"tg-item-media-content \"><div class=\"tg-item-overlay\"><\/div><a class=\"tg-element-absolute\" target=\"_self\" href=\"https:\/\/www.agilit.law\/en\/droit-technologie-et-informations-donnees-personnelles\/peut-on-empecher-derives-intelligence-artificielle-interview-de-notre-associee-laure-landes-gronowski\/\"><\/a><div class=\"tg-bottom-holder\"><h2 class=\"tg-item-title tg-element-1\"><a target=\"_self\" href=\"https:\/\/www.agilit.law\/en\/droit-technologie-et-informations-donnees-personnelles\/peut-on-empecher-derives-intelligence-artificielle-interview-de-notre-associee-laure-landes-gronowski\/\">Intelligence artificielle : peut-on emp\u00eacher les d\u00e9rives ? Interview de notre associ\u00e9e Laure Landes-Gronowski<\/a><\/h2><div class=\"tg-element-3\"><a target=\"_self\" href=\"https:\/\/www.agilit.law\/en\/droit-technologie-et-informations-donnees-personnelles\/peut-on-empecher-derives-intelligence-artificielle-interview-de-notre-associee-laure-landes-gronowski\/\">Lire la suite<\/a><\/div><\/div><\/div><\/div><\/div><\/article><!-- The Grid item #12 --><article class=\"tg-item tg-post-14267 tg-my-skin-qomino f150 f147 f73 f133\" data-row=\"1\" data-col=\"1\"><div class=\"tg-item-inner\"><div class=\"tg-item-media-holder tg-light\"><div class=\"tg-item-media-inner\"><div class=\"tg-item-image\" style=\"background-image: url(https:\/\/www.agilit.law\/wp-content\/uploads\/2024\/09\/email-3249062_1280.png)\"><\/div><\/div><div class=\"tg-item-media-content \"><div class=\"tg-item-overlay\"><\/div><a class=\"tg-element-absolute\" target=\"_self\" href=\"https:\/\/www.agilit.law\/en\/donnees-caractere-personnel\/violation-donnees-caractere-personnel-erreur-humaine-salarie-responsabilite-responsable-traitement\/\"><\/a><div class=\"tg-bottom-holder\"><h2 class=\"tg-item-title tg-element-1\"><a target=\"_self\" href=\"https:\/\/www.agilit.law\/en\/donnees-caractere-personnel\/violation-donnees-caractere-personnel-erreur-humaine-salarie-responsabilite-responsable-traitement\/\">Violation de donn\u00e9es \u00e0 caract\u00e8re personnel : l&#8217;erreur humaine d&#8217;un salari\u00e9 n&#8217;exon\u00e8re pas le responsable de traitement de sa responsabilit\u00e9 !<\/a><\/h2><div class=\"tg-element-3\"><a target=\"_self\" href=\"https:\/\/www.agilit.law\/en\/donnees-caractere-personnel\/violation-donnees-caractere-personnel-erreur-humaine-salarie-responsabilite-responsable-traitement\/\">Lire la suite<\/a><\/div><\/div><\/div><\/div><\/div><\/article><!-- The Grid item #13 --><article class=\"tg-item tg-post-14109 tg-my-skin-qomino f150 f165 f140 f147 f73 f133\" data-row=\"1\" data-col=\"1\"><div class=\"tg-item-inner\"><div class=\"tg-item-media-holder tg-light\"><div class=\"tg-item-media-inner\"><div class=\"tg-item-image\" style=\"background-image: url(https:\/\/www.agilit.law\/wp-content\/uploads\/2024\/06\/artificial-intelligence-4389372_640.jpg)\"><\/div><\/div><div class=\"tg-item-media-content \"><div class=\"tg-item-overlay\"><\/div><a class=\"tg-element-absolute\" target=\"_self\" href=\"https:\/\/www.agilit.law\/en\/droit-technologie-et-informations-donnees-personnelles\/outils-ia-generative-entreprise-risques-strategie-actions\/\"><\/a><div class=\"tg-bottom-holder\"><h2 class=\"tg-item-title tg-element-1\"><a target=\"_self\" href=\"https:\/\/www.agilit.law\/en\/droit-technologie-et-informations-donnees-personnelles\/outils-ia-generative-entreprise-risques-strategie-actions\/\">Outils d&#8217;IA g\u00e9n\u00e9rative en entreprise : risques, strat\u00e9gie et plan d&#8217;actions<\/a><\/h2><div class=\"tg-element-3\"><a target=\"_self\" href=\"https:\/\/www.agilit.law\/en\/droit-technologie-et-informations-donnees-personnelles\/outils-ia-generative-entreprise-risques-strategie-actions\/\">Lire la suite<\/a><\/div><\/div><\/div><\/div><\/div><\/article><!-- The Grid item #14 --><article class=\"tg-item tg-post-14094 tg-my-skin-qomino f150 f165 f73 f133\" data-row=\"1\" data-col=\"1\"><div class=\"tg-item-inner\"><div class=\"tg-item-media-holder tg-light\"><div class=\"tg-item-media-inner\"><div class=\"tg-item-image\" style=\"background-image: url(https:\/\/www.agilit.law\/wp-content\/uploads\/2024\/05\/Prospection-commerciale-LLG.jpg)\"><\/div><\/div><div class=\"tg-item-media-content \"><div class=\"tg-item-overlay\"><\/div><a class=\"tg-element-absolute\" target=\"_self\" href=\"https:\/\/www.agilit.law\/en\/donnees-caractere-personnel\/prospection-commerciale-cnil-sevit-interview-associee-it-data-cyber-laure-landes-gronowski\/\"><\/a><div class=\"tg-bottom-holder\"><h2 class=\"tg-item-title tg-element-1\"><a target=\"_self\" href=\"https:\/\/www.agilit.law\/en\/donnees-caractere-personnel\/prospection-commerciale-cnil-sevit-interview-associee-it-data-cyber-laure-landes-gronowski\/\">Prospection commerciale, la Cnil s\u00e9vit \u2013 Interview de notre associ\u00e9e IT, DATA &#038; CYBER, Laure Landes-Gronowski<\/a><\/h2><div class=\"tg-element-3\"><a target=\"_self\" href=\"https:\/\/www.agilit.law\/en\/donnees-caractere-personnel\/prospection-commerciale-cnil-sevit-interview-associee-it-data-cyber-laure-landes-gronowski\/\">Lire la suite<\/a><\/div><\/div><\/div><\/div><\/div><\/article><!-- The Grid item #15 --><article class=\"tg-item tg-post-14075 tg-my-skin-qomino f165 f147 f73 f133\" data-row=\"1\" data-col=\"1\"><div class=\"tg-item-inner\"><div class=\"tg-item-media-holder tg-light\"><div class=\"tg-item-media-inner\"><div class=\"tg-item-image\" style=\"background-image: url(https:\/\/www.agilit.law\/wp-content\/uploads\/2024\/05\/fake-1909821_1280.jpg)\"><\/div><\/div><div class=\"tg-item-media-content \"><div class=\"tg-item-overlay\"><\/div><a class=\"tg-element-absolute\" target=\"_self\" href=\"https:\/\/www.agilit.law\/en\/internet-plateformes-communications-digitales\/comment-intelligence-artificielle-peut-truquer-les-elections-interview-laure-landes-gronowski\/\"><\/a><div class=\"tg-bottom-holder\"><h2 class=\"tg-item-title tg-element-1\"><a target=\"_self\" href=\"https:\/\/www.agilit.law\/en\/internet-plateformes-communications-digitales\/comment-intelligence-artificielle-peut-truquer-les-elections-interview-laure-landes-gronowski\/\">L\u2019intelligence artificielle peut-elle truquer les \u00e9lections ? Interview de notre associ\u00e9e Laure Landes-Gronowski<\/a><\/h2><div class=\"tg-element-3\"><a target=\"_self\" href=\"https:\/\/www.agilit.law\/en\/internet-plateformes-communications-digitales\/comment-intelligence-artificielle-peut-truquer-les-elections-interview-laure-landes-gronowski\/\">Lire la suite<\/a><\/div><\/div><\/div><\/div><\/div><\/article><!-- The Grid item #16 --><article class=\"tg-item tg-post-14044 tg-my-skin-qomino f150 f165 f73 f133\" data-row=\"1\" data-col=\"1\"><div class=\"tg-item-inner\"><div class=\"tg-item-media-holder tg-light\"><div class=\"tg-item-media-inner\"><div class=\"tg-item-image\" style=\"background-image: url(https:\/\/www.agilit.law\/wp-content\/uploads\/2024\/05\/Laure-LAndes-Gronowski-Deepfake.jpg)\"><\/div><\/div><div class=\"tg-item-media-content \"><div class=\"tg-item-overlay\"><\/div><a class=\"tg-element-absolute\" target=\"_self\" href=\"https:\/\/www.agilit.law\/en\/internet-plateformes-communications-digitales\/deepfake-porn-interview-m6-associee-it-data-cyber-laure-landes-gronowski\/\"><\/a><div class=\"tg-bottom-holder\"><h2 class=\"tg-item-title tg-element-1\"><a target=\"_self\" href=\"https:\/\/www.agilit.law\/en\/internet-plateformes-communications-digitales\/deepfake-porn-interview-m6-associee-it-data-cyber-laure-landes-gronowski\/\">DEEPFAKE PORN \u2013 INTERVIEW POUR M6 DE NOTRE ASSOCIEE IT, DATA &#038; CYBER, LAURE LANDES-GRONOWSKI<\/a><\/h2><div class=\"tg-element-3\"><a target=\"_self\" href=\"https:\/\/www.agilit.law\/en\/internet-plateformes-communications-digitales\/deepfake-porn-interview-m6-associee-it-data-cyber-laure-landes-gronowski\/\">Lire la suite<\/a><\/div><\/div><\/div><\/div><\/div><\/article><!-- The Grid item #17 --><article class=\"tg-item tg-post-13996 tg-my-skin-qomino f150 f73 f133\" data-row=\"1\" data-col=\"1\"><div class=\"tg-item-inner\"><div class=\"tg-item-media-holder tg-light\"><div class=\"tg-item-media-inner\"><div class=\"tg-item-image\" style=\"background-image: url(https:\/\/www.agilit.law\/wp-content\/uploads\/2024\/04\/digital-marketing-4111002_1280.jpg)\"><\/div><\/div><div class=\"tg-item-media-content \"><div class=\"tg-item-overlay\"><\/div><a class=\"tg-element-absolute\" target=\"_self\" href=\"https:\/\/www.agilit.law\/en\/donnees-caractere-personnel\/prospection-commerciale-responsabilite-renforcee-reutilisateur-donnees-achetees-databroker\/\"><\/a><div class=\"tg-bottom-holder\"><h2 class=\"tg-item-title tg-element-1\"><a target=\"_self\" href=\"https:\/\/www.agilit.law\/en\/donnees-caractere-personnel\/prospection-commerciale-responsabilite-renforcee-reutilisateur-donnees-achetees-databroker\/\">Prospection commerciale : responsabilit\u00e9 renforc\u00e9e pour le r\u00e9-utilisateur des donn\u00e9es achet\u00e9es aupr\u00e8s d&#8217;un data broker!<\/a><\/h2><div class=\"tg-element-3\"><a target=\"_self\" href=\"https:\/\/www.agilit.law\/en\/donnees-caractere-personnel\/prospection-commerciale-responsabilite-renforcee-reutilisateur-donnees-achetees-databroker\/\">Lire la suite<\/a><\/div><\/div><\/div><\/div><\/div><\/article><!-- The Grid item #18 --><article class=\"tg-item tg-post-13936 tg-my-skin-qomino f150 f147 f73 f133\" data-row=\"1\" data-col=\"1\"><div class=\"tg-item-inner\"><div class=\"tg-item-media-holder tg-light\"><div class=\"tg-item-media-inner\"><div class=\"tg-item-image\" style=\"background-image: url(https:\/\/www.agilit.law\/wp-content\/uploads\/2024\/03\/Laure-Landes-Gronowski-deepfake-3-1.jpg)\"><\/div><\/div><div class=\"tg-item-media-content \"><div class=\"tg-item-overlay\"><\/div><a class=\"tg-element-absolute\" target=\"_self\" href=\"https:\/\/www.agilit.law\/en\/securite-cybercriminalite\/deepfake-porn-interview-de-laure-landes-gronowski-pour-actuelles-france-24\/\"><\/a><div class=\"tg-bottom-holder\"><h2 class=\"tg-item-title tg-element-1\"><a target=\"_self\" href=\"https:\/\/www.agilit.law\/en\/securite-cybercriminalite\/deepfake-porn-interview-de-laure-landes-gronowski-pour-actuelles-france-24\/\">Deepfake porn &#8211; Interview de Laure LANDES-GRONOWSKI pour Actuelles (France 24)<\/a><\/h2><div class=\"tg-element-3\"><a target=\"_self\" href=\"https:\/\/www.agilit.law\/en\/securite-cybercriminalite\/deepfake-porn-interview-de-laure-landes-gronowski-pour-actuelles-france-24\/\">Lire la suite<\/a><\/div><\/div><\/div><\/div><\/div><\/article><!-- The Grid item #19 --><article class=\"tg-item tg-post-13902 tg-my-skin-qomino f150 f165 f133\" data-row=\"1\" data-col=\"1\"><div class=\"tg-item-inner\"><div class=\"tg-item-media-holder tg-light\"><div class=\"tg-item-media-inner\"><div class=\"tg-item-image\" style=\"background-image: url(https:\/\/www.agilit.law\/wp-content\/uploads\/2024\/03\/business-5475661_1280.jpg)\"><\/div><\/div><div class=\"tg-item-media-content \"><div class=\"tg-item-overlay\"><\/div><a class=\"tg-element-absolute\" target=\"_self\" href=\"https:\/\/www.agilit.law\/en\/donnees-caractere-personnel\/prospection-commerciale-recours-a-des-courtiers-en-donnees\/\"><\/a><div class=\"tg-bottom-holder\"><h2 class=\"tg-item-title tg-element-1\"><a target=\"_self\" href=\"https:\/\/www.agilit.law\/en\/donnees-caractere-personnel\/prospection-commerciale-recours-a-des-courtiers-en-donnees\/\">Prospection commerciale : le recours \u00e0 des courtiers en donn\u00e9es n&#8217;exon\u00e8re pas le d\u00e9marcheur de sa responsabilit\u00e9 !<\/a><\/h2><div class=\"tg-element-3\"><a target=\"_self\" href=\"https:\/\/www.agilit.law\/en\/donnees-caractere-personnel\/prospection-commerciale-recours-a-des-courtiers-en-donnees\/\">Lire la suite<\/a><\/div><\/div><\/div><\/div><\/div><\/article><!-- The Grid item #20 --><article class=\"tg-item tg-post-13871 tg-my-skin-qomino f150 f72 f73 f133\" data-row=\"1\" data-col=\"1\"><div class=\"tg-item-inner\"><div class=\"tg-item-media-holder tg-light\"><div class=\"tg-item-media-inner\"><div class=\"tg-item-image\" style=\"background-image: url(https:\/\/www.agilit.law\/wp-content\/uploads\/2024\/02\/contact-us-2993000_1280.jpg)\"><\/div><\/div><div class=\"tg-item-media-content \"><div class=\"tg-item-overlay\"><\/div><a class=\"tg-element-absolute\" target=\"_self\" href=\"https:\/\/www.agilit.law\/en\/donnees-caractere-personnel\/teams-slack-messagerie-electronique-employeur-peut-consulter-interview-laure-landes-gronowski\/\"><\/a><div class=\"tg-bottom-holder\"><h2 class=\"tg-item-title tg-element-1\"><a target=\"_self\" href=\"https:\/\/www.agilit.law\/en\/donnees-caractere-personnel\/teams-slack-messagerie-electronique-employeur-peut-consulter-interview-laure-landes-gronowski\/\">Teams, Slack, messagerie \u00e9lectronique,\u2026 ce que l\u2019employeur peut consulter (interview de notre associ\u00e9e Laure Landes-Gronowski pour Ouest France)<\/a><\/h2><div class=\"tg-element-3\"><a target=\"_self\" href=\"https:\/\/www.agilit.law\/en\/donnees-caractere-personnel\/teams-slack-messagerie-electronique-employeur-peut-consulter-interview-laure-landes-gronowski\/\">Lire la suite<\/a><\/div><\/div><\/div><\/div><\/div><\/article><!-- The Grid item #21 --><article class=\"tg-item tg-post-13830 tg-my-skin-qomino f156 f165 f73 f133\" data-row=\"1\" data-col=\"1\"><div class=\"tg-item-inner\"><div class=\"tg-item-media-holder tg-light\"><div class=\"tg-item-media-inner\"><div class=\"tg-item-image\" style=\"background-image: url(https:\/\/www.agilit.law\/wp-content\/uploads\/2024\/02\/finger-3530353_1280.jpg)\"><\/div><\/div><div class=\"tg-item-media-content \"><div class=\"tg-item-overlay\"><\/div><a class=\"tg-element-absolute\" target=\"_self\" href=\"https:\/\/www.agilit.law\/en\/internet-plateformes-communications-digitales\/avis-en-ligne-interview-laure-landes-gronowski-le-figaro\/\"><\/a><div class=\"tg-bottom-holder\"><h2 class=\"tg-item-title tg-element-1\"><a target=\"_self\" href=\"https:\/\/www.agilit.law\/en\/internet-plateformes-communications-digitales\/avis-en-ligne-interview-laure-landes-gronowski-le-figaro\/\">Avis en ligne : avez-vous vraiment raison de leur faire confiance ? Interview de Laure Landes-Gronowski, pour Le Figaro<\/a><\/h2><div class=\"tg-element-3\"><a target=\"_self\" href=\"https:\/\/www.agilit.law\/en\/internet-plateformes-communications-digitales\/avis-en-ligne-interview-laure-landes-gronowski-le-figaro\/\">Lire la suite<\/a><\/div><\/div><\/div><\/div><\/div><\/article><!-- The Grid item #22 --><article class=\"tg-item tg-post-13735 tg-my-skin-qomino f150 f133\" data-row=\"1\" data-col=\"1\"><div class=\"tg-item-inner\"><div class=\"tg-item-media-holder tg-light\"><div class=\"tg-item-media-inner\"><div class=\"tg-item-image\" style=\"background-image: url(https:\/\/www.agilit.law\/wp-content\/uploads\/2024\/02\/Tagadamedia.jpg)\"><\/div><\/div><div class=\"tg-item-media-content \"><div class=\"tg-item-overlay\"><\/div><a class=\"tg-element-absolute\" target=\"_self\" href=\"https:\/\/www.agilit.law\/en\/donnees-caractere-personnel\/transmission-donnees-partenaires-prospection-commerciale\/\"><\/a><div class=\"tg-bottom-holder\"><h2 class=\"tg-item-title tg-element-1\"><a target=\"_self\" href=\"https:\/\/www.agilit.law\/en\/donnees-caractere-personnel\/transmission-donnees-partenaires-prospection-commerciale\/\">Prospection commerciale : la transmission de donn\u00e9es \u00e0 des partenaires est possible, mais \u00e0 certaines conditions !<\/a><\/h2><div class=\"tg-element-3\"><a target=\"_self\" href=\"https:\/\/www.agilit.law\/en\/donnees-caractere-personnel\/transmission-donnees-partenaires-prospection-commerciale\/\">Lire la suite<\/a><\/div><\/div><\/div><\/div><\/div><\/article><!-- The Grid item #23 --><article class=\"tg-item tg-post-13684 tg-my-skin-qomino f150 f147 f73 f133\" data-row=\"1\" data-col=\"1\"><div class=\"tg-item-inner\"><div class=\"tg-item-media-holder tg-light\"><div class=\"tg-item-media-inner\"><div class=\"tg-item-image\" style=\"background-image: url(https:\/\/www.agilit.law\/wp-content\/uploads\/2024\/02\/Laure-Landes-Gronowski-Lexology-Digital-Transformation-ter.jpg)\"><\/div><\/div><div class=\"tg-item-media-content \"><div class=\"tg-item-overlay\"><\/div><a class=\"tg-element-absolute\" target=\"_self\" href=\"https:\/\/www.agilit.law\/en\/donnees-caractere-personnel\/transformation-numerique-lexology\/\"><\/a><div class=\"tg-bottom-holder\"><h2 class=\"tg-item-title tg-element-1\"><a target=\"_self\" href=\"https:\/\/www.agilit.law\/en\/donnees-caractere-personnel\/transformation-numerique-lexology\/\">Transformation num\u00e9rique : interview de Laure Landes-Gronowski et Marie Miliotis pour Lexology<\/a><\/h2><div class=\"tg-element-3\"><a target=\"_self\" href=\"https:\/\/www.agilit.law\/en\/donnees-caractere-personnel\/transformation-numerique-lexology\/\">Lire la suite<\/a><\/div><\/div><\/div><\/div><\/div><\/article><!-- The Grid item #24 --><article class=\"tg-item tg-post-13280 tg-my-skin-qomino f150 f72 f73 f133\" data-row=\"1\" data-col=\"1\"><div class=\"tg-item-inner\"><div class=\"tg-item-media-holder tg-light\"><div class=\"tg-item-media-inner\"><div class=\"tg-item-image\" style=\"background-image: url(https:\/\/www.agilit.law\/wp-content\/uploads\/2023\/10\/business-3243010_1280.jpg)\"><\/div><\/div><div class=\"tg-item-media-content \"><div class=\"tg-item-overlay\"><\/div><a class=\"tg-element-absolute\" target=\"_self\" href=\"https:\/\/www.agilit.law\/en\/donnees-caractere-personnel\/droit-a-la-preuve-en-matiere-rh-un-juste-equilibre-a-trouver\/\"><\/a><div class=\"tg-bottom-holder\"><h2 class=\"tg-item-title tg-element-1\"><a target=\"_self\" href=\"https:\/\/www.agilit.law\/en\/donnees-caractere-personnel\/droit-a-la-preuve-en-matiere-rh-un-juste-equilibre-a-trouver\/\">Droit \u00e0 la preuve en mati\u00e8re \u00ab RH \u00bb : un juste \u00e9quilibre \u00e0 trouver !<\/a><\/h2><div class=\"tg-element-3\"><a target=\"_self\" href=\"https:\/\/www.agilit.law\/en\/donnees-caractere-personnel\/droit-a-la-preuve-en-matiere-rh-un-juste-equilibre-a-trouver\/\">Lire la suite<\/a><\/div><\/div><\/div><\/div><\/div><\/article><!-- The Grid item #25 --><article class=\"tg-item tg-post-12719 tg-my-skin-qomino f150 f165 f147 f73 f133\" data-row=\"1\" data-col=\"1\"><div class=\"tg-item-inner\"><div class=\"tg-item-media-holder tg-light\"><div class=\"tg-item-media-inner\"><div class=\"tg-item-image\" style=\"background-image: url(https:\/\/www.agilit.law\/wp-content\/uploads\/2023\/08\/Deepfake-3-1-e1692031554749.png)\"><\/div><\/div><div class=\"tg-item-media-content \"><div class=\"tg-item-overlay\"><\/div><a class=\"tg-element-absolute\" target=\"_self\" href=\"https:\/\/www.agilit.law\/en\/securite-cybercriminalite\/deepfake-porn-interview-video-laure-landes-gronowski-associee-it-data\/\"><\/a><div class=\"tg-bottom-holder\"><h2 class=\"tg-item-title tg-element-1\"><a target=\"_self\" href=\"https:\/\/www.agilit.law\/en\/securite-cybercriminalite\/deepfake-porn-interview-video-laure-landes-gronowski-associee-it-data\/\">Deepfake porn, que dit la loi ? Interview en vid\u00e9o de Laure Landes-Gronowski, notre associ\u00e9e IT &#038; Data<\/a><\/h2><div class=\"tg-element-3\"><a target=\"_self\" href=\"https:\/\/www.agilit.law\/en\/securite-cybercriminalite\/deepfake-porn-interview-video-laure-landes-gronowski-associee-it-data\/\">Lire la suite<\/a><\/div><\/div><\/div><\/div><\/div><\/article><!-- The Grid item #26 --><article class=\"tg-item tg-post-12635 tg-my-skin-qomino f150 f165 f147 f73 f133\" data-row=\"1\" data-col=\"1\"><div class=\"tg-item-inner\"><div class=\"tg-item-media-holder tg-light\"><div class=\"tg-item-media-inner\"><div class=\"tg-item-image\" style=\"background-image: url(https:\/\/www.agilit.law\/wp-content\/uploads\/2023\/07\/icon-set-g357ddee5a_1280.png)\"><\/div><\/div><div class=\"tg-item-media-content \"><div class=\"tg-item-overlay\"><\/div><a class=\"tg-element-absolute\" target=\"_self\" href=\"https:\/\/www.agilit.law\/en\/donnees-caractere-personnel\/threads-nos-vies-privees-chez-les-concurrents-de-twitter-interview-laure-landes-gronowski\/\"><\/a><div class=\"tg-bottom-holder\"><h2 class=\"tg-item-title tg-element-1\"><a target=\"_self\" href=\"https:\/\/www.agilit.law\/en\/donnees-caractere-personnel\/threads-nos-vies-privees-chez-les-concurrents-de-twitter-interview-laure-landes-gronowski\/\">Threads, etc. : nos vies priv\u00e9es chez les concurrents de Twitter X ? Interview de Laure Landes-Gronowski, notre associ\u00e9e IT &#038; Data<\/a><\/h2><div class=\"tg-element-3\"><a target=\"_self\" href=\"https:\/\/www.agilit.law\/en\/donnees-caractere-personnel\/threads-nos-vies-privees-chez-les-concurrents-de-twitter-interview-laure-landes-gronowski\/\">Lire la suite<\/a><\/div><\/div><\/div><\/div><\/div><\/article><!-- The Grid item #27 --><article class=\"tg-item tg-post-12630 tg-my-skin-qomino f150 f73 f133\" data-row=\"1\" data-col=\"1\"><div class=\"tg-item-inner\"><div class=\"tg-item-media-holder tg-light\"><div class=\"tg-item-media-inner\"><div class=\"tg-item-image\" style=\"background-image: url(https:\/\/www.agilit.law\/wp-content\/uploads\/2023\/07\/international-g9987d55e3_1280.jpg)\"><\/div><\/div><div class=\"tg-item-media-content \"><div class=\"tg-item-overlay\"><\/div><a class=\"tg-element-absolute\" target=\"_self\" href=\"https:\/\/www.agilit.law\/en\/donnees-caractere-personnel\/decision-adequation-flux-donnees-personnelles-usa\/\"><\/a><div class=\"tg-bottom-holder\"><h2 class=\"tg-item-title tg-element-1\"><a target=\"_self\" href=\"https:\/\/www.agilit.law\/en\/donnees-caractere-personnel\/decision-adequation-flux-donnees-personnelles-usa\/\">Adoption d&#8217;une (nouvelle) d\u00e9cision d&#8217;ad\u00e9quation permettant d&#8217;encadrer les flux vers les Etats-Unis&#8230; mais pour combien de temps ?<\/a><\/h2><div class=\"tg-element-3\"><a target=\"_self\" href=\"https:\/\/www.agilit.law\/en\/donnees-caractere-personnel\/decision-adequation-flux-donnees-personnelles-usa\/\">Lire la suite<\/a><\/div><\/div><\/div><\/div><\/div><\/article><!-- The Grid item #28 --><article class=\"tg-item tg-post-12516 tg-my-skin-qomino f150 f147 f73 f133\" data-row=\"1\" data-col=\"1\"><div class=\"tg-item-inner\"><div class=\"tg-item-media-holder tg-light\"><div class=\"tg-item-media-inner\"><div class=\"tg-item-image\" style=\"background-image: url(https:\/\/www.agilit.law\/wp-content\/uploads\/2023\/06\/Voyance-Cnil.jpg)\"><\/div><\/div><div class=\"tg-item-media-content \"><div class=\"tg-item-overlay\"><\/div><a class=\"tg-element-absolute\" target=\"_self\" href=\"https:\/\/www.agilit.law\/en\/donnees-caractere-personnel\/voyance-sanction-cnil-amende-150000-euros-societe-voyance-en-ligne-et-par-telephone\/\"><\/a><div class=\"tg-bottom-holder\"><h2 class=\"tg-item-title tg-element-1\"><a target=\"_self\" href=\"https:\/\/www.agilit.law\/en\/donnees-caractere-personnel\/voyance-sanction-cnil-amende-150000-euros-societe-voyance-en-ligne-et-par-telephone\/\">Voyance et sanction Cnil : une amende de 150\u00a0000 euros inflig\u00e9e \u00e0 une soci\u00e9t\u00e9 de voyance en ligne et par t\u00e9l\u00e9phone<\/a><\/h2><div class=\"tg-element-3\"><a target=\"_self\" href=\"https:\/\/www.agilit.law\/en\/donnees-caractere-personnel\/voyance-sanction-cnil-amende-150000-euros-societe-voyance-en-ligne-et-par-telephone\/\">Lire la suite<\/a><\/div><\/div><\/div><\/div><\/div><\/article><!-- The Grid item #29 --><article class=\"tg-item tg-post-12509 tg-my-skin-qomino f150 f147 f73 f133\" data-row=\"1\" data-col=\"1\"><div class=\"tg-item-inner\"><div class=\"tg-item-media-holder tg-light\"><div class=\"tg-item-media-inner\"><div class=\"tg-item-image\" style=\"background-image: url(https:\/\/www.agilit.law\/wp-content\/uploads\/2023\/06\/Criteo-Cnil.jpg)\"><\/div><\/div><div class=\"tg-item-media-content \"><div class=\"tg-item-overlay\"><\/div><a class=\"tg-element-absolute\" target=\"_self\" href=\"https:\/\/www.agilit.law\/en\/donnees-caractere-personnel\/criteo-cnil-sanction-amende-administrative-40-millions-euros-responsabilite-conjointe\/\"><\/a><div class=\"tg-bottom-holder\"><h2 class=\"tg-item-title tg-element-1\"><a target=\"_self\" href=\"https:\/\/www.agilit.law\/en\/donnees-caractere-personnel\/criteo-cnil-sanction-amende-administrative-40-millions-euros-responsabilite-conjointe\/\">Criteo : la Cnil inflige une amende administrative de 40 millions d\u2019euros et rappelle qu\u2019une responsabilit\u00e9 conjointe l&#8217;est r\u00e9ellement !<\/a><\/h2><div class=\"tg-element-3\"><a target=\"_self\" href=\"https:\/\/www.agilit.law\/en\/donnees-caractere-personnel\/criteo-cnil-sanction-amende-administrative-40-millions-euros-responsabilite-conjointe\/\">Lire la suite<\/a><\/div><\/div><\/div><\/div><\/div><\/article><!-- The Grid item #30 --><article class=\"tg-item tg-post-12492 tg-my-skin-qomino f150 f165 f147 f73 f133\" data-row=\"1\" data-col=\"1\"><div class=\"tg-item-inner\"><div class=\"tg-item-media-holder tg-light\"><div class=\"tg-item-media-inner\"><div class=\"tg-item-image\" style=\"background-image: url(https:\/\/www.agilit.law\/wp-content\/uploads\/2023\/06\/Laure-Landes-Gronowski-intelligence-artificielle-quinter.png)\"><\/div><\/div><div class=\"tg-item-media-content \"><div class=\"tg-item-overlay\"><\/div><a class=\"tg-element-absolute\" target=\"_self\" href=\"https:\/\/www.agilit.law\/en\/donnees-caractere-personnel\/faut-il-avoir-peur-de-lintelligence-artificielle-laure-landes-gronowski-associee-it-data-invitee-dans-la-semaine-de-leco\/\"><\/a><div class=\"tg-bottom-holder\"><h2 class=\"tg-item-title tg-element-1\"><a target=\"_self\" href=\"https:\/\/www.agilit.law\/en\/donnees-caractere-personnel\/faut-il-avoir-peur-de-lintelligence-artificielle-laure-landes-gronowski-associee-it-data-invitee-dans-la-semaine-de-leco\/\">Faut-il avoir peur de l&#8217;intelligence artificielle ? Laure Landes-Gronowski, notre associ\u00e9e IT &#038; Data, invit\u00e9e dans La Semaine de l&#8217;Eco<\/a><\/h2><div class=\"tg-element-3\"><a target=\"_self\" href=\"https:\/\/www.agilit.law\/en\/donnees-caractere-personnel\/faut-il-avoir-peur-de-lintelligence-artificielle-laure-landes-gronowski-associee-it-data-invitee-dans-la-semaine-de-leco\/\">Lire la suite<\/a><\/div><\/div><\/div><\/div><\/div><\/article><!-- The Grid item #31 --><article class=\"tg-item tg-post-12478 tg-my-skin-qomino f150 f147 f73 f133\" data-row=\"1\" data-col=\"1\"><div class=\"tg-item-inner\"><div class=\"tg-item-media-holder tg-light\"><div class=\"tg-item-media-inner\"><div class=\"tg-item-image\" style=\"background-image: url(https:\/\/www.agilit.law\/wp-content\/uploads\/2023\/06\/Laure-Landes-Gronowski-bfm-activation-telephone.png)\"><\/div><\/div><div class=\"tg-item-media-content \"><div class=\"tg-item-overlay\"><\/div><a class=\"tg-element-absolute\" target=\"_self\" href=\"https:\/\/www.agilit.law\/en\/donnees-caractere-personnel\/loi-activation-telephones-pour-espionner-interview-bfm-laure-landes-gronowski\/\"><\/a><div class=\"tg-bottom-holder\"><h2 class=\"tg-item-title tg-element-1\"><a target=\"_self\" href=\"https:\/\/www.agilit.law\/en\/donnees-caractere-personnel\/loi-activation-telephones-pour-espionner-interview-bfm-laure-landes-gronowski\/\">Une loi va-t-elle autoriser l&#8217;activation \u00e0 distance des t\u00e9l\u00e9phones pour nous espionner ? Interview pour BFM TV de notre associ\u00e9e IT &#038; Data, Laure Landes-Gronowski<\/a><\/h2><div class=\"tg-element-3\"><a target=\"_self\" href=\"https:\/\/www.agilit.law\/en\/donnees-caractere-personnel\/loi-activation-telephones-pour-espionner-interview-bfm-laure-landes-gronowski\/\">Lire la suite<\/a><\/div><\/div><\/div><\/div><\/div><\/article><!-- The Grid item #32 --><article class=\"tg-item tg-post-12381 tg-my-skin-qomino f150 f147 f73 f133\" data-row=\"1\" data-col=\"1\"><div class=\"tg-item-inner\"><div class=\"tg-item-media-holder tg-light\"><div class=\"tg-item-media-inner\"><div class=\"tg-item-image\" style=\"background-image: url(https:\/\/www.agilit.law\/wp-content\/uploads\/2023\/04\/location-gb564b6025_1920.jpg)\"><\/div><\/div><div class=\"tg-item-media-content \"><div class=\"tg-item-overlay\"><\/div><a class=\"tg-element-absolute\" target=\"_self\" href=\"https:\/\/www.agilit.law\/en\/donnees-caractere-personnel\/cityscoot-sanction-cnil-precisions-geolocalisation-contractualisation-sous-traitants-cookies\/\"><\/a><div class=\"tg-bottom-holder\"><h2 class=\"tg-item-title tg-element-1\"><a target=\"_self\" href=\"https:\/\/www.agilit.law\/en\/donnees-caractere-personnel\/cityscoot-sanction-cnil-precisions-geolocalisation-contractualisation-sous-traitants-cookies\/\">Cityscoot sanctionn\u00e9e par la Cnil : des pr\u00e9cisions utiles en mati\u00e8re de g\u00e9olocalisation, de contractualisation avec les sous-traitants et d\u2019utilisation de cookies<\/a><\/h2><div class=\"tg-element-3\"><a target=\"_self\" href=\"https:\/\/www.agilit.law\/en\/donnees-caractere-personnel\/cityscoot-sanction-cnil-precisions-geolocalisation-contractualisation-sous-traitants-cookies\/\">Lire la suite<\/a><\/div><\/div><\/div><\/div><\/div><\/article><!-- The Grid item #33 --><article class=\"tg-item tg-post-12309 tg-my-skin-qomino f150 f73 f133\" data-row=\"1\" data-col=\"1\"><div class=\"tg-item-inner\"><div class=\"tg-item-media-holder tg-light\"><div class=\"tg-item-media-inner\"><div class=\"tg-item-image\" style=\"background-image: url(https:\/\/www.agilit.law\/wp-content\/uploads\/2023\/04\/lawyer-gd84c05479_1280.png)\"><\/div><\/div><div class=\"tg-item-media-content \"><div class=\"tg-item-overlay\"><\/div><a class=\"tg-element-absolute\" target=\"_self\" href=\"https:\/\/www.agilit.law\/en\/donnees-caractere-personnel\/droit-de-la-preuve-protection-des-donnees-personnelles-vie-privee-cour-cassation\/\"><\/a><div class=\"tg-bottom-holder\"><h2 class=\"tg-item-title tg-element-1\"><a target=\"_self\" href=\"https:\/\/www.agilit.law\/en\/donnees-caractere-personnel\/droit-de-la-preuve-protection-des-donnees-personnelles-vie-privee-cour-cassation\/\">Droit de la preuve, protection des donn\u00e9es personnelles et vie priv\u00e9e : la position de la Cour de cassation<\/a><\/h2><div class=\"tg-element-3\"><a target=\"_self\" href=\"https:\/\/www.agilit.law\/en\/donnees-caractere-personnel\/droit-de-la-preuve-protection-des-donnees-personnelles-vie-privee-cour-cassation\/\">Lire la suite<\/a><\/div><\/div><\/div><\/div><\/div><\/article><!-- The Grid item #34 --><article class=\"tg-item tg-post-12238 tg-my-skin-qomino f156 f165 f73 f133\" data-row=\"1\" data-col=\"1\"><div class=\"tg-item-inner\"><div class=\"tg-item-media-holder tg-light\"><div class=\"tg-item-media-inner\"><div class=\"tg-item-image\" style=\"background-image: url(https:\/\/www.agilit.law\/wp-content\/uploads\/2023\/03\/contract-g77c5311f4_1280.png)\"><\/div><\/div><div class=\"tg-item-media-content \"><div class=\"tg-item-overlay\"><\/div><a class=\"tg-element-absolute\" target=\"_self\" href=\"https:\/\/www.agilit.law\/en\/droit-de-la-distribution-concurrence-consommation-contrats-commerciaux\/professionnels-obligation-permettre-consommateurs-resiliation-contrat-en-ligne\/\"><\/a><div class=\"tg-bottom-holder\"><h2 class=\"tg-item-title tg-element-1\"><a target=\"_self\" href=\"https:\/\/www.agilit.law\/en\/droit-de-la-distribution-concurrence-consommation-contrats-commerciaux\/professionnels-obligation-permettre-consommateurs-resiliation-contrat-en-ligne\/\">Les professionnels devront bient\u00f4t permettre aux consommateurs la r\u00e9siliation de leurs contrats via une fonctionnalit\u00e9 en ligne !<\/a><\/h2><div class=\"tg-element-3\"><a target=\"_self\" href=\"https:\/\/www.agilit.law\/en\/droit-de-la-distribution-concurrence-consommation-contrats-commerciaux\/professionnels-obligation-permettre-consommateurs-resiliation-contrat-en-ligne\/\">Lire la suite<\/a><\/div><\/div><\/div><\/div><\/div><\/article><!-- The Grid item #35 --><article class=\"tg-item tg-post-12187 tg-my-skin-qomino f150 f147 f73 f133\" data-row=\"1\" data-col=\"1\"><div class=\"tg-item-inner\"><div class=\"tg-item-media-holder tg-light\"><div class=\"tg-item-media-inner\"><div class=\"tg-item-image\" style=\"background-image: url(https:\/\/www.agilit.law\/wp-content\/uploads\/2023\/02\/concept-g94ab11fae_1280.jpg)\"><\/div><\/div><div class=\"tg-item-media-content \"><div class=\"tg-item-overlay\"><\/div><a class=\"tg-element-absolute\" target=\"_self\" href=\"https:\/\/www.agilit.law\/en\/donnees-caractere-personnel\/responsable-traitement-obligation-audits-sous-traitants-partenaires\/\"><\/a><div class=\"tg-bottom-holder\"><h2 class=\"tg-item-title tg-element-1\"><a target=\"_self\" href=\"https:\/\/www.agilit.law\/en\/donnees-caractere-personnel\/responsable-traitement-obligation-audits-sous-traitants-partenaires\/\">Vers une obligation d\u2019audits de ses sous-traitants et partenaires par le responsable de traitement\u00a0?<\/a><\/h2><div class=\"tg-element-3\"><a target=\"_self\" href=\"https:\/\/www.agilit.law\/en\/donnees-caractere-personnel\/responsable-traitement-obligation-audits-sous-traitants-partenaires\/\">Lire la suite<\/a><\/div><\/div><\/div><\/div><\/div><\/article><!-- The Grid item #36 --><article class=\"tg-item tg-post-12152 tg-my-skin-qomino f150 f156 f165 f73 f133\" data-row=\"1\" data-col=\"1\"><div class=\"tg-item-inner\"><div class=\"tg-item-media-holder tg-light\"><div class=\"tg-item-media-inner\"><div class=\"tg-item-image\" style=\"background-image: url(https:\/\/www.agilit.law\/wp-content\/uploads\/2023\/02\/monitor-g0cde13392_1280.jpg)\"><\/div><\/div><div class=\"tg-item-media-content \"><div class=\"tg-item-overlay\"><\/div><a class=\"tg-element-absolute\" target=\"_self\" href=\"https:\/\/www.agilit.law\/en\/internet-plateformes-communications-digitales\/nullite-contrat-site-internet-defaut-information-traitements-donnees-personnelles\/\"><\/a><div class=\"tg-bottom-holder\"><h2 class=\"tg-item-title tg-element-1\"><a target=\"_self\" href=\"https:\/\/www.agilit.law\/en\/internet-plateformes-communications-digitales\/nullite-contrat-site-internet-defaut-information-traitements-donnees-personnelles\/\">Nullit\u00e9 d&#8217;un contrat de site internet pour d\u00e9faut d&#8217;information du client par le prestataire sur les traitements de donn\u00e9es personnelles mis en \u0153uvre sur le site<\/a><\/h2><div class=\"tg-element-3\"><a target=\"_self\" href=\"https:\/\/www.agilit.law\/en\/internet-plateformes-communications-digitales\/nullite-contrat-site-internet-defaut-information-traitements-donnees-personnelles\/\">Lire la suite<\/a><\/div><\/div><\/div><\/div><\/div><\/article><!-- The Grid item #37 --><article class=\"tg-item tg-post-12137 tg-my-skin-qomino f150 f165 f73 f133\" data-row=\"1\" data-col=\"1\"><div class=\"tg-item-inner\"><div class=\"tg-item-media-holder tg-light\"><div class=\"tg-item-media-inner\"><div class=\"tg-item-image\" style=\"background-image: url(https:\/\/www.agilit.law\/wp-content\/uploads\/2023\/02\/digital-g5e9c70dd4_1280.jpg)\"><\/div><\/div><div class=\"tg-item-media-content \"><div class=\"tg-item-overlay\"><\/div><a class=\"tg-element-absolute\" target=\"_self\" href=\"https:\/\/www.agilit.law\/en\/donnees-caractere-personnel\/dereferencement-contenus-manifestement-inexacts-cjue\/\"><\/a><div class=\"tg-bottom-holder\"><h2 class=\"tg-item-title tg-element-1\"><a target=\"_self\" href=\"https:\/\/www.agilit.law\/en\/donnees-caractere-personnel\/dereferencement-contenus-manifestement-inexacts-cjue\/\">D\u00e9r\u00e9f\u00e9rencement de contenus manifestement inexacts : participation de la CJUE \u00e0 la lutte contre la d\u00e9sinformation<\/a><\/h2><div class=\"tg-element-3\"><a target=\"_self\" href=\"https:\/\/www.agilit.law\/en\/donnees-caractere-personnel\/dereferencement-contenus-manifestement-inexacts-cjue\/\">Lire la suite<\/a><\/div><\/div><\/div><\/div><\/div><\/article><!-- The Grid item #38 --><article class=\"tg-item tg-post-12110 tg-my-skin-qomino f150 f73 f133\" data-row=\"1\" data-col=\"1\"><div class=\"tg-item-inner\"><div class=\"tg-item-media-holder tg-light\"><div class=\"tg-item-media-inner\"><div class=\"tg-item-image\" style=\"background-image: url(https:\/\/www.agilit.law\/wp-content\/uploads\/2023\/02\/email-marketing-2362038_960_720.png)\"><\/div><\/div><div class=\"tg-item-media-content \"><div class=\"tg-item-overlay\"><\/div><a class=\"tg-element-absolute\" target=\"_self\" href=\"https:\/\/www.agilit.law\/en\/donnees-caractere-personnel\/reforme-retraites-fonctionnaires-adresse-email-personnelle-interview-laure-landes-gronowski\/\"><\/a><div class=\"tg-bottom-holder\"><h2 class=\"tg-item-title tg-element-1\"><a target=\"_self\" href=\"https:\/\/www.agilit.law\/en\/donnees-caractere-personnel\/reforme-retraites-fonctionnaires-adresse-email-personnelle-interview-laure-landes-gronowski\/\">Stanislas Gu\u00e9rini vend la r\u00e9forme des retraites aux fonctionnaires\u2026 sur leur adresse email personnelle &#8211; Interview de Laure Landes-Gronowski, notre associ\u00e9e IT &#038; Data<\/a><\/h2><div class=\"tg-element-3\"><a target=\"_self\" href=\"https:\/\/www.agilit.law\/en\/donnees-caractere-personnel\/reforme-retraites-fonctionnaires-adresse-email-personnelle-interview-laure-landes-gronowski\/\">Lire la suite<\/a><\/div><\/div><\/div><\/div><\/div><\/article><!-- The Grid item #39 --><article class=\"tg-item tg-post-12097 tg-my-skin-qomino f150 f147 f73 f133\" data-row=\"1\" data-col=\"1\"><div class=\"tg-item-inner\"><div class=\"tg-item-media-holder tg-light\"><div class=\"tg-item-media-inner\"><div class=\"tg-item-image\" style=\"background-image: url(https:\/\/www.agilit.law\/wp-content\/uploads\/2023\/01\/personal-data-g2dbae4ca5_1280.jpg)\"><\/div><\/div><div class=\"tg-item-media-content \"><div class=\"tg-item-overlay\"><\/div><a class=\"tg-element-absolute\" target=\"_self\" href=\"https:\/\/www.agilit.law\/en\/donnees-caractere-personnel\/donnees-personnelles-comment-ne-pas-se-les-faire-piller\/\"><\/a><div class=\"tg-bottom-holder\"><h2 class=\"tg-item-title tg-element-1\"><a target=\"_self\" href=\"https:\/\/www.agilit.law\/en\/donnees-caractere-personnel\/donnees-personnelles-comment-ne-pas-se-les-faire-piller\/\">Donn\u00e9es personnelles : comment ne pas se les faire piller ! Par Laure Landes-Gronowski, notre associ\u00e9e IT &#038; Data<\/a><\/h2><div class=\"tg-element-3\"><a target=\"_self\" href=\"https:\/\/www.agilit.law\/en\/donnees-caractere-personnel\/donnees-personnelles-comment-ne-pas-se-les-faire-piller\/\">Lire la suite<\/a><\/div><\/div><\/div><\/div><\/div><\/article><!-- The Grid item #40 --><article class=\"tg-item tg-post-12095 tg-my-skin-qomino f73 f133\" data-row=\"1\" data-col=\"1\"><div class=\"tg-item-inner\"><div class=\"tg-item-media-holder tg-light\"><div class=\"tg-item-media-inner\"><div class=\"tg-item-image\" style=\"background-image: url(https:\/\/www.agilit.law\/wp-content\/uploads\/2023\/01\/Signature-electronique.jpg)\"><\/div><\/div><div class=\"tg-item-media-content \"><div class=\"tg-item-overlay\"><\/div><a class=\"tg-element-absolute\" target=\"_self\" href=\"https:\/\/www.agilit.law\/en\/droit-technologie-et-informations-donnees-personnelles\/signature-electronique-qualifiee-cjue\/\"><\/a><div class=\"tg-bottom-holder\"><h2 class=\"tg-item-title tg-element-1\"><a target=\"_self\" href=\"https:\/\/www.agilit.law\/en\/droit-technologie-et-informations-donnees-personnelles\/signature-electronique-qualifiee-cjue\/\">Signature \u00e9lectronique qualifi\u00e9e : pr\u00e9cisions de la CJUE<\/a><\/h2><div class=\"tg-element-3\"><a target=\"_self\" href=\"https:\/\/www.agilit.law\/en\/droit-technologie-et-informations-donnees-personnelles\/signature-electronique-qualifiee-cjue\/\">Lire la suite<\/a><\/div><\/div><\/div><\/div><\/div><\/article><!-- The Grid item #41 --><article class=\"tg-item tg-post-12047 tg-my-skin-qomino f150 f73 f133\" data-row=\"1\" data-col=\"1\"><div class=\"tg-item-inner\"><div class=\"tg-item-media-holder tg-light\"><div class=\"tg-item-media-inner\"><div class=\"tg-item-image\" style=\"background-image: url(https:\/\/www.agilit.law\/wp-content\/uploads\/2023\/01\/steering-7673519_960_720.jpg)\"><\/div><\/div><div class=\"tg-item-media-content \"><div class=\"tg-item-overlay\"><\/div><a class=\"tg-element-absolute\" target=\"_self\" href=\"https:\/\/www.agilit.law\/en\/donnees-caractere-personnel\/cjue-personne-concernee-droit-acces-destinataires-donnees-personnelles\/\"><\/a><div class=\"tg-bottom-holder\"><h2 class=\"tg-item-title tg-element-1\"><a target=\"_self\" href=\"https:\/\/www.agilit.law\/en\/donnees-caractere-personnel\/cjue-personne-concernee-droit-acces-destinataires-donnees-personnelles\/\">CJUE : la personne concern\u00e9e a le droit de conna\u00eetre l\u2019identit\u00e9 des destinataires de ses donn\u00e9es personnelles<\/a><\/h2><div class=\"tg-element-3\"><a target=\"_self\" href=\"https:\/\/www.agilit.law\/en\/donnees-caractere-personnel\/cjue-personne-concernee-droit-acces-destinataires-donnees-personnelles\/\">Lire la suite<\/a><\/div><\/div><\/div><\/div><\/div><\/article><!-- The Grid item #42 --><article class=\"tg-item tg-post-11993 tg-my-skin-qomino f150 f165 f147 f73 f133\" data-row=\"1\" data-col=\"1\"><div class=\"tg-item-inner\"><div class=\"tg-item-media-holder tg-light\"><div class=\"tg-item-media-inner\"><div class=\"tg-item-image\" style=\"background-image: url(https:\/\/www.agilit.law\/wp-content\/uploads\/2022\/12\/Deepfake-porn.jpg)\"><\/div><\/div><div class=\"tg-item-media-content \"><div class=\"tg-item-overlay\"><\/div><a class=\"tg-element-absolute\" target=\"_self\" href=\"https:\/\/www.agilit.law\/en\/securite-cybercriminalite\/lutter-contre-deepfake-porn-interview-laure-landes-gronowski-sylvie-jonas\/\"><\/a><div class=\"tg-bottom-holder\"><h2 class=\"tg-item-title tg-element-1\"><a target=\"_self\" href=\"https:\/\/www.agilit.law\/en\/securite-cybercriminalite\/lutter-contre-deepfake-porn-interview-laure-landes-gronowski-sylvie-jonas\/\">Comment lutter contre le deepfake porn ? Interview de nos associ\u00e9es IT, Cybercriminalit\u00e9 &#038; Data, Laure Landes-Gronowski et Sylvie Jonas<\/a><\/h2><div class=\"tg-element-3\"><a target=\"_self\" href=\"https:\/\/www.agilit.law\/en\/securite-cybercriminalite\/lutter-contre-deepfake-porn-interview-laure-landes-gronowski-sylvie-jonas\/\">Lire la suite<\/a><\/div><\/div><\/div><\/div><\/div><\/article><!-- The Grid item #43 --><article class=\"tg-item tg-post-11979 tg-my-skin-qomino f150 f147 f73 f133\" data-row=\"1\" data-col=\"1\"><div class=\"tg-item-inner\"><div class=\"tg-item-media-holder tg-light\"><div class=\"tg-item-media-inner\"><div class=\"tg-item-image\" style=\"background-image: url(https:\/\/www.agilit.law\/wp-content\/uploads\/2022\/11\/email-marketing-g319917f7a_1280.jpg)\"><\/div><\/div><div class=\"tg-item-media-content \"><div class=\"tg-item-overlay\"><\/div><a class=\"tg-element-absolute\" target=\"_self\" href=\"https:\/\/www.agilit.law\/en\/donnees-caractere-personnel\/condamnation-edf-cnil-600-000-euros-prospection-droits-personnes-securite-donnees\/\"><\/a><div class=\"tg-bottom-holder\"><h2 class=\"tg-item-title tg-element-1\"><a target=\"_self\" href=\"https:\/\/www.agilit.law\/en\/donnees-caractere-personnel\/condamnation-edf-cnil-600-000-euros-prospection-droits-personnes-securite-donnees\/\">EDF condamn\u00e9 par la Cnil : 600 000 euros pour non-respect des r\u00e8gles applicables en mati\u00e8re de prospection, de droits des personnes et de s\u00e9curit\u00e9 des donn\u00e9es<\/a><\/h2><div class=\"tg-element-3\"><a target=\"_self\" href=\"https:\/\/www.agilit.law\/en\/donnees-caractere-personnel\/condamnation-edf-cnil-600-000-euros-prospection-droits-personnes-securite-donnees\/\">Lire la suite<\/a><\/div><\/div><\/div><\/div><\/div><\/article><!-- The Grid item #44 --><article class=\"tg-item tg-post-11962 tg-my-skin-qomino f150 f147 f133\" data-row=\"1\" data-col=\"1\"><div class=\"tg-item-inner\"><div class=\"tg-item-media-holder tg-light\"><div class=\"tg-item-media-inner\"><div class=\"tg-item-image\" style=\"background-image: url(https:\/\/www.agilit.law\/wp-content\/uploads\/2022\/11\/binary-g3365cc516_1920.jpg)\"><\/div><\/div><div class=\"tg-item-media-content \"><div class=\"tg-item-overlay\"><\/div><a class=\"tg-element-absolute\" target=\"_self\" href=\"https:\/\/www.agilit.law\/en\/donnees-caractere-personnel\/violation-donnees-caractere-personnel-controle-cnil\/\"><\/a><div class=\"tg-bottom-holder\"><h2 class=\"tg-item-title tg-element-1\"><a target=\"_self\" href=\"https:\/\/www.agilit.law\/en\/donnees-caractere-personnel\/violation-donnees-caractere-personnel-controle-cnil\/\">Violation de donn\u00e9es \u00e0 caract\u00e8re personnel d\u00e9couverte lors d\u2019un contr\u00f4le de la Cnil : faut-il la notifier ?<\/a><\/h2><div class=\"tg-element-3\"><a target=\"_self\" href=\"https:\/\/www.agilit.law\/en\/donnees-caractere-personnel\/violation-donnees-caractere-personnel-controle-cnil\/\">Lire la suite<\/a><\/div><\/div><\/div><\/div><\/div><\/article><!-- The Grid item #45 --><article class=\"tg-item tg-post-11941 tg-my-skin-qomino f150 f73 f133\" data-row=\"1\" data-col=\"1\"><div class=\"tg-item-inner\"><div class=\"tg-item-media-holder tg-light\"><div class=\"tg-item-media-inner\"><div class=\"tg-item-image\" style=\"background-image: url(https:\/\/www.agilit.law\/wp-content\/uploads\/2022\/11\/tiktok-chine-laure-landes-gronowski.jpg)\"><\/div><\/div><div class=\"tg-item-media-content \"><div class=\"tg-item-overlay\"><\/div><a class=\"tg-element-absolute\" target=\"_self\" href=\"https:\/\/www.agilit.law\/en\/donnees-caractere-personnel\/tiktok-donnees-personnelles-chine-laure-landes-gronowski\/\"><\/a><div class=\"tg-bottom-holder\"><h2 class=\"tg-item-title tg-element-1\"><a target=\"_self\" href=\"https:\/\/www.agilit.law\/en\/donnees-caractere-personnel\/tiktok-donnees-personnelles-chine-laure-landes-gronowski\/\">Tiktok avait-il le droit d&#8217;envoyer vos donn\u00e9es personnelles en Chine ? Interview de notre associ\u00e9e IT &#038; Data, Laure Landes-Gronowski, pour bfmtv.com<\/a><\/h2><div class=\"tg-element-3\"><a target=\"_self\" href=\"https:\/\/www.agilit.law\/en\/donnees-caractere-personnel\/tiktok-donnees-personnelles-chine-laure-landes-gronowski\/\">Lire la suite<\/a><\/div><\/div><\/div><\/div><\/div><\/article><!-- The Grid item #46 --><article class=\"tg-item tg-post-11891 tg-my-skin-qomino f150 f156 f73 f133\" data-row=\"1\" data-col=\"1\"><div class=\"tg-item-inner\"><div class=\"tg-item-media-holder tg-light\"><div class=\"tg-item-media-inner\"><div class=\"tg-item-image\" style=\"background-image: url(https:\/\/www.agilit.law\/wp-content\/uploads\/2022\/10\/call-center-gd6c6fb4a3_1280.png)\"><\/div><\/div><div class=\"tg-item-media-content \"><div class=\"tg-item-overlay\"><\/div><a class=\"tg-element-absolute\" target=\"_self\" href=\"https:\/\/www.agilit.law\/en\/donnees-caractere-personnel\/demarchage-telephonique-plus-dappels-le-weekend\/\"><\/a><div class=\"tg-bottom-holder\"><h2 class=\"tg-item-title tg-element-1\"><a target=\"_self\" href=\"https:\/\/www.agilit.law\/en\/donnees-caractere-personnel\/demarchage-telephonique-plus-dappels-le-weekend\/\">D\u00e9marchage t\u00e9l\u00e9phonique\u00a0: plus d&#8217;appels le weekend ?<\/a><\/h2><div class=\"tg-element-3\"><a target=\"_self\" href=\"https:\/\/www.agilit.law\/en\/donnees-caractere-personnel\/demarchage-telephonique-plus-dappels-le-weekend\/\">Lire la suite<\/a><\/div><\/div><\/div><\/div><\/div><\/article><!-- The Grid item #47 --><article class=\"tg-item tg-post-11855 tg-my-skin-qomino f150 f73 f133\" data-row=\"1\" data-col=\"1\"><div class=\"tg-item-inner\"><div class=\"tg-item-media-holder tg-light\"><div class=\"tg-item-media-inner\"><div class=\"tg-item-image\" style=\"background-image: url(https:\/\/www.agilit.law\/wp-content\/uploads\/2022\/10\/Avis-Google-my-business.png)\"><\/div><\/div><div class=\"tg-item-media-content \"><div class=\"tg-item-overlay\"><\/div><a class=\"tg-element-absolute\" target=\"_self\" href=\"https:\/\/www.agilit.law\/en\/donnees-caractere-personnel\/google-my-business-donnees-caractere-personnel-suppression-fiche-entreprise\/\"><\/a><div class=\"tg-bottom-holder\"><h2 class=\"tg-item-title tg-element-1\"><a target=\"_self\" href=\"https:\/\/www.agilit.law\/en\/donnees-caractere-personnel\/google-my-business-donnees-caractere-personnel-suppression-fiche-entreprise\/\">Google My Business : quand la protection des donn\u00e9es \u00e0 caract\u00e8re personnel est enfin reconnue comme un argument fort pour obtenir la suppression d\u2019une fiche entreprise !<\/a><\/h2><div class=\"tg-element-3\"><a target=\"_self\" href=\"https:\/\/www.agilit.law\/en\/donnees-caractere-personnel\/google-my-business-donnees-caractere-personnel-suppression-fiche-entreprise\/\">Lire la suite<\/a><\/div><\/div><\/div><\/div><\/div><\/article><!-- The Grid item #48 --><article class=\"tg-item tg-post-11840 tg-my-skin-qomino f150 f147 f73 f133\" data-row=\"1\" data-col=\"1\"><div class=\"tg-item-inner\"><div class=\"tg-item-media-holder tg-light\"><div class=\"tg-item-media-inner\"><div class=\"tg-item-image\" style=\"background-image: url(https:\/\/www.agilit.law\/wp-content\/uploads\/2022\/09\/hotel-accor-cnil.jpg)\"><\/div><\/div><div class=\"tg-item-media-content \"><div class=\"tg-item-overlay\"><\/div><a class=\"tg-element-absolute\" target=\"_self\" href=\"https:\/\/www.agilit.law\/en\/donnees-caractere-personnel\/accor-condamnation-cnil-amende-manquements-protection-donnees\/\"><\/a><div class=\"tg-bottom-holder\"><h2 class=\"tg-item-title tg-element-1\"><a target=\"_self\" href=\"https:\/\/www.agilit.law\/en\/donnees-caractere-personnel\/accor-condamnation-cnil-amende-manquements-protection-donnees\/\">Accor : condamnation par la Cnil \u00e0 une amende 600 000 euros pour divers manquements en mati\u00e8re de protection des donn\u00e9es<\/a><\/h2><div class=\"tg-element-3\"><a target=\"_self\" href=\"https:\/\/www.agilit.law\/en\/donnees-caractere-personnel\/accor-condamnation-cnil-amende-manquements-protection-donnees\/\">Lire la suite<\/a><\/div><\/div><\/div><\/div><\/div><\/article><!-- The Grid item #49 --><article class=\"tg-item tg-post-11753 tg-my-skin-qomino f150 f165 f147 f73 f133\" data-row=\"1\" data-col=\"1\"><div class=\"tg-item-inner\"><div class=\"tg-item-media-holder tg-light\"><div class=\"tg-item-media-inner\"><div class=\"tg-item-image\" style=\"background-image: url(https:\/\/www.agilit.law\/wp-content\/uploads\/2022\/08\/Facebook-mandat-LLG-2-1.jpg)\"><\/div><\/div><div class=\"tg-item-media-content \"><div class=\"tg-item-overlay\"><\/div><a class=\"tg-element-absolute\" target=\"_self\" href=\"https:\/\/www.agilit.law\/en\/donnees-caractere-personnel\/facebook-enqueteurs-messages-prives-laure-landes-gronowski-m6\/\"><\/a><div class=\"tg-bottom-holder\"><h2 class=\"tg-item-title tg-element-1\"><a target=\"_self\" href=\"https:\/\/www.agilit.law\/en\/donnees-caractere-personnel\/facebook-enqueteurs-messages-prives-laure-landes-gronowski-m6\/\">Facebook communique aux enqu\u00eateurs des messages priv\u00e9s entre une m\u00e8re et sa fille, soup\u00e7onn\u00e9e d&#8217;avortement illicite &#8211; Interview de notre associ\u00e9e IT &#038; Data, Laure Landes-Gronowski, par M6<\/a><\/h2><div class=\"tg-element-3\"><a target=\"_self\" href=\"https:\/\/www.agilit.law\/en\/donnees-caractere-personnel\/facebook-enqueteurs-messages-prives-laure-landes-gronowski-m6\/\">Lire la suite<\/a><\/div><\/div><\/div><\/div><\/div><\/article><!-- The Grid item #50 --><article class=\"tg-item tg-post-11738 tg-my-skin-qomino f150 f165 f147 f73 f133\" data-row=\"1\" data-col=\"1\"><div class=\"tg-item-inner\"><div class=\"tg-item-media-holder tg-light\"><div class=\"tg-item-media-inner\"><div class=\"tg-item-image\" style=\"background-image: url(https:\/\/www.agilit.law\/wp-content\/uploads\/2022\/08\/Suivi-des-regles-Period.png)\"><\/div><\/div><div class=\"tg-item-media-content \"><div class=\"tg-item-overlay\"><\/div><a class=\"tg-element-absolute\" target=\"_self\" href=\"https:\/\/www.agilit.law\/en\/donnees-caractere-personnel\/applications-mobiles-suivi-des-regles-protection-donnees-personnelles-laure-landes-gronowski\/\"><\/a><div class=\"tg-bottom-holder\"><h2 class=\"tg-item-title tg-element-1\"><a target=\"_self\" href=\"https:\/\/www.agilit.law\/en\/donnees-caractere-personnel\/applications-mobiles-suivi-des-regles-protection-donnees-personnelles-laure-landes-gronowski\/\">Applications mobiles de suivi des r\u00e8gles et protection des donn\u00e9es personnelles : interview de Laure Landes-Gronowski, notre associ\u00e9e IT &#038; Data<\/a><\/h2><div class=\"tg-element-3\"><a target=\"_self\" href=\"https:\/\/www.agilit.law\/en\/donnees-caractere-personnel\/applications-mobiles-suivi-des-regles-protection-donnees-personnelles-laure-landes-gronowski\/\">Lire la suite<\/a><\/div><\/div><\/div><\/div><\/div><\/article><!-- The Grid item #51 --><article class=\"tg-item tg-post-11661 tg-my-skin-qomino f156 f165 f73 f133\" data-row=\"1\" data-col=\"1\"><div class=\"tg-item-inner\"><div class=\"tg-item-media-holder tg-light\"><div class=\"tg-item-media-inner\"><div class=\"tg-item-image\" style=\"background-image: url(https:\/\/www.agilit.law\/wp-content\/uploads\/2022\/05\/shopping-venture-g0ad1ecd30_1920.jpg)\"><\/div><\/div><div class=\"tg-item-media-content \"><div class=\"tg-item-overlay\"><\/div><a class=\"tg-element-absolute\" target=\"_self\" href=\"https:\/\/www.agilit.law\/en\/internet-plateformes-communications-digitales\/professionnels-consommation-faites-le-point-sur-vos-pratiques-et-vos-cg-avant-la-fin-du-mois-de-mai\/\"><\/a><div class=\"tg-bottom-holder\"><h2 class=\"tg-item-title tg-element-1\"><a target=\"_self\" href=\"https:\/\/www.agilit.law\/en\/internet-plateformes-communications-digitales\/professionnels-consommation-faites-le-point-sur-vos-pratiques-et-vos-cg-avant-la-fin-du-mois-de-mai\/\">Professionnels : faites le point sur vos pratiques et vos CG avant la fin du mois de mai !<\/a><\/h2><div class=\"tg-element-3\"><a target=\"_self\" href=\"https:\/\/www.agilit.law\/en\/internet-plateformes-communications-digitales\/professionnels-consommation-faites-le-point-sur-vos-pratiques-et-vos-cg-avant-la-fin-du-mois-de-mai\/\">Lire la suite<\/a><\/div><\/div><\/div><\/div><\/div><\/article><!-- The Grid item #52 --><article class=\"tg-item tg-post-11649 tg-my-skin-qomino f150 f73 f133\" data-row=\"1\" data-col=\"1\"><div class=\"tg-item-inner\"><div class=\"tg-item-media-holder tg-light\"><div class=\"tg-item-media-inner\"><div class=\"tg-item-image\" style=\"background-image: url(https:\/\/www.agilit.law\/wp-content\/uploads\/2022\/05\/TF1-SGIN.jpg)\"><\/div><\/div><div class=\"tg-item-media-content \"><div class=\"tg-item-overlay\"><\/div><a class=\"tg-element-absolute\" target=\"_self\" href=\"https:\/\/www.agilit.law\/en\/donnees-caractere-personnel\/tf1-laure-landes-gronowski-interview-appli-sgin\/\"><\/a><div class=\"tg-bottom-holder\"><h2 class=\"tg-item-title tg-element-1\"><a target=\"_self\" href=\"https:\/\/www.agilit.law\/en\/donnees-caractere-personnel\/tf1-laure-landes-gronowski-interview-appli-sgin\/\">Laure Landes-Gronowski, notre associ\u00e9e IT&#038;Data, interview\u00e9e dans le JT de TF1 sur la nouvelle appli d&#8217;identification du gouvernement &#8220;SGIN&#8221;<\/a><\/h2><div class=\"tg-element-3\"><a target=\"_self\" href=\"https:\/\/www.agilit.law\/en\/donnees-caractere-personnel\/tf1-laure-landes-gronowski-interview-appli-sgin\/\">Lire la suite<\/a><\/div><\/div><\/div><\/div><\/div><\/article><!-- The Grid item #53 --><article class=\"tg-item tg-post-11575 tg-my-skin-qomino f156 f165 f73 f133\" data-row=\"1\" data-col=\"1\"><div class=\"tg-item-inner\"><div class=\"tg-item-media-holder tg-light\"><div class=\"tg-item-media-inner\"><div class=\"tg-item-image\" style=\"background-image: url(https:\/\/www.agilit.law\/wp-content\/uploads\/2022\/04\/ecommerce-g17b7d819c_1920.jpg)\"><\/div><\/div><div class=\"tg-item-media-content \"><div class=\"tg-item-overlay\"><\/div><a class=\"tg-element-absolute\" target=\"_self\" href=\"https:\/\/www.agilit.law\/en\/internet-plateformes-communications-digitales\/e-commerce-bouton-obligation-paiement\/\"><\/a><div class=\"tg-bottom-holder\"><h2 class=\"tg-item-title tg-element-1\"><a target=\"_self\" href=\"https:\/\/www.agilit.law\/en\/internet-plateformes-communications-digitales\/e-commerce-bouton-obligation-paiement\/\">E-commerce : quelle formulation pour le bouton de validation d\u2019une commande ?<\/a><\/h2><div class=\"tg-element-3\"><a target=\"_self\" href=\"https:\/\/www.agilit.law\/en\/internet-plateformes-communications-digitales\/e-commerce-bouton-obligation-paiement\/\">Lire la suite<\/a><\/div><\/div><\/div><\/div><\/div><\/article><!-- The Grid item #54 --><article class=\"tg-item tg-post-11554 tg-my-skin-qomino f150 f133\" data-row=\"1\" data-col=\"1\"><div class=\"tg-item-inner\"><div class=\"tg-item-media-holder tg-light\"><div class=\"tg-item-media-inner\"><div class=\"tg-item-image\" style=\"background-image: url(https:\/\/www.agilit.law\/wp-content\/uploads\/2022\/04\/sms-et-communaute-juive.jpg)\"><\/div><\/div><div class=\"tg-item-media-content \"><div class=\"tg-item-overlay\"><\/div><a class=\"tg-element-absolute\" target=\"_self\" href=\"https:\/\/www.agilit.law\/en\/donnees-caractere-personnel\/presidentielles-sms-communaute-juive-interview-laure-landes-gronowski-associee-it-data\/\"><\/a><div class=\"tg-bottom-holder\"><h2 class=\"tg-item-title tg-element-1\"><a target=\"_self\" href=\"https:\/\/www.agilit.law\/en\/donnees-caractere-personnel\/presidentielles-sms-communaute-juive-interview-laure-landes-gronowski-associee-it-data\/\">Pr\u00e9sidentielles et sms visant la communaut\u00e9 juive &#8211; Interview de Laure Landes-Gronowski (associ\u00e9e IT &#038; Data)<\/a><\/h2><div class=\"tg-element-3\"><a target=\"_self\" href=\"https:\/\/www.agilit.law\/en\/donnees-caractere-personnel\/presidentielles-sms-communaute-juive-interview-laure-landes-gronowski-associee-it-data\/\">Lire la suite<\/a><\/div><\/div><\/div><\/div><\/div><\/article><!-- The Grid item #55 --><article class=\"tg-item tg-post-11490 tg-my-skin-qomino f150 f165 f147 f73 f133\" data-row=\"1\" data-col=\"1\"><div class=\"tg-item-inner\"><div class=\"tg-item-media-holder tg-light\"><div class=\"tg-item-media-inner\"><div class=\"tg-item-image\" style=\"background-image: url(https:\/\/www.agilit.law\/wp-content\/uploads\/2022\/03\/Facebbok-Meta-Figaro.webp)\"><\/div><\/div><div class=\"tg-item-media-content \"><div class=\"tg-item-overlay\"><\/div><a class=\"tg-element-absolute\" target=\"_self\" href=\"https:\/\/www.agilit.law\/en\/donnees-caractere-personnel\/rien-signe-avec-meta-facebook-interview-laure-landes-gronowski-figaro\/\"><\/a><div class=\"tg-bottom-holder\"><h2 class=\"tg-item-title tg-element-1\"><a target=\"_self\" href=\"https:\/\/www.agilit.law\/en\/donnees-caractere-personnel\/rien-signe-avec-meta-facebook-interview-laure-landes-gronowski-figaro\/\">&#8220;Je n&#8217;ai rien sign\u00e9 avec Facebook \/ Meta !&#8221; &#8211; Interview de Laure Landes-Gronowski, notre associ\u00e9e IT &#038; Data, pour Le Figaro<\/a><\/h2><div class=\"tg-element-3\"><a target=\"_self\" href=\"https:\/\/www.agilit.law\/en\/donnees-caractere-personnel\/rien-signe-avec-meta-facebook-interview-laure-landes-gronowski-figaro\/\">Lire la suite<\/a><\/div><\/div><\/div><\/div><\/div><\/article><!-- The Grid item #56 --><article class=\"tg-item tg-post-11441 tg-my-skin-qomino f150 f147 f73 f133\" data-row=\"1\" data-col=\"1\"><div class=\"tg-item-inner\"><div class=\"tg-item-media-holder tg-light\"><div class=\"tg-item-media-inner\"><div class=\"tg-item-image\" style=\"background-image: url(https:\/\/www.agilit.law\/wp-content\/uploads\/2022\/02\/NFT-blockchain.jpg)\"><\/div><\/div><div class=\"tg-item-media-content \"><div class=\"tg-item-overlay\"><\/div><a class=\"tg-element-absolute\" target=\"_self\" href=\"https:\/\/www.agilit.law\/en\/droit-technologie-et-informations-donnees-personnelles\/nft-blockchain-interview-laure-landes-gronowski-associee-it-data-usbekrica\/\"><\/a><div class=\"tg-bottom-holder\"><h2 class=\"tg-item-title tg-element-1\"><a target=\"_self\" href=\"https:\/\/www.agilit.law\/en\/droit-technologie-et-informations-donnees-personnelles\/nft-blockchain-interview-laure-landes-gronowski-associee-it-data-usbekrica\/\">NFT et blockchain &#8211; Interview de Laure Landes-Gronowski, notre associ\u00e9e IT &#038; Data, pour Usbek&#038;Rica<\/a><\/h2><div class=\"tg-element-3\"><a target=\"_self\" href=\"https:\/\/www.agilit.law\/en\/droit-technologie-et-informations-donnees-personnelles\/nft-blockchain-interview-laure-landes-gronowski-associee-it-data-usbekrica\/\">Lire la suite<\/a><\/div><\/div><\/div><\/div><\/div><\/article><!-- The Grid item #57 --><article class=\"tg-item tg-post-11406 tg-my-skin-qomino f150 f165 f73 f133\" data-row=\"1\" data-col=\"1\"><div class=\"tg-item-inner\"><div class=\"tg-item-media-holder tg-light\"><div class=\"tg-item-media-inner\"><div class=\"tg-item-image\" style=\"background-image: url(https:\/\/www.agilit.law\/wp-content\/uploads\/2022\/01\/Proteger-donnees-personnelles-internet.jpg)\"><\/div><\/div><div class=\"tg-item-media-content \"><div class=\"tg-item-overlay\"><\/div><a class=\"tg-element-absolute\" target=\"_self\" href=\"https:\/\/www.agilit.law\/en\/donnees-caractere-personnel\/protege-donnees-personnelles-internet-laure-landes-gronowski-femme-actuelle\/\"><\/a><div class=\"tg-bottom-holder\"><h2 class=\"tg-item-title tg-element-1\"><a target=\"_self\" href=\"https:\/\/www.agilit.law\/en\/donnees-caractere-personnel\/protege-donnees-personnelles-internet-laure-landes-gronowski-femme-actuelle\/\">Je prot\u00e8ge mes donn\u00e9es personnelles sur internet ! Interview de Laure Landes-Gronowski, notre associ\u00e9e IT &#038; Data, pour Femme Actuelle<\/a><\/h2><div class=\"tg-element-3\"><a target=\"_self\" href=\"https:\/\/www.agilit.law\/en\/donnees-caractere-personnel\/protege-donnees-personnelles-internet-laure-landes-gronowski-femme-actuelle\/\">Lire la suite<\/a><\/div><\/div><\/div><\/div><\/div><\/article><!-- The Grid item #58 --><article class=\"tg-item tg-post-11379 tg-my-skin-qomino f150 f73 f133\" data-row=\"1\" data-col=\"1\"><div class=\"tg-item-inner\"><div class=\"tg-item-media-holder tg-light\"><div class=\"tg-item-media-inner\"><div class=\"tg-item-image\" style=\"background-image: url(https:\/\/www.agilit.law\/wp-content\/uploads\/2022\/01\/Capture4.jpg)\"><\/div><\/div><div class=\"tg-item-media-content \"><div class=\"tg-item-overlay\"><\/div><a class=\"tg-element-absolute\" target=\"_self\" href=\"https:\/\/www.agilit.law\/en\/donnees-caractere-personnel\/intelligence-artificielle-droits-des-salaries-bsmart-tv-laure-landes-gronowski-associee-it-data\/\"><\/a><div class=\"tg-bottom-holder\"><h2 class=\"tg-item-title tg-element-1\"><a target=\"_self\" href=\"https:\/\/www.agilit.law\/en\/donnees-caractere-personnel\/intelligence-artificielle-droits-des-salaries-bsmart-tv-laure-landes-gronowski-associee-it-data\/\">Intelligence artificielle et droits des salari\u00e9s &#8211; Table ronde BSmart TV avec Laure Landes-Gronowski, notre associ\u00e9e IT &#038; Data<\/a><\/h2><div class=\"tg-element-3\"><a target=\"_self\" href=\"https:\/\/www.agilit.law\/en\/donnees-caractere-personnel\/intelligence-artificielle-droits-des-salaries-bsmart-tv-laure-landes-gronowski-associee-it-data\/\">Lire la suite<\/a><\/div><\/div><\/div><\/div><\/div><\/article><!-- The Grid item #59 --><article class=\"tg-item tg-post-11319 tg-my-skin-qomino f150 f73 f133\" data-row=\"1\" data-col=\"1\"><div class=\"tg-item-inner\"><div class=\"tg-item-media-holder tg-light\"><div class=\"tg-item-media-inner\"><div class=\"tg-item-image\" style=\"background-image: url(https:\/\/www.agilit.law\/wp-content\/uploads\/2022\/01\/student-ge22a00472_1280.jpg)\"><\/div><\/div><div class=\"tg-item-media-content \"><div class=\"tg-item-overlay\"><\/div><a class=\"tg-element-absolute\" target=\"_self\" href=\"https:\/\/www.agilit.law\/en\/donnees-caractere-personnel\/cnil-droit-acces-salaries-donnees-personnelles-courriers-electroniques-professionnels\/\"><\/a><div class=\"tg-bottom-holder\"><h2 class=\"tg-item-title tg-element-1\"><a target=\"_self\" href=\"https:\/\/www.agilit.law\/en\/donnees-caractere-personnel\/cnil-droit-acces-salaries-donnees-personnelles-courriers-electroniques-professionnels\/\">Mode d&#8217;emploi \u00e0 l&#8217;attention des entreprises pour g\u00e9rer le droit d\u2019acc\u00e8s des salari\u00e9s \u00e0 leurs donn\u00e9es et aux courriels professionnels<\/a><\/h2><div class=\"tg-element-3\"><a target=\"_self\" href=\"https:\/\/www.agilit.law\/en\/donnees-caractere-personnel\/cnil-droit-acces-salaries-donnees-personnelles-courriers-electroniques-professionnels\/\">Lire la suite<\/a><\/div><\/div><\/div><\/div><\/div><\/article><!-- The Grid item #60 --><article class=\"tg-item tg-post-11273 tg-my-skin-qomino f150 f165 f73 f133\" data-row=\"1\" data-col=\"1\"><div class=\"tg-item-inner\"><div class=\"tg-item-media-holder tg-light\"><div class=\"tg-item-media-inner\"><div class=\"tg-item-image\" style=\"background-image: url(https:\/\/www.agilit.law\/wp-content\/uploads\/2019\/10\/shutterstock_246869491.jpg)\"><\/div><\/div><div class=\"tg-item-media-content \"><div class=\"tg-item-overlay\"><\/div><a class=\"tg-element-absolute\" target=\"_self\" href=\"https:\/\/www.agilit.law\/en\/donnees-caractere-personnel\/pourquoi-supprimer-ses-traces-sur-internet-interview-laure-landes-gronowski-ouest-france\/\"><\/a><div class=\"tg-bottom-holder\"><h2 class=\"tg-item-title tg-element-1\"><a target=\"_self\" href=\"https:\/\/www.agilit.law\/en\/donnees-caractere-personnel\/pourquoi-supprimer-ses-traces-sur-internet-interview-laure-landes-gronowski-ouest-france\/\">Pourquoi supprimer ses traces sur internet &#8211; Interview de Laure Landes-Gronowski, notre associ\u00e9e IT &#038; Data, pour Ouest France<\/a><\/h2><div class=\"tg-element-3\"><a target=\"_self\" href=\"https:\/\/www.agilit.law\/en\/donnees-caractere-personnel\/pourquoi-supprimer-ses-traces-sur-internet-interview-laure-landes-gronowski-ouest-france\/\">Lire la suite<\/a><\/div><\/div><\/div><\/div><\/div><\/article><!-- The Grid item #61 --><article class=\"tg-item tg-post-11013 tg-my-skin-qomino f150 f73 f133\" data-row=\"1\" data-col=\"1\"><div class=\"tg-item-inner\"><div class=\"tg-item-media-holder tg-light\"><div class=\"tg-item-media-inner\"><div class=\"tg-item-image\" style=\"background-image: url(https:\/\/www.agilit.law\/wp-content\/uploads\/2019\/04\/Photo-3-P\u00f4le-Droit-social-1.jpg)\"><\/div><\/div><div class=\"tg-item-media-content \"><div class=\"tg-item-overlay\"><\/div><a class=\"tg-element-absolute\" target=\"_self\" href=\"https:\/\/www.agilit.law\/en\/donnees-caractere-personnel\/laure-landes-gronowski-interview-numerama-rgpd-emailing-prospection-politique\/\"><\/a><div class=\"tg-bottom-holder\"><h2 class=\"tg-item-title tg-element-1\"><a target=\"_self\" href=\"https:\/\/www.agilit.law\/en\/donnees-caractere-personnel\/laure-landes-gronowski-interview-numerama-rgpd-emailing-prospection-politique\/\">Laure Landes-Gronowski, notre associ\u00e9e IT &#038; Data, interview\u00e9e par Numerama sur la lic\u00e9it\u00e9 des pratique d&#8217;emailing aux fins de prospection politique<\/a><\/h2><div class=\"tg-element-3\"><a target=\"_self\" href=\"https:\/\/www.agilit.law\/en\/donnees-caractere-personnel\/laure-landes-gronowski-interview-numerama-rgpd-emailing-prospection-politique\/\">Lire la suite<\/a><\/div><\/div><\/div><\/div><\/div><\/article><!-- The Grid item #62 --><article class=\"tg-item tg-post-10829 tg-my-skin-qomino f147 f73 f133\" data-row=\"1\" data-col=\"1\"><div class=\"tg-item-inner\"><div class=\"tg-item-media-holder tg-light\"><div class=\"tg-item-media-inner\"><div class=\"tg-item-image\" style=\"background-image: url(https:\/\/www.agilit.law\/wp-content\/uploads\/2021\/10\/Capture-1-scaled.jpg)\"><\/div><\/div><div class=\"tg-item-media-content \"><div class=\"tg-item-overlay\"><\/div><a class=\"tg-element-absolute\" target=\"_self\" href=\"https:\/\/www.agilit.law\/en\/droit-technologie-et-informations-donnees-personnelles\/cryptomonnaies-jusquou-les-encadrer-retrouver-le-podcast-de-linterview-de-laure-landes-gronowski-notre-associee-it-data-pour-radio-television-suisse\/\"><\/a><div class=\"tg-bottom-holder\"><h2 class=\"tg-item-title tg-element-1\"><a target=\"_self\" href=\"https:\/\/www.agilit.law\/en\/droit-technologie-et-informations-donnees-personnelles\/cryptomonnaies-jusquou-les-encadrer-retrouver-le-podcast-de-linterview-de-laure-landes-gronowski-notre-associee-it-data-pour-radio-television-suisse\/\">Cryptomonnaies : jusqu&#8217;o\u00f9 les encadrer ? Retrouvez le podcast de l&#8217;interview de Laure Landes-Gronowski, notre associ\u00e9e IT &#038; Data, pour Radio T\u00e9l\u00e9vision Suisse<\/a><\/h2><div class=\"tg-element-3\"><a target=\"_self\" href=\"https:\/\/www.agilit.law\/en\/droit-technologie-et-informations-donnees-personnelles\/cryptomonnaies-jusquou-les-encadrer-retrouver-le-podcast-de-linterview-de-laure-landes-gronowski-notre-associee-it-data-pour-radio-television-suisse\/\">Lire la suite<\/a><\/div><\/div><\/div><\/div><\/div><\/article><!-- The Grid item #63 --><article class=\"tg-item tg-post-10769 tg-my-skin-qomino f1 f133\" data-row=\"1\" data-col=\"1\"><div class=\"tg-item-inner\"><div class=\"tg-item-media-holder tg-light\"><div class=\"tg-item-media-inner\"><div class=\"tg-item-image\" style=\"background-image: url(https:\/\/www.agilit.law\/wp-content\/uploads\/2019\/12\/shutterstock_359090318-Copie-scaled.jpg)\"><\/div><\/div><div class=\"tg-item-media-content \"><div class=\"tg-item-overlay\"><\/div><a class=\"tg-element-absolute\" target=\"_self\" href=\"https:\/\/www.agilit.law\/en\/non-classifiee\/planet-techcare-a-deja-un-an-la-team-agilit-est-fiere-de-faire-partie-de-ce-beau-projet\/\"><\/a><div class=\"tg-bottom-holder\"><h2 class=\"tg-item-title tg-element-1\"><a target=\"_self\" href=\"https:\/\/www.agilit.law\/en\/non-classifiee\/planet-techcare-a-deja-un-an-la-team-agilit-est-fiere-de-faire-partie-de-ce-beau-projet\/\">Planet Tech&#8217;Care a d\u00e9j\u00e0 un an ! La team Agil&#8217;IT est fi\u00e8re de faire partie de ce beau projet !<\/a><\/h2><div class=\"tg-element-3\"><a target=\"_self\" href=\"https:\/\/www.agilit.law\/en\/non-classifiee\/planet-techcare-a-deja-un-an-la-team-agilit-est-fiere-de-faire-partie-de-ce-beau-projet\/\">Lire la suite<\/a><\/div><\/div><\/div><\/div><\/div><\/article><!-- The Grid item #64 --><article class=\"tg-item tg-post-10655 tg-my-skin-qomino f150 f72 f73 f133\" data-row=\"1\" data-col=\"1\"><div class=\"tg-item-inner\"><div class=\"tg-item-media-holder tg-light\"><div class=\"tg-item-media-inner\"><div class=\"tg-item-image\" style=\"background-image: url(https:\/\/www.agilit.law\/wp-content\/uploads\/2021\/10\/people-4009327_1280.png)\"><\/div><\/div><div class=\"tg-item-media-content \"><div class=\"tg-item-overlay\"><\/div><a class=\"tg-element-absolute\" target=\"_self\" href=\"https:\/\/www.agilit.law\/en\/donnees-caractere-personnel\/recrutement-donnees-caractere-personnel-cnil-projet-guide\/\"><\/a><div class=\"tg-bottom-holder\"><h2 class=\"tg-item-title tg-element-1\"><a target=\"_self\" href=\"https:\/\/www.agilit.law\/en\/donnees-caractere-personnel\/recrutement-donnees-caractere-personnel-cnil-projet-guide\/\">Recrutement et donn\u00e9es \u00e0 caract\u00e8re personnel : la Cnil publie un projet de guide<\/a><\/h2><div class=\"tg-element-3\"><a target=\"_self\" href=\"https:\/\/www.agilit.law\/en\/donnees-caractere-personnel\/recrutement-donnees-caractere-personnel-cnil-projet-guide\/\">Lire la suite<\/a><\/div><\/div><\/div><\/div><\/div><\/article><!-- The Grid item #65 --><article class=\"tg-item tg-post-10641 tg-my-skin-qomino f150 f147 f73 f133\" data-row=\"1\" data-col=\"1\"><div class=\"tg-item-inner\"><div class=\"tg-item-media-holder tg-light\"><div class=\"tg-item-media-inner\"><div class=\"tg-item-image\" style=\"background-image: url(https:\/\/www.agilit.law\/wp-content\/uploads\/2021\/02\/shutterstock_664817506.jpg)\"><\/div><\/div><div class=\"tg-item-media-content \"><div class=\"tg-item-overlay\"><\/div><a class=\"tg-element-absolute\" target=\"_self\" href=\"https:\/\/www.agilit.law\/en\/droit-technologie-et-informations-donnees-personnelles\/laure-landes-gronowski-notre-associee-it-data-renouvelee-au-conseil-dadministration-de-cyberlex\/\"><\/a><div class=\"tg-bottom-holder\"><h2 class=\"tg-item-title tg-element-1\"><a target=\"_self\" href=\"https:\/\/www.agilit.law\/en\/droit-technologie-et-informations-donnees-personnelles\/laure-landes-gronowski-notre-associee-it-data-renouvelee-au-conseil-dadministration-de-cyberlex\/\">LAURE LANDES-GRONOWSKI, NOTRE ASSOCIEE IT &#038; DATA, RENOUVEL\u00c9E AU CONSEIL D\u2019ADMINISTRATION DE CYBERLEX !<\/a><\/h2><div class=\"tg-element-3\"><a target=\"_self\" href=\"https:\/\/www.agilit.law\/en\/droit-technologie-et-informations-donnees-personnelles\/laure-landes-gronowski-notre-associee-it-data-renouvelee-au-conseil-dadministration-de-cyberlex\/\">Lire la suite<\/a><\/div><\/div><\/div><\/div><\/div><\/article><!-- The Grid item #66 --><article class=\"tg-item tg-post-10630 tg-my-skin-qomino f150 f73 f133\" data-row=\"1\" data-col=\"1\"><div class=\"tg-item-inner\"><div class=\"tg-item-media-holder tg-light\"><div class=\"tg-item-media-inner\"><div class=\"tg-item-image\" style=\"background-image: url(https:\/\/www.agilit.law\/wp-content\/uploads\/2021\/02\/ecommerce-2140603_1920.jpg)\"><\/div><\/div><div class=\"tg-item-media-content \"><div class=\"tg-item-overlay\"><\/div><a class=\"tg-element-absolute\" target=\"_self\" href=\"https:\/\/www.agilit.law\/en\/donnees-caractere-personnel\/conservation-donnees-carte-de-paiement-ecommercants\/\"><\/a><div class=\"tg-bottom-holder\"><h2 class=\"tg-item-title tg-element-1\"><a target=\"_self\" href=\"https:\/\/www.agilit.law\/en\/donnees-caractere-personnel\/conservation-donnees-carte-de-paiement-ecommercants\/\">Conservation des donn\u00e9es de carte de paiement par les e-commer\u00e7ants : oui mais sous quelles conditions ?<\/a><\/h2><div class=\"tg-element-3\"><a target=\"_self\" href=\"https:\/\/www.agilit.law\/en\/donnees-caractere-personnel\/conservation-donnees-carte-de-paiement-ecommercants\/\">Lire la suite<\/a><\/div><\/div><\/div><\/div><\/div><\/article><!-- The Grid item #67 --><article class=\"tg-item tg-post-10522 tg-my-skin-qomino f150 f73 f133\" data-row=\"1\" data-col=\"1\"><div class=\"tg-item-inner\"><div class=\"tg-item-media-holder tg-light\"><div class=\"tg-item-media-inner\"><div class=\"tg-item-image\" style=\"background-image: url(https:\/\/www.agilit.law\/wp-content\/uploads\/2021\/07\/brexit-flux-donnees-personnelles.jpg)\"><\/div><\/div><div class=\"tg-item-media-content \"><div class=\"tg-item-overlay\"><\/div><a class=\"tg-element-absolute\" target=\"_self\" href=\"https:\/\/www.agilit.law\/en\/donnees-caractere-personnel\/encadrement-flux-donnees-royaume-uni-decision-adequation\/\"><\/a><div class=\"tg-bottom-holder\"><h2 class=\"tg-item-title tg-element-1\"><a target=\"_self\" href=\"https:\/\/www.agilit.law\/en\/donnees-caractere-personnel\/encadrement-flux-donnees-royaume-uni-decision-adequation\/\">Flux de donn\u00e9es vers le Royaume-Uni : adoption d&#8217;une d\u00e9cision d\u2019ad\u00e9quation !<\/a><\/h2><div class=\"tg-element-3\"><a target=\"_self\" href=\"https:\/\/www.agilit.law\/en\/donnees-caractere-personnel\/encadrement-flux-donnees-royaume-uni-decision-adequation\/\">Lire la suite<\/a><\/div><\/div><\/div><\/div><\/div><\/article><!-- The Grid item #68 --><article class=\"tg-item tg-post-10438 tg-my-skin-qomino f150 f73 f133\" data-row=\"1\" data-col=\"1\"><div class=\"tg-item-inner\"><div class=\"tg-item-media-holder tg-light\"><div class=\"tg-item-media-inner\"><div class=\"tg-item-image\" style=\"background-image: url(https:\/\/www.agilit.law\/wp-content\/uploads\/2019\/10\/shutterstock_246869491.jpg)\"><\/div><\/div><div class=\"tg-item-media-content \"><div class=\"tg-item-overlay\"><\/div><a class=\"tg-element-absolute\" target=\"_self\" href=\"https:\/\/www.agilit.law\/en\/donnees-caractere-personnel\/laure-landes-gronowski-interview-marianne-doctolib-facebook\/\"><\/a><div class=\"tg-bottom-holder\"><h2 class=\"tg-item-title tg-element-1\"><a target=\"_self\" href=\"https:\/\/www.agilit.law\/en\/donnees-caractere-personnel\/laure-landes-gronowski-interview-marianne-doctolib-facebook\/\">Laure Landes-Gronowski, notre associ\u00e9e IT &#038; Data, interview\u00e9e par Marianne sur l&#8217;affaire &#8220;Doctolib&#8221;, accus\u00e9 de partager des donn\u00e9es avec Facebook<\/a><\/h2><div class=\"tg-element-3\"><a target=\"_self\" href=\"https:\/\/www.agilit.law\/en\/donnees-caractere-personnel\/laure-landes-gronowski-interview-marianne-doctolib-facebook\/\">Lire la suite<\/a><\/div><\/div><\/div><\/div><\/div><\/article><!-- The Grid item #69 --><article class=\"tg-item tg-post-10432 tg-my-skin-qomino f150 f73 f133\" data-row=\"1\" data-col=\"1\"><div class=\"tg-item-inner\"><div class=\"tg-item-media-holder tg-light\"><div class=\"tg-item-media-inner\"><div class=\"tg-item-image\" style=\"background-image: url(https:\/\/www.agilit.law\/wp-content\/uploads\/2021\/03\/shutterstock_564441181.jpg)\"><\/div><\/div><div class=\"tg-item-media-content \"><div class=\"tg-item-overlay\"><\/div><a class=\"tg-element-absolute\" target=\"_self\" href=\"https:\/\/www.agilit.law\/en\/donnees-caractere-personnel\/condamnation-de-brico-prive-par-la-cnil-a-une-amende-de-500-000-euros-pour-divers-manquements-a-la-reglementation-donnees-a-caractere-personnel\/\"><\/a><div class=\"tg-bottom-holder\"><h2 class=\"tg-item-title tg-element-1\"><a target=\"_self\" href=\"https:\/\/www.agilit.law\/en\/donnees-caractere-personnel\/condamnation-de-brico-prive-par-la-cnil-a-une-amende-de-500-000-euros-pour-divers-manquements-a-la-reglementation-donnees-a-caractere-personnel\/\">Condamnation de Brico Priv\u00e9 par la Cnil \u00e0 une amende de 500\u00a0000 euros pour divers manquements \u00e0 la r\u00e8glementation \u00ab\u00a0donn\u00e9es \u00e0 caract\u00e8re personnel\u00a0\u00bb<\/a><\/h2><div class=\"tg-element-3\"><a target=\"_self\" href=\"https:\/\/www.agilit.law\/en\/donnees-caractere-personnel\/condamnation-de-brico-prive-par-la-cnil-a-une-amende-de-500-000-euros-pour-divers-manquements-a-la-reglementation-donnees-a-caractere-personnel\/\">Lire la suite<\/a><\/div><\/div><\/div><\/div><\/div><\/article><!-- The Grid item #70 --><article class=\"tg-item tg-post-10420 tg-my-skin-qomino f150 f73 f133\" data-row=\"1\" data-col=\"1\"><div class=\"tg-item-inner\"><div class=\"tg-item-media-holder tg-light\"><div class=\"tg-item-media-inner\"><div class=\"tg-item-image\" style=\"background-image: url(https:\/\/www.agilit.law\/wp-content\/uploads\/2021\/06\/network-cables-494645_1280.jpg)\"><\/div><\/div><div class=\"tg-item-media-content \"><div class=\"tg-item-overlay\"><\/div><a class=\"tg-element-absolute\" target=\"_self\" href=\"https:\/\/www.agilit.law\/en\/donnees-caractere-personnel\/conservation-donnees-trafic-connexion-securite-vie-privee\/\"><\/a><div class=\"tg-bottom-holder\"><h2 class=\"tg-item-title tg-element-1\"><a target=\"_self\" href=\"https:\/\/www.agilit.law\/en\/donnees-caractere-personnel\/conservation-donnees-trafic-connexion-securite-vie-privee\/\">La conservation des donn\u00e9es de trafic et des donn\u00e9es de connexion : un \u00e9quilibre entre s\u00e9curit\u00e9 et vie priv\u00e9e d\u00e9licat \u00e0 trouver !<\/a><\/h2><div class=\"tg-element-3\"><a target=\"_self\" href=\"https:\/\/www.agilit.law\/en\/donnees-caractere-personnel\/conservation-donnees-trafic-connexion-securite-vie-privee\/\">Lire la suite<\/a><\/div><\/div><\/div><\/div><\/div><\/article><!-- The Grid item #71 --><article class=\"tg-item tg-post-10247 tg-my-skin-qomino f150 f147 f73 f133\" data-row=\"1\" data-col=\"1\"><div class=\"tg-item-inner\"><div class=\"tg-item-media-holder tg-light\"><div class=\"tg-item-media-inner\"><div class=\"tg-item-image\" style=\"background-image: url(https:\/\/www.agilit.law\/wp-content\/uploads\/2021\/05\/Laure-Landes-Gronowski-Privsec.jpg)\"><\/div><\/div><div class=\"tg-item-media-content \"><div class=\"tg-item-overlay\"><\/div><a class=\"tg-element-absolute\" target=\"_self\" href=\"https:\/\/www.agilit.law\/en\/droit-technologie-et-informations-donnees-personnelles\/laure-landes-gronowski-privsec-global-credential-stuffing\/\"><\/a><div class=\"tg-bottom-holder\"><h2 class=\"tg-item-title tg-element-1\"><a target=\"_self\" href=\"https:\/\/www.agilit.law\/en\/droit-technologie-et-informations-donnees-personnelles\/laure-landes-gronowski-privsec-global-credential-stuffing\/\">PrivSec Global &#8211; invitation de notre associ\u00e9e Laure Landes-Gronowski pour intervenir sur le th\u00e8me &#8220;How to Prevent Credential Stuffing Attacks&#8221;<\/a><\/h2><div class=\"tg-element-3\"><a target=\"_self\" href=\"https:\/\/www.agilit.law\/en\/droit-technologie-et-informations-donnees-personnelles\/laure-landes-gronowski-privsec-global-credential-stuffing\/\">Lire la suite<\/a><\/div><\/div><\/div><\/div><\/div><\/article><!-- The Grid item #72 --><article class=\"tg-item tg-post-10284 tg-my-skin-qomino f150 f147 f73 f133\" data-row=\"1\" data-col=\"1\"><div class=\"tg-item-inner\"><div class=\"tg-item-media-holder tg-light\"><div class=\"tg-item-media-inner\"><div class=\"tg-item-image\" style=\"background-image: url(https:\/\/www.agilit.law\/wp-content\/uploads\/2019\/04\/shutterstock_494120821.jpg)\"><\/div><\/div><div class=\"tg-item-media-content \"><div class=\"tg-item-overlay\"><\/div><a class=\"tg-element-absolute\" target=\"_self\" href=\"https:\/\/www.agilit.law\/en\/droit-technologie-et-informations-donnees-personnelles\/invitation-agilit-x-cyberlex-rencontres-annuelles-cyberlex-lundi-7-juin-2021\/\"><\/a><div class=\"tg-bottom-holder\"><h2 class=\"tg-item-title tg-element-1\"><a target=\"_self\" href=\"https:\/\/www.agilit.law\/en\/droit-technologie-et-informations-donnees-personnelles\/invitation-agilit-x-cyberlex-rencontres-annuelles-cyberlex-lundi-7-juin-2021\/\">Invitation Agil&#8217;IT x Cyberlex | Rencontres\u00a0annuelles Cyberlex | Lundi 7 juin 2021<\/a><\/h2><div class=\"tg-element-3\"><a target=\"_self\" href=\"https:\/\/www.agilit.law\/en\/droit-technologie-et-informations-donnees-personnelles\/invitation-agilit-x-cyberlex-rencontres-annuelles-cyberlex-lundi-7-juin-2021\/\">Lire la suite<\/a><\/div><\/div><\/div><\/div><\/div><\/article><!-- The Grid item #73 --><article class=\"tg-item tg-post-10237 tg-my-skin-qomino f150 f73 f133\" data-row=\"1\" data-col=\"1\"><div class=\"tg-item-inner\"><div class=\"tg-item-media-holder tg-light\"><div class=\"tg-item-media-inner\"><div class=\"tg-item-image\" style=\"background-image: url(https:\/\/www.agilit.law\/wp-content\/uploads\/2021\/05\/video-conference-5167472_1280.jpg)\"><\/div><\/div><div class=\"tg-item-media-content \"><div class=\"tg-item-overlay\"><\/div><a class=\"tg-element-absolute\" target=\"_self\" href=\"https:\/\/www.agilit.law\/en\/donnees-caractere-personnel\/intervention-dagilit-au-sein-du-cycle-donnees-personnelles-organise-par-lefb-et-le-cerle-de-montesquieu-2\/\"><\/a><div class=\"tg-bottom-holder\"><h2 class=\"tg-item-title tg-element-1\"><a target=\"_self\" href=\"https:\/\/www.agilit.law\/en\/donnees-caractere-personnel\/intervention-dagilit-au-sein-du-cycle-donnees-personnelles-organise-par-lefb-et-le-cerle-de-montesquieu-2\/\">Intervention de notre associ\u00e9e Laure Landes-Gronowski au sein du cycle &#8220;Donn\u00e9es personnelles&#8221; organis\u00e9 par l&#8217;EFB et le CERLE DE MONTESQUIEU<\/a><\/h2><div class=\"tg-element-3\"><a target=\"_self\" href=\"https:\/\/www.agilit.law\/en\/donnees-caractere-personnel\/intervention-dagilit-au-sein-du-cycle-donnees-personnelles-organise-par-lefb-et-le-cerle-de-montesquieu-2\/\">Lire la suite<\/a><\/div><\/div><\/div><\/div><\/div><\/article><!-- The Grid item #74 --><article class=\"tg-item tg-post-10231 tg-my-skin-qomino f150 f147 f73 f133\" data-row=\"1\" data-col=\"1\"><div class=\"tg-item-inner\"><div class=\"tg-item-media-holder tg-light\"><div class=\"tg-item-media-inner\"><div class=\"tg-item-image\" style=\"background-image: url(https:\/\/www.agilit.law\/wp-content\/uploads\/2021\/03\/shutterstock_1041718081.jpg)\"><\/div><\/div><div class=\"tg-item-media-content \"><div class=\"tg-item-overlay\"><\/div><a class=\"tg-element-absolute\" target=\"_self\" href=\"https:\/\/www.agilit.law\/en\/donnees-caractere-personnel\/laure-landes-gronowski-interview-marianne-liste-email-donnees-personnelles\/\"><\/a><div class=\"tg-bottom-holder\"><h2 class=\"tg-item-title tg-element-1\"><a target=\"_self\" href=\"https:\/\/www.agilit.law\/en\/donnees-caractere-personnel\/laure-landes-gronowski-interview-marianne-liste-email-donnees-personnelles\/\">Laure Landes-Gronowski, notre associ\u00e9e IT &#038; Data protection, interview\u00e9e par Marianne : diffuser par email sans autorisation une liste de coordonn\u00e9es de diverses personnalit\u00e9s constitue une violation de la r\u00e8glementation &#8220;donn\u00e9es personnelles&#8221;<\/a><\/h2><div class=\"tg-element-3\"><a target=\"_self\" href=\"https:\/\/www.agilit.law\/en\/donnees-caractere-personnel\/laure-landes-gronowski-interview-marianne-liste-email-donnees-personnelles\/\">Lire la suite<\/a><\/div><\/div><\/div><\/div><\/div><\/article><!-- The Grid item #75 --><article class=\"tg-item tg-post-9423 tg-my-skin-qomino f150 f147 f73 f133\" data-row=\"1\" data-col=\"1\"><div class=\"tg-item-inner\"><div class=\"tg-item-media-holder tg-light\"><div class=\"tg-item-media-inner\"><div class=\"tg-item-image\" style=\"background-image: url(https:\/\/www.agilit.law\/wp-content\/uploads\/2021\/04\/server-90389_1920.jpg)\"><\/div><\/div><div class=\"tg-item-media-content \"><div class=\"tg-item-overlay\"><\/div><a class=\"tg-element-absolute\" target=\"_self\" href=\"https:\/\/www.agilit.law\/en\/donnees-caractere-personnel\/perte-destruction-donnees-violation-notification-cnil\/\"><\/a><div class=\"tg-bottom-holder\"><h2 class=\"tg-item-title tg-element-1\"><a target=\"_self\" href=\"https:\/\/www.agilit.law\/en\/donnees-caractere-personnel\/perte-destruction-donnees-violation-notification-cnil\/\">Dans quels cas la perte ou la destruction de donn\u00e9es \u00e0 caract\u00e8re personnel doit-elle faire l\u2019objet d\u2019une notification Cnil et\/ou d\u2019une information des personnes concern\u00e9es ?<\/a><\/h2><div class=\"tg-element-3\"><a target=\"_self\" href=\"https:\/\/www.agilit.law\/en\/donnees-caractere-personnel\/perte-destruction-donnees-violation-notification-cnil\/\">Lire la suite<\/a><\/div><\/div><\/div><\/div><\/div><\/article><!-- The Grid item #76 --><article class=\"tg-item tg-post-9412 tg-my-skin-qomino f150 f73 f133\" data-row=\"1\" data-col=\"1\"><div class=\"tg-item-inner\"><div class=\"tg-item-media-holder tg-light\"><div class=\"tg-item-media-inner\"><div class=\"tg-item-image\" style=\"background-image: url(https:\/\/www.agilit.law\/wp-content\/uploads\/2021\/03\/shutterstock_1041718081.jpg)\"><\/div><\/div><div class=\"tg-item-media-content \"><div class=\"tg-item-overlay\"><\/div><a class=\"tg-element-absolute\" target=\"_self\" href=\"https:\/\/www.agilit.law\/en\/donnees-caractere-personnel\/laure-landes-gronowski-interview-figaro-etudiants-vente-donnees-personnelles\/\"><\/a><div class=\"tg-bottom-holder\"><h2 class=\"tg-item-title tg-element-1\"><a target=\"_self\" href=\"https:\/\/www.agilit.law\/en\/donnees-caractere-personnel\/laure-landes-gronowski-interview-figaro-etudiants-vente-donnees-personnelles\/\">Laure Landes-Gronowski, notre associ\u00e9e IT &#038; Data protection, interview\u00e9e par le Figaro sur le th\u00e8me &#8220;Ces \u00e9tudiants qui acceptent de vendre leurs donn\u00e9es personnelles pour quelques euros&#8221;<\/a><\/h2><div class=\"tg-element-3\"><a target=\"_self\" href=\"https:\/\/www.agilit.law\/en\/donnees-caractere-personnel\/laure-landes-gronowski-interview-figaro-etudiants-vente-donnees-personnelles\/\">Lire la suite<\/a><\/div><\/div><\/div><\/div><\/div><\/article><!-- The Grid item #77 --><article class=\"tg-item tg-post-9366 tg-my-skin-qomino f150 f73 f133\" data-row=\"1\" data-col=\"1\"><div class=\"tg-item-inner\"><div class=\"tg-item-media-holder tg-light\"><div class=\"tg-item-media-inner\"><div class=\"tg-item-image\" style=\"background-image: url(https:\/\/www.agilit.law\/wp-content\/uploads\/2021\/03\/background-check-1054067_1280.jpg)\"><\/div><\/div><div class=\"tg-item-media-content \"><div class=\"tg-item-overlay\"><\/div><a class=\"tg-element-absolute\" target=\"_self\" href=\"https:\/\/www.agilit.law\/en\/donnees-caractere-personnel\/tinder-casier-judiciaire\/\"><\/a><div class=\"tg-bottom-holder\"><h2 class=\"tg-item-title tg-element-1\"><a target=\"_self\" href=\"https:\/\/www.agilit.law\/en\/donnees-caractere-personnel\/tinder-casier-judiciaire\/\">NOS \u201cMATCHS\u201d TINDER POURRONT-ILS CONSULTER NOTRE CASIER JUDICIAIRE ? INTERVIEW DE LAURE LANDES-GRONOWSKI ET SYLVIE JONAS, NOS ASSOCI\u00c9ES \u201cIT &#038; DATA\u201d, POUR \u201cLE BOUILLON \u2013 L\u2019INFO QUI FR\u00c9MIT\u201d<\/a><\/h2><div class=\"tg-element-3\"><a target=\"_self\" href=\"https:\/\/www.agilit.law\/en\/donnees-caractere-personnel\/tinder-casier-judiciaire\/\">Lire la suite<\/a><\/div><\/div><\/div><\/div><\/div><\/article><!-- The Grid item #78 --><article class=\"tg-item tg-post-9127 tg-my-skin-qomino f150 f147 f73 f133\" data-row=\"1\" data-col=\"1\"><div class=\"tg-item-inner\"><div class=\"tg-item-media-holder tg-light\"><div class=\"tg-item-media-inner\"><div class=\"tg-item-image\" style=\"background-image: url(https:\/\/www.agilit.law\/wp-content\/uploads\/2020\/03\/shutterstock_438568525.jpg)\"><\/div><\/div><div class=\"tg-item-media-content \"><div class=\"tg-item-overlay\"><\/div><a class=\"tg-element-absolute\" target=\"_self\" href=\"https:\/\/www.agilit.law\/en\/droit-technologie-et-informations-donnees-personnelles\/cyberharcelement-interview-laure-landes-gronowski\/\"><\/a><div class=\"tg-bottom-holder\"><h2 class=\"tg-item-title tg-element-1\"><a target=\"_self\" href=\"https:\/\/www.agilit.law\/en\/droit-technologie-et-informations-donnees-personnelles\/cyberharcelement-interview-laure-landes-gronowski\/\">Cyber-harc\u00e8lement : retrouvez l&#8217;interview de Laure Landes-Gronowski, notre associ\u00e9e \u201cIT &#038; Data protection&#8221;, dans &#8220;Verdict &#8211; Les chroniques du Palais&#8221;<\/a><\/h2><div class=\"tg-element-3\"><a target=\"_self\" href=\"https:\/\/www.agilit.law\/en\/droit-technologie-et-informations-donnees-personnelles\/cyberharcelement-interview-laure-landes-gronowski\/\">Lire la suite<\/a><\/div><\/div><\/div><\/div><\/div><\/article><!-- The Grid item #79 --><article class=\"tg-item tg-post-9078 tg-my-skin-qomino f72 f73 f133\" data-row=\"1\" data-col=\"1\"><div class=\"tg-item-inner\"><div class=\"tg-item-media-holder tg-light\"><div class=\"tg-item-media-inner\"><div class=\"tg-item-image\" style=\"background-image: url(https:\/\/www.agilit.law\/wp-content\/uploads\/2019\/04\/shutterstock_1254784117.jpg)\"><\/div><\/div><div class=\"tg-item-media-content \"><div class=\"tg-item-overlay\"><\/div><a class=\"tg-element-absolute\" target=\"_self\" href=\"https:\/\/www.agilit.law\/en\/droit-technologie-et-informations-donnees-personnelles\/charte-informatique-pas-opposable-salarie-pas-connaissance\/\"><\/a><div class=\"tg-bottom-holder\"><h2 class=\"tg-item-title tg-element-1\"><a target=\"_self\" href=\"https:\/\/www.agilit.law\/en\/droit-technologie-et-informations-donnees-personnelles\/charte-informatique-pas-opposable-salarie-pas-connaissance\/\">La charte informatique n\u2019est pas opposable au salari\u00e9 qui n\u2019en a pas eu connaissance !<\/a><\/h2><div class=\"tg-element-3\"><a target=\"_self\" href=\"https:\/\/www.agilit.law\/en\/droit-technologie-et-informations-donnees-personnelles\/charte-informatique-pas-opposable-salarie-pas-connaissance\/\">Lire la suite<\/a><\/div><\/div><\/div><\/div><\/div><\/article><!-- The Grid item #80 --><article class=\"tg-item tg-post-8853 tg-my-skin-qomino f147 f73 f133\" data-row=\"1\" data-col=\"1\"><div class=\"tg-item-inner\"><div class=\"tg-item-media-holder tg-light\"><div class=\"tg-item-media-inner\"><div class=\"tg-item-image\" style=\"background-image: url(https:\/\/www.agilit.law\/wp-content\/uploads\/2020\/03\/shutterstock_766923355.jpg)\"><\/div><\/div><div class=\"tg-item-media-content \"><div class=\"tg-item-overlay\"><\/div><a class=\"tg-element-absolute\" target=\"_self\" href=\"https:\/\/www.agilit.law\/en\/droit-technologie-et-informations-donnees-personnelles\/condamnations-responsable-traitement-sous-traitant-manquement-obligation-securite\/\"><\/a><div class=\"tg-bottom-holder\"><h2 class=\"tg-item-title tg-element-1\"><a target=\"_self\" href=\"https:\/\/www.agilit.law\/en\/droit-technologie-et-informations-donnees-personnelles\/condamnations-responsable-traitement-sous-traitant-manquement-obligation-securite\/\">Credential stuffing : condamnations par la Cnil d&#8217;un responsable de traitement et de son sous-traitant pour manquement \u00e0 l&#8217;obligation de s\u00e9curit\u00e9 des donn\u00e9es !<\/a><\/h2><div class=\"tg-element-3\"><a target=\"_self\" href=\"https:\/\/www.agilit.law\/en\/droit-technologie-et-informations-donnees-personnelles\/condamnations-responsable-traitement-sous-traitant-manquement-obligation-securite\/\">Lire la suite<\/a><\/div><\/div><\/div><\/div><\/div><\/article><!-- The Grid item #81 --><article class=\"tg-item tg-post-8912 tg-my-skin-qomino f74 f107 f72 f140 f73 f133\" data-row=\"1\" data-col=\"1\"><div class=\"tg-item-inner\"><div class=\"tg-item-media-holder tg-light\"><div class=\"tg-item-media-inner\"><div class=\"tg-item-image\" style=\"background-image: url(https:\/\/www.agilit.law\/wp-content\/uploads\/2020\/03\/shutterstock_1246643185.jpg)\"><\/div><\/div><div class=\"tg-item-media-content \"><div class=\"tg-item-overlay\"><\/div><a class=\"tg-element-absolute\" target=\"_self\" href=\"https:\/\/www.agilit.law\/en\/droit-societes-fusions-acquisitions\/breaking-news-du-nouveau-chez-agilit\/\"><\/a><div class=\"tg-bottom-holder\"><h2 class=\"tg-item-title tg-element-1\"><a target=\"_self\" href=\"https:\/\/www.agilit.law\/en\/droit-societes-fusions-acquisitions\/breaking-news-du-nouveau-chez-agilit\/\">Breaking News ! Du nouveau chez AGIL\u2019IT !<\/a><\/h2><div class=\"tg-element-3\"><a target=\"_self\" href=\"https:\/\/www.agilit.law\/en\/droit-societes-fusions-acquisitions\/breaking-news-du-nouveau-chez-agilit\/\">Lire la suite<\/a><\/div><\/div><\/div><\/div><\/div><\/article><!-- The Grid item #82 --><article class=\"tg-item tg-post-8739 tg-my-skin-qomino f150 f73 f133\" data-row=\"1\" data-col=\"1\"><div class=\"tg-item-inner\"><div class=\"tg-item-media-holder tg-light\"><div class=\"tg-item-media-inner\"><div class=\"tg-item-image\" style=\"background-image: url(https:\/\/www.agilit.law\/wp-content\/uploads\/2017\/09\/RGPD-en-Focus-sectoriels-metiers-e1505207416588.jpg)\"><\/div><\/div><div class=\"tg-item-media-content \"><div class=\"tg-item-overlay\"><\/div><a class=\"tg-element-absolute\" target=\"_self\" href=\"https:\/\/www.agilit.law\/en\/donnees-caractere-personnel\/vaccin-covid-interview-laure-landes-gronowski-marianne\/\"><\/a><div class=\"tg-bottom-holder\"><h2 class=\"tg-item-title tg-element-1\"><a target=\"_self\" href=\"https:\/\/www.agilit.law\/en\/donnees-caractere-personnel\/vaccin-covid-interview-laure-landes-gronowski-marianne\/\">Vaccination anti-Covid et donn\u00e9es personnelles : retrouvez l&#8217;interview de Laure Landes-Gronowski, notre associ\u00e9e \u201cIT &#038; Data protection&#8221;, dans Marianne<\/a><\/h2><div class=\"tg-element-3\"><a target=\"_self\" href=\"https:\/\/www.agilit.law\/en\/donnees-caractere-personnel\/vaccin-covid-interview-laure-landes-gronowski-marianne\/\">Lire la suite<\/a><\/div><\/div><\/div><\/div><\/div><\/article><!-- The Grid item #83 --><article class=\"tg-item tg-post-8728 tg-my-skin-qomino f150 f73 f133\" data-row=\"1\" data-col=\"1\"><div class=\"tg-item-inner\"><div class=\"tg-item-media-holder tg-light\"><div class=\"tg-item-media-inner\"><div class=\"tg-item-image\" style=\"background-image: url(https:\/\/www.agilit.law\/wp-content\/uploads\/2020\/03\/shutterstock_619615334.jpg)\"><\/div><\/div><div class=\"tg-item-media-content \"><div class=\"tg-item-overlay\"><\/div><a class=\"tg-element-absolute\" target=\"_self\" href=\"https:\/\/www.agilit.law\/en\/donnees-caractere-personnel\/tpe-pme-et-liberaux-quelles-que-soient-la-taille-et-lactivite-de-votre-organisme-la-reglementation-en-matiere-de-protection-des-donnees-a-caractere-personnel-vous-est-applicable\/\"><\/a><div class=\"tg-bottom-holder\"><h2 class=\"tg-item-title tg-element-1\"><a target=\"_self\" href=\"https:\/\/www.agilit.law\/en\/donnees-caractere-personnel\/tpe-pme-et-liberaux-quelles-que-soient-la-taille-et-lactivite-de-votre-organisme-la-reglementation-en-matiere-de-protection-des-donnees-a-caractere-personnel-vous-est-applicable\/\">TPE, PME et lib\u00e9raux\u00a0: quelles que soient la taille et l\u2019activit\u00e9 de votre organisme, la r\u00e8glementation en mati\u00e8re de protection des donn\u00e9es \u00e0 caract\u00e8re personnel vous est applicable\u00a0!<\/a><\/h2><div class=\"tg-element-3\"><a target=\"_self\" href=\"https:\/\/www.agilit.law\/en\/donnees-caractere-personnel\/tpe-pme-et-liberaux-quelles-que-soient-la-taille-et-lactivite-de-votre-organisme-la-reglementation-en-matiere-de-protection-des-donnees-a-caractere-personnel-vous-est-applicable\/\">Lire la suite<\/a><\/div><\/div><\/div><\/div><\/div><\/article><!-- The Grid item #84 --><article class=\"tg-item tg-post-8671 tg-my-skin-qomino f156 f73 f133\" data-row=\"1\" data-col=\"1\"><div class=\"tg-item-inner\"><div class=\"tg-item-media-holder tg-light\"><div class=\"tg-item-media-inner\"><div class=\"tg-item-image\" style=\"background-image: url(https:\/\/www.agilit.law\/wp-content\/uploads\/2019\/04\/shutterstock_421484053.jpg)\"><\/div><\/div><div class=\"tg-item-media-content \"><div class=\"tg-item-overlay\"><\/div><a class=\"tg-element-absolute\" target=\"_self\" href=\"https:\/\/www.agilit.law\/en\/droit-technologie-et-informations-donnees-personnelles\/operateurs-de-plateforme-en-ligne-faites-le-point-sur-les-obligations-qui-vous-sont-applicables\/\"><\/a><div class=\"tg-bottom-holder\"><h2 class=\"tg-item-title tg-element-1\"><a target=\"_self\" href=\"https:\/\/www.agilit.law\/en\/droit-technologie-et-informations-donnees-personnelles\/operateurs-de-plateforme-en-ligne-faites-le-point-sur-les-obligations-qui-vous-sont-applicables\/\">Op\u00e9rateurs de plateforme en ligne\u00a0: faites le point sur les obligations qui vous sont applicables\u00a0! \u00a0<\/a><\/h2><div class=\"tg-element-3\"><a target=\"_self\" href=\"https:\/\/www.agilit.law\/en\/droit-technologie-et-informations-donnees-personnelles\/operateurs-de-plateforme-en-ligne-faites-le-point-sur-les-obligations-qui-vous-sont-applicables\/\">Lire la suite<\/a><\/div><\/div><\/div><\/div><\/div><\/article><!-- The Grid item #85 --><article class=\"tg-item tg-post-8709 tg-my-skin-qomino f150 f73 f133\" data-row=\"1\" data-col=\"1\"><div class=\"tg-item-inner\"><div class=\"tg-item-media-holder tg-light\"><div class=\"tg-item-media-inner\"><div class=\"tg-item-image\" style=\"background-image: url(https:\/\/www.agilit.law\/wp-content\/uploads\/2019\/04\/shutterstock_446867815-1.jpg)\"><\/div><\/div><div class=\"tg-item-media-content \"><div class=\"tg-item-overlay\"><\/div><a class=\"tg-element-absolute\" target=\"_self\" href=\"https:\/\/www.agilit.law\/en\/donnees-caractere-personnel\/si-vaccin-covid-interview-de-laure-landes-gronowski-notre-associee-it-data-protection\/\"><\/a><div class=\"tg-bottom-holder\"><h2 class=\"tg-item-title tg-element-1\"><a target=\"_self\" href=\"https:\/\/www.agilit.law\/en\/donnees-caractere-personnel\/si-vaccin-covid-interview-de-laure-landes-gronowski-notre-associee-it-data-protection\/\">SI &#8220;Vaccin Covid&#8221; : interview de Laure Landes-Gronowski, notre associ\u00e9e \u201cIT &#038; Data protection&#8221;, dans Ouest France<\/a><\/h2><div class=\"tg-element-3\"><a target=\"_self\" href=\"https:\/\/www.agilit.law\/en\/donnees-caractere-personnel\/si-vaccin-covid-interview-de-laure-landes-gronowski-notre-associee-it-data-protection\/\">Lire la suite<\/a><\/div><\/div><\/div><\/div><\/div><\/article><!-- The Grid item #86 --><article class=\"tg-item tg-post-8666 tg-my-skin-qomino f73 f133\" data-row=\"1\" data-col=\"1\"><div class=\"tg-item-inner\"><div class=\"tg-item-media-holder tg-light\"><div class=\"tg-item-media-inner\"><div class=\"tg-item-image\" style=\"background-image: url(https:\/\/www.agilit.law\/wp-content\/uploads\/2019\/04\/shutterstock_1254784117.jpg)\"><\/div><\/div><div class=\"tg-item-media-content \"><div class=\"tg-item-overlay\"><\/div><a class=\"tg-element-absolute\" target=\"_self\" href=\"https:\/\/www.agilit.law\/en\/droit-technologie-et-informations-donnees-personnelles\/quelques-points-dattention-pour-mener-a-bien-un-projet-de-conception-de-site-internet\/\"><\/a><div class=\"tg-bottom-holder\"><h2 class=\"tg-item-title tg-element-1\"><a target=\"_self\" href=\"https:\/\/www.agilit.law\/en\/droit-technologie-et-informations-donnees-personnelles\/quelques-points-dattention-pour-mener-a-bien-un-projet-de-conception-de-site-internet\/\">Quelques points d\u2019attention pour mener \u00e0 bien un projet de conception de site internet !<\/a><\/h2><div class=\"tg-element-3\"><a target=\"_self\" href=\"https:\/\/www.agilit.law\/en\/droit-technologie-et-informations-donnees-personnelles\/quelques-points-dattention-pour-mener-a-bien-un-projet-de-conception-de-site-internet\/\">Lire la suite<\/a><\/div><\/div><\/div><\/div><\/div><\/article><!-- The Grid item #87 --><article class=\"tg-item tg-post-8645 tg-my-skin-qomino f150 f72 f73 f133\" data-row=\"1\" data-col=\"1\"><div class=\"tg-item-inner\"><div class=\"tg-item-media-holder tg-light\"><div class=\"tg-item-media-inner\"><div class=\"tg-item-image\" style=\"background-image: url(https:\/\/www.agilit.law\/wp-content\/uploads\/2020\/03\/shutterstock_1119130634.jpg)\"><\/div><\/div><div class=\"tg-item-media-content \"><div class=\"tg-item-overlay\"><\/div><a class=\"tg-element-absolute\" target=\"_self\" href=\"https:\/\/www.agilit.law\/en\/donnees-caractere-personnel\/adresse-ip-une-donnee-a-caractere-personnel-et-un-moyen-de-preuve\/\"><\/a><div class=\"tg-bottom-holder\"><h2 class=\"tg-item-title tg-element-1\"><a target=\"_self\" href=\"https:\/\/www.agilit.law\/en\/donnees-caractere-personnel\/adresse-ip-une-donnee-a-caractere-personnel-et-un-moyen-de-preuve\/\">Adresse IP : une donn\u00e9e \u00e0 caract\u00e8re personnel et un moyen de preuve ?<\/a><\/h2><div class=\"tg-element-3\"><a target=\"_self\" href=\"https:\/\/www.agilit.law\/en\/donnees-caractere-personnel\/adresse-ip-une-donnee-a-caractere-personnel-et-un-moyen-de-preuve\/\">Lire la suite<\/a><\/div><\/div><\/div><\/div><\/div><\/article><!-- The Grid item #88 --><article class=\"tg-item tg-post-8582 tg-my-skin-qomino f150 f73 f133\" data-row=\"1\" data-col=\"1\"><div class=\"tg-item-inner\"><div class=\"tg-item-media-holder tg-light\"><div class=\"tg-item-media-inner\"><div class=\"tg-item-image\" style=\"background-image: url(https:\/\/www.agilit.law\/wp-content\/uploads\/2016\/11\/data-management-e1507308544446.jpg)\"><\/div><\/div><div class=\"tg-item-media-content \"><div class=\"tg-item-overlay\"><\/div><a class=\"tg-element-absolute\" target=\"_self\" href=\"https:\/\/www.agilit.law\/en\/donnees-caractere-personnel\/intervention-dagilit-au-sein-du-cycle-donnees-personnelles-organise-par-lefb-et-le-cerle-de-montesquieu\/\"><\/a><div class=\"tg-bottom-holder\"><h2 class=\"tg-item-title tg-element-1\"><a target=\"_self\" href=\"https:\/\/www.agilit.law\/en\/donnees-caractere-personnel\/intervention-dagilit-au-sein-du-cycle-donnees-personnelles-organise-par-lefb-et-le-cerle-de-montesquieu\/\">INTERVENTION D\u2019AGIL\u2019IT AU SEIN DU CYCLE &#8220;DONNEES PERSONNELLES&#8221; ORGANISE PAR L&#8217;EFB ET LE CERLE DE MONTESQUIEU<\/a><\/h2><div class=\"tg-element-3\"><a target=\"_self\" href=\"https:\/\/www.agilit.law\/en\/donnees-caractere-personnel\/intervention-dagilit-au-sein-du-cycle-donnees-personnelles-organise-par-lefb-et-le-cerle-de-montesquieu\/\">Lire la suite<\/a><\/div><\/div><\/div><\/div><\/div><\/article><!-- The Grid item #89 --><article class=\"tg-item tg-post-8560 tg-my-skin-qomino f150 f73 f133\" data-row=\"1\" data-col=\"1\"><div class=\"tg-item-inner\"><div class=\"tg-item-media-holder tg-light\"><div class=\"tg-item-media-inner\"><div class=\"tg-item-image\" style=\"background-image: url(https:\/\/www.agilit.law\/wp-content\/uploads\/2020\/03\/shutterstock_1049316146.jpg)\"><\/div><\/div><div class=\"tg-item-media-content \"><div class=\"tg-item-overlay\"><\/div><a class=\"tg-element-absolute\" target=\"_self\" href=\"https:\/\/www.agilit.law\/en\/donnees-caractere-personnel\/condamnations-de-carrefour-france-et-de-carrefour-banque-par-la-cnil-amendes-a-hauteur-respectivement-de-2-250-000-euros-et-de-800-000-euros\/\"><\/a><div class=\"tg-bottom-holder\"><h2 class=\"tg-item-title tg-element-1\"><a target=\"_self\" href=\"https:\/\/www.agilit.law\/en\/donnees-caractere-personnel\/condamnations-de-carrefour-france-et-de-carrefour-banque-par-la-cnil-amendes-a-hauteur-respectivement-de-2-250-000-euros-et-de-800-000-euros\/\">Condamnations de Carrefour France et de Carrefour Banque par la Cnil : amendes \u00e0 hauteur respectivement de 2 250 000 euros et de 800 000 euros !<\/a><\/h2><div class=\"tg-element-3\"><a target=\"_self\" href=\"https:\/\/www.agilit.law\/en\/donnees-caractere-personnel\/condamnations-de-carrefour-france-et-de-carrefour-banque-par-la-cnil-amendes-a-hauteur-respectivement-de-2-250-000-euros-et-de-800-000-euros\/\">Lire la suite<\/a><\/div><\/div><\/div><\/div><\/div><\/article><!-- The Grid item #90 --><article class=\"tg-item tg-post-8540 tg-my-skin-qomino f150 f73 f133\" data-row=\"1\" data-col=\"1\"><div class=\"tg-item-inner\"><div class=\"tg-item-media-holder tg-light\"><div class=\"tg-item-media-inner\"><div class=\"tg-item-image\" style=\"background-image: url(https:\/\/www.agilit.law\/wp-content\/uploads\/2019\/04\/shutterstock_1144306316.jpg)\"><\/div><\/div><div class=\"tg-item-media-content \"><div class=\"tg-item-overlay\"><\/div><a class=\"tg-element-absolute\" target=\"_self\" href=\"https:\/\/www.agilit.law\/en\/donnees-caractere-personnel\/lencadrement-des-flux-transfrontieres-de-donnees-hors-ue-un-sujet-au-coeur-de-lactualite\/\"><\/a><div class=\"tg-bottom-holder\"><h2 class=\"tg-item-title tg-element-1\"><a target=\"_self\" href=\"https:\/\/www.agilit.law\/en\/donnees-caractere-personnel\/lencadrement-des-flux-transfrontieres-de-donnees-hors-ue-un-sujet-au-coeur-de-lactualite\/\">L\u2019encadrement des flux transfronti\u00e8res de donn\u00e9es hors UE : un sujet au c\u0153ur de l\u2019actualit\u00e9 !<\/a><\/h2><div class=\"tg-element-3\"><a target=\"_self\" href=\"https:\/\/www.agilit.law\/en\/donnees-caractere-personnel\/lencadrement-des-flux-transfrontieres-de-donnees-hors-ue-un-sujet-au-coeur-de-lactualite\/\">Lire la suite<\/a><\/div><\/div><\/div><\/div><\/div><\/article><!-- The Grid item #91 --><article class=\"tg-item tg-post-8487 tg-my-skin-qomino f73 f133\" data-row=\"1\" data-col=\"1\"><div class=\"tg-item-inner\"><div class=\"tg-item-media-holder tg-light\"><div class=\"tg-item-media-inner\"><div class=\"tg-item-image\" style=\"background-image: url(https:\/\/www.agilit.law\/wp-content\/uploads\/2018\/10\/pexels-photo-374016.jpeg)\"><\/div><\/div><div class=\"tg-item-media-content \"><div class=\"tg-item-overlay\"><\/div><a class=\"tg-element-absolute\" target=\"_self\" href=\"https:\/\/www.agilit.law\/en\/droit-technologie-et-informations-donnees-personnelles\/la-gestion-des-projets-informatiques-selon-les-principes-de-la-methode-agile-attention-a-lexpression-des-besoins-du-client-et-a-la-realisation-des-operations-de\/\"><\/a><div class=\"tg-bottom-holder\"><h2 class=\"tg-item-title tg-element-1\"><a target=\"_self\" href=\"https:\/\/www.agilit.law\/en\/droit-technologie-et-informations-donnees-personnelles\/la-gestion-des-projets-informatiques-selon-les-principes-de-la-methode-agile-attention-a-lexpression-des-besoins-du-client-et-a-la-realisation-des-operations-de\/\">La gestion des projets informatiques selon les principes de la m\u00e9thode \u00ab\u00a0Agile\u00a0\u00bb\u00a0: attention \u00e0 l\u2019expression des besoins du client et \u00e0 la r\u00e9alisation des op\u00e9rations de recette\u00a0!<\/a><\/h2><div class=\"tg-element-3\"><a target=\"_self\" href=\"https:\/\/www.agilit.law\/en\/droit-technologie-et-informations-donnees-personnelles\/la-gestion-des-projets-informatiques-selon-les-principes-de-la-methode-agile-attention-a-lexpression-des-besoins-du-client-et-a-la-realisation-des-operations-de\/\">Lire la suite<\/a><\/div><\/div><\/div><\/div><\/div><\/article><!-- The Grid item #92 --><article class=\"tg-item tg-post-8459 tg-my-skin-qomino f150 f147 f73 f133\" data-row=\"1\" data-col=\"1\"><div class=\"tg-item-inner\"><div class=\"tg-item-media-holder tg-light\"><div class=\"tg-item-media-inner\"><div class=\"tg-item-image\" style=\"background-image: url(https:\/\/www.agilit.law\/wp-content\/uploads\/2020\/03\/shutterstock_309461054.jpg)\"><\/div><\/div><div class=\"tg-item-media-content \"><div class=\"tg-item-overlay\"><\/div><a class=\"tg-element-absolute\" target=\"_self\" href=\"https:\/\/www.agilit.law\/en\/droit-technologie-et-informations-donnees-personnelles\/sylvie-jonas-et-laure-landes-gronowski-nos-associees-du-pole-it-data-protection-referencees-par-les-expertes\/\"><\/a><div class=\"tg-bottom-holder\"><h2 class=\"tg-item-title tg-element-1\"><a target=\"_self\" href=\"https:\/\/www.agilit.law\/en\/droit-technologie-et-informations-donnees-personnelles\/sylvie-jonas-et-laure-landes-gronowski-nos-associees-du-pole-it-data-protection-referencees-par-les-expertes\/\">Sylvie Jonas et Laure Landes-Gronowski, nos associ\u00e9es du p\u00f4le IT &#038; Data protection, r\u00e9f\u00e9renc\u00e9es par Les Expertes !<\/a><\/h2><div class=\"tg-element-3\"><a target=\"_self\" href=\"https:\/\/www.agilit.law\/en\/droit-technologie-et-informations-donnees-personnelles\/sylvie-jonas-et-laure-landes-gronowski-nos-associees-du-pole-it-data-protection-referencees-par-les-expertes\/\">Lire la suite<\/a><\/div><\/div><\/div><\/div><\/div><\/article><!-- The Grid item #93 --><article class=\"tg-item tg-post-8431 tg-my-skin-qomino f150 f73 f133\" data-row=\"1\" data-col=\"1\"><div class=\"tg-item-inner\"><div class=\"tg-item-media-holder tg-light\"><div class=\"tg-item-media-inner\"><div class=\"tg-item-image\" style=\"background-image: url(https:\/\/www.agilit.law\/wp-content\/uploads\/2019\/04\/shutterstock_725917057-.jpg)\"><\/div><\/div><div class=\"tg-item-media-content \"><div class=\"tg-item-overlay\"><\/div><a class=\"tg-element-absolute\" target=\"_self\" href=\"https:\/\/www.agilit.law\/en\/donnees-caractere-personnel\/linvalidation-du-privacy-shield-quels-retentissements\/\"><\/a><div class=\"tg-bottom-holder\"><h2 class=\"tg-item-title tg-element-1\"><a target=\"_self\" href=\"https:\/\/www.agilit.law\/en\/donnees-caractere-personnel\/linvalidation-du-privacy-shield-quels-retentissements\/\">L\u2019invalidation du Privacy Shield : les premiers retentissements&#8230;<\/a><\/h2><div class=\"tg-element-3\"><a target=\"_self\" href=\"https:\/\/www.agilit.law\/en\/donnees-caractere-personnel\/linvalidation-du-privacy-shield-quels-retentissements\/\">Lire la suite<\/a><\/div><\/div><\/div><\/div><\/div><\/article><!-- The Grid item #94 --><article class=\"tg-item tg-post-8401 tg-my-skin-qomino f73 f133\" data-row=\"1\" data-col=\"1\"><div class=\"tg-item-inner\"><div class=\"tg-item-media-holder tg-light\"><div class=\"tg-item-media-inner\"><div class=\"tg-item-image\" style=\"background-image: url(https:\/\/www.agilit.law\/wp-content\/uploads\/2019\/10\/shutterstock_246869491.jpg)\"><\/div><\/div><div class=\"tg-item-media-content \"><div class=\"tg-item-overlay\"><\/div><a class=\"tg-element-absolute\" target=\"_self\" href=\"https:\/\/www.agilit.law\/en\/droit-technologie-et-informations-donnees-personnelles\/projet-de-cyberscore-vers-une-nouvelle-obligation-dinformation-en-matiere-de-securite-a-la-charge-des-fournisseurs-de-services-de-communication-au-public-en-ligne\/\"><\/a><div class=\"tg-bottom-holder\"><h2 class=\"tg-item-title tg-element-1\"><a target=\"_self\" href=\"https:\/\/www.agilit.law\/en\/droit-technologie-et-informations-donnees-personnelles\/projet-de-cyberscore-vers-une-nouvelle-obligation-dinformation-en-matiere-de-securite-a-la-charge-des-fournisseurs-de-services-de-communication-au-public-en-ligne\/\">Projet de \u00ab cyberscore \u00bb : vers une nouvelle obligation d\u2019information en mati\u00e8re de s\u00e9curit\u00e9 \u00e0 la charge des fournisseurs de services de communication au public en ligne ?<\/a><\/h2><div class=\"tg-element-3\"><a target=\"_self\" href=\"https:\/\/www.agilit.law\/en\/droit-technologie-et-informations-donnees-personnelles\/projet-de-cyberscore-vers-une-nouvelle-obligation-dinformation-en-matiere-de-securite-a-la-charge-des-fournisseurs-de-services-de-communication-au-public-en-ligne\/\">Lire la suite<\/a><\/div><\/div><\/div><\/div><\/div><\/article><!-- The Grid item #95 --><article class=\"tg-item tg-post-8396 tg-my-skin-qomino f150 f73 f133\" data-row=\"1\" data-col=\"1\"><div class=\"tg-item-inner\"><div class=\"tg-item-media-holder tg-light\"><div class=\"tg-item-media-inner\"><div class=\"tg-item-image\" style=\"background-image: url(https:\/\/www.agilit.law\/wp-content\/uploads\/2017\/01\/RGPD-en-10-lecons-guide-pratique-e1505207433989.jpg)\"><\/div><\/div><div class=\"tg-item-media-content \"><div class=\"tg-item-overlay\"><\/div><a class=\"tg-element-absolute\" target=\"_self\" href=\"https:\/\/www.agilit.law\/en\/donnees-caractere-personnel\/que-devient-notre-vie-numerique-apres-la-mort\/\"><\/a><div class=\"tg-bottom-holder\"><h2 class=\"tg-item-title tg-element-1\"><a target=\"_self\" href=\"https:\/\/www.agilit.law\/en\/donnees-caractere-personnel\/que-devient-notre-vie-numerique-apres-la-mort\/\">Que devient notre vie num\u00e9rique apr\u00e8s la mort ?<\/a><\/h2><div class=\"tg-element-3\"><a target=\"_self\" href=\"https:\/\/www.agilit.law\/en\/donnees-caractere-personnel\/que-devient-notre-vie-numerique-apres-la-mort\/\">Lire la suite<\/a><\/div><\/div><\/div><\/div><\/div><\/article><!-- The Grid item #96 --><article class=\"tg-item tg-post-8304 tg-my-skin-qomino f1 f133\" data-row=\"1\" data-col=\"1\"><div class=\"tg-item-inner\"><div class=\"tg-item-media-holder tg-light\"><div class=\"tg-item-media-inner\"><div class=\"tg-item-image\" style=\"background-image: url(https:\/\/www.agilit.law\/wp-content\/uploads\/2019\/12\/shutterstock_359090318-Copie-scaled.jpg)\"><\/div><\/div><div class=\"tg-item-media-content \"><div class=\"tg-item-overlay\"><\/div><a class=\"tg-element-absolute\" target=\"_self\" href=\"https:\/\/www.agilit.law\/en\/non-classifiee\/ensemble-mobilisons-nous-pour-un-numeriqueresponsable\/\"><\/a><div class=\"tg-bottom-holder\"><h2 class=\"tg-item-title tg-element-1\"><a target=\"_self\" href=\"https:\/\/www.agilit.law\/en\/non-classifiee\/ensemble-mobilisons-nous-pour-un-numeriqueresponsable\/\">#Ensemble mobilisons-nous pour un #Num\u00e9riqueResponsable<\/a><\/h2><div class=\"tg-element-3\"><a target=\"_self\" href=\"https:\/\/www.agilit.law\/en\/non-classifiee\/ensemble-mobilisons-nous-pour-un-numeriqueresponsable\/\">Lire la suite<\/a><\/div><\/div><\/div><\/div><\/div><\/article><!-- The Grid item #97 --><article class=\"tg-item tg-post-8293 tg-my-skin-qomino f150 f73 f133\" data-row=\"1\" data-col=\"1\"><div class=\"tg-item-inner\"><div class=\"tg-item-media-holder tg-light\"><div class=\"tg-item-media-inner\"><div class=\"tg-item-image\" style=\"background-image: url(https:\/\/www.agilit.law\/wp-content\/uploads\/2019\/07\/shutterstock_1089179297-1-1.jpg)\"><\/div><\/div><div class=\"tg-item-media-content \"><div class=\"tg-item-overlay\"><\/div><a class=\"tg-element-absolute\" target=\"_self\" href=\"https:\/\/www.agilit.law\/en\/donnees-caractere-personnel\/cookies-et-autres-traceurs-la-recommandation-definitive-de-la-cnil-proposant-des-modalites-pratiques-de-mise-en-conformite-a-ete-publiee\/\"><\/a><div class=\"tg-bottom-holder\"><h2 class=\"tg-item-title tg-element-1\"><a target=\"_self\" href=\"https:\/\/www.agilit.law\/en\/donnees-caractere-personnel\/cookies-et-autres-traceurs-la-recommandation-definitive-de-la-cnil-proposant-des-modalites-pratiques-de-mise-en-conformite-a-ete-publiee\/\">Cookies et autres traceurs : la recommandation d\u00e9finitive de la Cnil proposant des modalit\u00e9s pratiques de mise en conformit\u00e9 a \u00e9t\u00e9 publi\u00e9e !<\/a><\/h2><div class=\"tg-element-3\"><a target=\"_self\" href=\"https:\/\/www.agilit.law\/en\/donnees-caractere-personnel\/cookies-et-autres-traceurs-la-recommandation-definitive-de-la-cnil-proposant-des-modalites-pratiques-de-mise-en-conformite-a-ete-publiee\/\">Lire la suite<\/a><\/div><\/div><\/div><\/div><\/div><\/article><!-- The Grid item #98 --><article class=\"tg-item tg-post-8209 tg-my-skin-qomino f147 f73 f133\" data-row=\"1\" data-col=\"1\"><div class=\"tg-item-inner\"><div class=\"tg-item-media-holder tg-light\"><div class=\"tg-item-media-inner\"><div class=\"tg-item-image\" style=\"background-image: url(https:\/\/www.agilit.law\/wp-content\/uploads\/2020\/03\/shutterstock_172084607.jpg)\"><\/div><\/div><div class=\"tg-item-media-content \"><div class=\"tg-item-overlay\"><\/div><a class=\"tg-element-absolute\" target=\"_self\" href=\"https:\/\/www.agilit.law\/en\/droit-technologie-et-informations-donnees-personnelles\/lanssi-et-le-ministere-de-la-justice-collaborent-pour-mieux-vous-guider-en-cas-dattaque-par-rancongiciel\/\"><\/a><div class=\"tg-bottom-holder\"><h2 class=\"tg-item-title tg-element-1\"><a target=\"_self\" href=\"https:\/\/www.agilit.law\/en\/droit-technologie-et-informations-donnees-personnelles\/lanssi-et-le-ministere-de-la-justice-collaborent-pour-mieux-vous-guider-en-cas-dattaque-par-rancongiciel\/\">L\u2019ANSSI et le Minist\u00e8re de la Justice collaborent pour mieux vous guider en cas d\u2019attaque par ran\u00e7ongiciel<\/a><\/h2><div class=\"tg-element-3\"><a target=\"_self\" href=\"https:\/\/www.agilit.law\/en\/droit-technologie-et-informations-donnees-personnelles\/lanssi-et-le-ministere-de-la-justice-collaborent-pour-mieux-vous-guider-en-cas-dattaque-par-rancongiciel\/\">Lire la suite<\/a><\/div><\/div><\/div><\/div><\/div><\/article><!-- The Grid item #99 --><article class=\"tg-item tg-post-8200 tg-my-skin-qomino f73 f133\" data-row=\"1\" data-col=\"1\"><div class=\"tg-item-inner\"><div class=\"tg-item-media-holder tg-light\"><div class=\"tg-item-media-inner\"><div class=\"tg-item-image\" style=\"background-image: url(https:\/\/www.agilit.law\/wp-content\/uploads\/2019\/04\/shutterstock_526063318.jpg)\"><\/div><\/div><div class=\"tg-item-media-content \"><div class=\"tg-item-overlay\"><\/div><a class=\"tg-element-absolute\" target=\"_self\" href=\"https:\/\/www.agilit.law\/en\/droit-technologie-et-informations-donnees-personnelles\/adoption-dune-nouvelle-loi-sur-le-demarchage-telephonique-quelles-nouveautes\/\"><\/a><div class=\"tg-bottom-holder\"><h2 class=\"tg-item-title tg-element-1\"><a target=\"_self\" href=\"https:\/\/www.agilit.law\/en\/droit-technologie-et-informations-donnees-personnelles\/adoption-dune-nouvelle-loi-sur-le-demarchage-telephonique-quelles-nouveautes\/\">Adoption d\u2019une nouvelle loi sur le d\u00e9marchage t\u00e9l\u00e9phonique\u00a0: quelles nouveaut\u00e9s\u00a0?<\/a><\/h2><div class=\"tg-element-3\"><a target=\"_self\" href=\"https:\/\/www.agilit.law\/en\/droit-technologie-et-informations-donnees-personnelles\/adoption-dune-nouvelle-loi-sur-le-demarchage-telephonique-quelles-nouveautes\/\">Lire la suite<\/a><\/div><\/div><\/div><\/div><\/div><\/article><!-- The Grid item #100 --><article class=\"tg-item tg-post-8179 tg-my-skin-qomino f150 f73 f133\" data-row=\"1\" data-col=\"1\"><div class=\"tg-item-inner\"><div class=\"tg-item-media-holder tg-light\"><div class=\"tg-item-media-inner\"><div class=\"tg-item-image\" style=\"background-image: url(https:\/\/www.agilit.law\/wp-content\/uploads\/2017\/04\/RGPD-Focus-Code-conduite-labels-certifications-e1505207482927.jpg)\"><\/div><\/div><div class=\"tg-item-media-content \"><div class=\"tg-item-overlay\"><\/div><a class=\"tg-element-absolute\" target=\"_self\" href=\"https:\/\/www.agilit.law\/en\/donnees-caractere-personnel\/sanction-de-la-formation-restreinte-de-la-cnil-a-lencontre-de-spartoo-amende-administrative-de-250-000-euros-et-injonction-sous-astreinte-de-se-conformer-au-rgpd\/\"><\/a><div class=\"tg-bottom-holder\"><h2 class=\"tg-item-title tg-element-1\"><a target=\"_self\" href=\"https:\/\/www.agilit.law\/en\/donnees-caractere-personnel\/sanction-de-la-formation-restreinte-de-la-cnil-a-lencontre-de-spartoo-amende-administrative-de-250-000-euros-et-injonction-sous-astreinte-de-se-conformer-au-rgpd\/\">Sanction de la formation restreinte de la Cnil \u00e0 l&#8217;encontre de Spartoo : amende administrative de 250 000 euros et injonction sous astreinte de se conformer au RGPD<\/a><\/h2><div class=\"tg-element-3\"><a target=\"_self\" href=\"https:\/\/www.agilit.law\/en\/donnees-caractere-personnel\/sanction-de-la-formation-restreinte-de-la-cnil-a-lencontre-de-spartoo-amende-administrative-de-250-000-euros-et-injonction-sous-astreinte-de-se-conformer-au-rgpd\/\">Lire la suite<\/a><\/div><\/div><\/div><\/div><\/div><\/article><!-- The Grid item #101 --><article class=\"tg-item tg-post-8165 tg-my-skin-qomino f150 f73 f133\" data-row=\"1\" data-col=\"1\"><div class=\"tg-item-inner\"><div class=\"tg-item-media-holder tg-light\"><div class=\"tg-item-media-inner\"><div class=\"tg-item-image\" style=\"background-image: url(https:\/\/www.agilit.law\/wp-content\/uploads\/2020\/03\/shutterstock_1119130634.jpg)\"><\/div><\/div><div class=\"tg-item-media-content \"><div class=\"tg-item-overlay\"><\/div><a class=\"tg-element-absolute\" target=\"_self\" href=\"https:\/\/www.agilit.law\/en\/donnees-caractere-personnel\/le-privacy-shield-invalide-par-la-cour-de-justice-de-lunion-europeenne-mais-pas-que\/\"><\/a><div class=\"tg-bottom-holder\"><h2 class=\"tg-item-title tg-element-1\"><a target=\"_self\" href=\"https:\/\/www.agilit.law\/en\/donnees-caractere-personnel\/le-privacy-shield-invalide-par-la-cour-de-justice-de-lunion-europeenne-mais-pas-que\/\">Le Privacy Shield invalid\u00e9 par la Cour de Justice de l\u2019Union europ\u00e9enne\u2026 mais pas que !<\/a><\/h2><div class=\"tg-element-3\"><a target=\"_self\" href=\"https:\/\/www.agilit.law\/en\/donnees-caractere-personnel\/le-privacy-shield-invalide-par-la-cour-de-justice-de-lunion-europeenne-mais-pas-que\/\">Lire la suite<\/a><\/div><\/div><\/div><\/div><\/div><\/article><!-- The Grid item #102 --><article class=\"tg-item tg-post-7385 tg-my-skin-qomino f150 f73 f133\" data-row=\"1\" data-col=\"1\"><div class=\"tg-item-inner\"><div class=\"tg-item-media-holder tg-light\"><div class=\"tg-item-media-inner\"><div class=\"tg-item-image\" style=\"background-image: url(https:\/\/www.agilit.law\/wp-content\/uploads\/2020\/03\/shutterstock_1143542690.jpg)\"><\/div><\/div><div class=\"tg-item-media-content \"><div class=\"tg-item-overlay\"><\/div><a class=\"tg-element-absolute\" target=\"_self\" href=\"https:\/\/www.agilit.law\/en\/donnees-caractere-personnel\/acheter-un-fichier-de-donnees-a-caractere-personnel-risques-encourus-et-precautions-elementaires\/\"><\/a><div class=\"tg-bottom-holder\"><h2 class=\"tg-item-title tg-element-1\"><a target=\"_self\" href=\"https:\/\/www.agilit.law\/en\/donnees-caractere-personnel\/acheter-un-fichier-de-donnees-a-caractere-personnel-risques-encourus-et-precautions-elementaires\/\">Acheter un fichier de donn\u00e9es \u00e0 caract\u00e8re personnel\u00a0: risques encourus et pr\u00e9cautions \u00e9l\u00e9mentaires !<\/a><\/h2><div class=\"tg-element-3\"><a target=\"_self\" href=\"https:\/\/www.agilit.law\/en\/donnees-caractere-personnel\/acheter-un-fichier-de-donnees-a-caractere-personnel-risques-encourus-et-precautions-elementaires\/\">Lire la suite<\/a><\/div><\/div><\/div><\/div><\/div><\/article><!-- The Grid item #103 --><article class=\"tg-item tg-post-6335 tg-my-skin-qomino f150 f73 f133\" data-row=\"1\" data-col=\"1\"><div class=\"tg-item-inner\"><div class=\"tg-item-media-holder tg-light\"><div class=\"tg-item-media-inner\"><div class=\"tg-item-image\" style=\"background-image: url(https:\/\/www.agilit.law\/wp-content\/uploads\/2018\/11\/shutterstock_569127763.jpg)\"><\/div><\/div><div class=\"tg-item-media-content \"><div class=\"tg-item-overlay\"><\/div><a class=\"tg-element-absolute\" target=\"_self\" href=\"https:\/\/www.agilit.law\/en\/donnees-caractere-personnel\/intervention-dagilit-a-la-conference-next-mobility-le-23-novembre-2020-sur-le-theme-rgpd-mobilite-dans-lentreprise\/\"><\/a><div class=\"tg-bottom-holder\"><h2 class=\"tg-item-title tg-element-1\"><a target=\"_self\" href=\"https:\/\/www.agilit.law\/en\/donnees-caractere-personnel\/intervention-dagilit-a-la-conference-next-mobility-le-23-novembre-2020-sur-le-theme-rgpd-mobilite-dans-lentreprise\/\">Intervention d&#8217;AGIL&#8217;IT \u00e0 la conf\u00e9rence Next Mobility, le 23 novembre 2020, sur le th\u00e8me &#8220;RGPD &#038; Mobilit\u00e9 dans l&#8217;entreprise&#8221;<\/a><\/h2><div class=\"tg-element-3\"><a target=\"_self\" href=\"https:\/\/www.agilit.law\/en\/donnees-caractere-personnel\/intervention-dagilit-a-la-conference-next-mobility-le-23-novembre-2020-sur-le-theme-rgpd-mobilite-dans-lentreprise\/\">Lire la suite<\/a><\/div><\/div><\/div><\/div><\/div><\/article><!-- The Grid item #104 --><article class=\"tg-item tg-post-6389 tg-my-skin-qomino f150 f73 f133\" data-row=\"1\" data-col=\"1\"><div class=\"tg-item-inner\"><div class=\"tg-item-media-holder tg-light\"><div class=\"tg-item-media-inner\"><div class=\"tg-item-image\" style=\"background-image: url(https:\/\/www.agilit.law\/wp-content\/uploads\/2019\/05\/shutterstock_572497282_modif.jpg)\"><\/div><\/div><div class=\"tg-item-media-content \"><div class=\"tg-item-overlay\"><\/div><a class=\"tg-element-absolute\" target=\"_self\" href=\"https:\/\/www.agilit.law\/en\/donnees-caractere-personnel\/vehicule-professionnel-et-geolocalisation-quel-encadrement\/\"><\/a><div class=\"tg-bottom-holder\"><h2 class=\"tg-item-title tg-element-1\"><a target=\"_self\" href=\"https:\/\/www.agilit.law\/en\/donnees-caractere-personnel\/vehicule-professionnel-et-geolocalisation-quel-encadrement\/\">V\u00e9hicule professionnel et g\u00e9olocalisation : quel encadrement ?<\/a><\/h2><div class=\"tg-element-3\"><a target=\"_self\" href=\"https:\/\/www.agilit.law\/en\/donnees-caractere-personnel\/vehicule-professionnel-et-geolocalisation-quel-encadrement\/\">Lire la suite<\/a><\/div><\/div><\/div><\/div><\/div><\/article><!-- The Grid item #105 --><article class=\"tg-item tg-post-6313 tg-my-skin-qomino f150 f147 f73 f133\" data-row=\"1\" data-col=\"1\"><div class=\"tg-item-inner\"><div class=\"tg-item-media-holder tg-light\"><div class=\"tg-item-media-inner\"><div class=\"tg-item-image\" style=\"background-image: url(https:\/\/www.agilit.law\/wp-content\/uploads\/2019\/04\/shutterstock_494120821-1-min.jpg)\"><\/div><\/div><div class=\"tg-item-media-content \"><div class=\"tg-item-overlay\"><\/div><a class=\"tg-element-absolute\" target=\"_self\" href=\"https:\/\/www.agilit.law\/en\/donnees-caractere-personnel\/quelques-reflexes-a-ne-pas-negliger-en-matiere-de-securite-des-donnees-a-caractere-personnel\/\"><\/a><div class=\"tg-bottom-holder\"><h2 class=\"tg-item-title tg-element-1\"><a target=\"_self\" href=\"https:\/\/www.agilit.law\/en\/donnees-caractere-personnel\/quelques-reflexes-a-ne-pas-negliger-en-matiere-de-securite-des-donnees-a-caractere-personnel\/\">Quelques r\u00e9flexes \u00e0 ne pas n\u00e9gliger en mati\u00e8re de s\u00e9curit\u00e9 des donn\u00e9es \u00e0 caract\u00e8re personnel !<\/a><\/h2><div class=\"tg-element-3\"><a target=\"_self\" href=\"https:\/\/www.agilit.law\/en\/donnees-caractere-personnel\/quelques-reflexes-a-ne-pas-negliger-en-matiere-de-securite-des-donnees-a-caractere-personnel\/\">Lire la suite<\/a><\/div><\/div><\/div><\/div><\/div><\/article><!-- The Grid item #106 --><article class=\"tg-item tg-post-6318 tg-my-skin-qomino f150 f72 f73 f133\" data-row=\"1\" data-col=\"1\"><div class=\"tg-item-inner\"><div class=\"tg-item-media-holder tg-light\"><div class=\"tg-item-media-inner\"><div class=\"tg-item-image\" style=\"background-image: url(https:\/\/www.agilit.law\/wp-content\/uploads\/2020\/03\/shutterstock_1246643185.jpg)\"><\/div><\/div><div class=\"tg-item-media-content \"><div class=\"tg-item-overlay\"><\/div><a class=\"tg-element-absolute\" target=\"_self\" href=\"https:\/\/www.agilit.law\/en\/donnees-caractere-personnel\/donnees-a-caractere-personnel-gestion-des-ressources-humaines-la-cnil-publie-son-referentiel\/\"><\/a><div class=\"tg-bottom-holder\"><h2 class=\"tg-item-title tg-element-1\"><a target=\"_self\" href=\"https:\/\/www.agilit.law\/en\/donnees-caractere-personnel\/donnees-a-caractere-personnel-gestion-des-ressources-humaines-la-cnil-publie-son-referentiel\/\">Donn\u00e9es \u00e0 caract\u00e8re personnel &#038; Gestion des ressources humaines : la Cnil publie son r\u00e9f\u00e9rentiel<\/a><\/h2><div class=\"tg-element-3\"><a target=\"_self\" href=\"https:\/\/www.agilit.law\/en\/donnees-caractere-personnel\/donnees-a-caractere-personnel-gestion-des-ressources-humaines-la-cnil-publie-son-referentiel\/\">Lire la suite<\/a><\/div><\/div><\/div><\/div><\/div><\/article><!-- The Grid item #107 --><article class=\"tg-item tg-post-6289 tg-my-skin-qomino f150 f73 f133\" data-row=\"1\" data-col=\"1\"><div class=\"tg-item-inner\"><div class=\"tg-item-media-holder tg-light\"><div class=\"tg-item-media-inner\"><div class=\"tg-item-image\" style=\"background-image: url(https:\/\/www.agilit.law\/wp-content\/uploads\/2020\/03\/shutterstock_1119130634.jpg)\"><\/div><\/div><div class=\"tg-item-media-content \"><div class=\"tg-item-overlay\"><\/div><a class=\"tg-element-absolute\" target=\"_self\" href=\"https:\/\/www.agilit.law\/en\/donnees-caractere-personnel\/videosurveillance-excessive-de-salaries-la-cnil-publie-la-cloture-totale-de-la-mise-en-demeure-de-la-societe-boutique-aero\/\"><\/a><div class=\"tg-bottom-holder\"><h2 class=\"tg-item-title tg-element-1\"><a target=\"_self\" href=\"https:\/\/www.agilit.law\/en\/donnees-caractere-personnel\/videosurveillance-excessive-de-salaries-la-cnil-publie-la-cloture-totale-de-la-mise-en-demeure-de-la-societe-boutique-aero\/\">Vid\u00e9osurveillance excessive de salari\u00e9s : la Cnil publie la cl\u00f4ture totale de la mise en demeure de la soci\u00e9t\u00e9 Boutique.A\u00e9ro<\/a><\/h2><div class=\"tg-element-3\"><a target=\"_self\" href=\"https:\/\/www.agilit.law\/en\/donnees-caractere-personnel\/videosurveillance-excessive-de-salaries-la-cnil-publie-la-cloture-totale-de-la-mise-en-demeure-de-la-societe-boutique-aero\/\">Lire la suite<\/a><\/div><\/div><\/div><\/div><\/div><\/article><!-- The Grid item #108 --><article class=\"tg-item tg-post-6211 tg-my-skin-qomino f150 f73 f133\" data-row=\"1\" data-col=\"1\"><div class=\"tg-item-inner\"><div class=\"tg-item-media-holder tg-light\"><div class=\"tg-item-media-inner\"><div class=\"tg-item-image\" style=\"background-image: url(https:\/\/www.agilit.law\/wp-content\/uploads\/2020\/03\/shutterstock_1049316146.jpg)\"><\/div><\/div><div class=\"tg-item-media-content \"><div class=\"tg-item-overlay\"><\/div><a class=\"tg-element-absolute\" target=\"_self\" href=\"https:\/\/www.agilit.law\/en\/donnees-caractere-personnel\/prospection-commerciale-directe\/\"><\/a><div class=\"tg-bottom-holder\"><h2 class=\"tg-item-title tg-element-1\"><a target=\"_self\" href=\"https:\/\/www.agilit.law\/en\/donnees-caractere-personnel\/prospection-commerciale-directe\/\">Prospection commerciale : un rappel opportun des r\u00e8gles \u00e0 respecter !<\/a><\/h2><div class=\"tg-element-3\"><a target=\"_self\" href=\"https:\/\/www.agilit.law\/en\/donnees-caractere-personnel\/prospection-commerciale-directe\/\">Lire la suite<\/a><\/div><\/div><\/div><\/div><\/div><\/article><!-- The Grid item #109 --><article class=\"tg-item tg-post-6227 tg-my-skin-qomino f150 f73 f133\" data-row=\"1\" data-col=\"1\"><div class=\"tg-item-inner\"><div class=\"tg-item-media-holder tg-light\"><div class=\"tg-item-media-inner\"><div class=\"tg-item-image\" style=\"background-image: url(https:\/\/www.agilit.law\/wp-content\/uploads\/2020\/03\/shutterstock_1119130634.jpg)\"><\/div><\/div><div class=\"tg-item-media-content \"><div class=\"tg-item-overlay\"><\/div><a class=\"tg-element-absolute\" target=\"_self\" href=\"https:\/\/www.agilit.law\/en\/donnees-caractere-personnel\/reconnaissance-faciale-le-tribunal-administratif-de-marseille-invalide-le-recours-au-dispositif-experimental-deploye-dans-certains-lycees-de-la-region\/\"><\/a><div class=\"tg-bottom-holder\"><h2 class=\"tg-item-title tg-element-1\"><a target=\"_self\" href=\"https:\/\/www.agilit.law\/en\/donnees-caractere-personnel\/reconnaissance-faciale-le-tribunal-administratif-de-marseille-invalide-le-recours-au-dispositif-experimental-deploye-dans-certains-lycees-de-la-region\/\">Reconnaissance faciale : le tribunal administratif de Marseille invalide le recours au dispositif exp\u00e9rimental d\u00e9ploy\u00e9 dans certains lyc\u00e9es de la r\u00e9gion<\/a><\/h2><div class=\"tg-element-3\"><a target=\"_self\" href=\"https:\/\/www.agilit.law\/en\/donnees-caractere-personnel\/reconnaissance-faciale-le-tribunal-administratif-de-marseille-invalide-le-recours-au-dispositif-experimental-deploye-dans-certains-lycees-de-la-region\/\">Lire la suite<\/a><\/div><\/div><\/div><\/div><\/div><\/article><!-- The Grid item #110 --><article class=\"tg-item tg-post-6116 tg-my-skin-qomino f150 f73 f133\" data-row=\"1\" data-col=\"1\"><div class=\"tg-item-inner\"><div class=\"tg-item-media-holder tg-light\"><div class=\"tg-item-media-inner\"><div class=\"tg-item-image\" style=\"background-image: url(https:\/\/www.agilit.law\/wp-content\/uploads\/2019\/04\/shutterstock_1144306316.jpg)\"><\/div><\/div><div class=\"tg-item-media-content \"><div class=\"tg-item-overlay\"><\/div><a class=\"tg-element-absolute\" target=\"_self\" href=\"https:\/\/www.agilit.law\/en\/donnees-caractere-personnel\/la-question-de-la-conservation-des-donnees-de-connexion-une-fois-encore-portee-devant-la-cour-de-justice-de-lunion-europeenne\/\"><\/a><div class=\"tg-bottom-holder\"><h2 class=\"tg-item-title tg-element-1\"><a target=\"_self\" href=\"https:\/\/www.agilit.law\/en\/donnees-caractere-personnel\/la-question-de-la-conservation-des-donnees-de-connexion-une-fois-encore-portee-devant-la-cour-de-justice-de-lunion-europeenne\/\">La question de la conservation des donn\u00e9es de connexion une fois encore port\u00e9e devant la Cour de justice de l\u2019Union europ\u00e9enne !<\/a><\/h2><div class=\"tg-element-3\"><a target=\"_self\" href=\"https:\/\/www.agilit.law\/en\/donnees-caractere-personnel\/la-question-de-la-conservation-des-donnees-de-connexion-une-fois-encore-portee-devant-la-cour-de-justice-de-lunion-europeenne\/\">Lire la suite<\/a><\/div><\/div><\/div><\/div><\/div><\/article><!-- The Grid item #111 --><article class=\"tg-item tg-post-6153 tg-my-skin-qomino f150 f73 f133\" data-row=\"1\" data-col=\"1\"><div class=\"tg-item-inner\"><div class=\"tg-item-media-holder tg-light\"><div class=\"tg-item-media-inner\"><div class=\"tg-item-image\" style=\"background-image: url(https:\/\/www.agilit.law\/wp-content\/uploads\/2018\/11\/shutterstock_569127763.jpg)\"><\/div><\/div><div class=\"tg-item-media-content \"><div class=\"tg-item-overlay\"><\/div><a class=\"tg-element-absolute\" target=\"_self\" href=\"https:\/\/www.agilit.law\/en\/donnees-caractere-personnel\/intervention-dagilit-aux-rencontres-annuelles-de-cyberlex-le-24-fevrier-2020-sur-le-theme-la-circulation-de-nos-donnees-sensibles-entre-controle-et-dispersion\/\"><\/a><div class=\"tg-bottom-holder\"><h2 class=\"tg-item-title tg-element-1\"><a target=\"_self\" href=\"https:\/\/www.agilit.law\/en\/donnees-caractere-personnel\/intervention-dagilit-aux-rencontres-annuelles-de-cyberlex-le-24-fevrier-2020-sur-le-theme-la-circulation-de-nos-donnees-sensibles-entre-controle-et-dispersion\/\">Intervention d\u2019Agil\u2019IT aux Rencontres Annuelles de Cyberlex, le 24 f\u00e9vrier 2020, sur le th\u00e8me \u00ab La circulation de nos donn\u00e9es sensibles : entre contr\u00f4le et dispersion \u00bb<\/a><\/h2><div class=\"tg-element-3\"><a target=\"_self\" href=\"https:\/\/www.agilit.law\/en\/donnees-caractere-personnel\/intervention-dagilit-aux-rencontres-annuelles-de-cyberlex-le-24-fevrier-2020-sur-le-theme-la-circulation-de-nos-donnees-sensibles-entre-controle-et-dispersion\/\">Lire la suite<\/a><\/div><\/div><\/div><\/div><\/div><\/article><!-- The Grid item #112 --><article class=\"tg-item tg-post-6092 tg-my-skin-qomino f150 f73 f133\" data-row=\"1\" data-col=\"1\"><div class=\"tg-item-inner\"><div class=\"tg-item-media-holder tg-light\"><div class=\"tg-item-media-inner\"><div class=\"tg-item-image\" style=\"background-image: url(https:\/\/www.agilit.law\/wp-content\/uploads\/2019\/07\/shutterstock_1089179297-1-1.jpg)\"><\/div><\/div><div class=\"tg-item-media-content \"><div class=\"tg-item-overlay\"><\/div><a class=\"tg-element-absolute\" target=\"_self\" href=\"https:\/\/www.agilit.law\/en\/donnees-caractere-personnel\/cookies-et-autres-traceurs-la-cnil-publie-son-projet-de-recommandations-pratiques-sur-le-recueil-du-consentement-des-internautes\/\"><\/a><div class=\"tg-bottom-holder\"><h2 class=\"tg-item-title tg-element-1\"><a target=\"_self\" href=\"https:\/\/www.agilit.law\/en\/donnees-caractere-personnel\/cookies-et-autres-traceurs-la-cnil-publie-son-projet-de-recommandations-pratiques-sur-le-recueil-du-consentement-des-internautes\/\">Cookies et autres traceurs : la Cnil publie son projet de recommandations pratiques sur le recueil du consentement des internautes !<\/a><\/h2><div class=\"tg-element-3\"><a target=\"_self\" href=\"https:\/\/www.agilit.law\/en\/donnees-caractere-personnel\/cookies-et-autres-traceurs-la-cnil-publie-son-projet-de-recommandations-pratiques-sur-le-recueil-du-consentement-des-internautes\/\">Lire la suite<\/a><\/div><\/div><\/div><\/div><\/div><\/article><!-- The Grid item #113 --><article class=\"tg-item tg-post-6054 tg-my-skin-qomino f73\" data-row=\"1\" data-col=\"1\"><div class=\"tg-item-inner\"><div class=\"tg-item-media-holder tg-light\"><div class=\"tg-item-media-inner\"><div class=\"tg-item-image\" style=\"background-image: url(https:\/\/www.agilit.law\/wp-content\/uploads\/2018\/10\/pexels-photo-374016.jpeg)\"><\/div><\/div><div class=\"tg-item-media-content \"><div class=\"tg-item-overlay\"><\/div><a class=\"tg-element-absolute\" target=\"_self\" href=\"https:\/\/www.agilit.law\/en\/droit-technologie-et-informations-donnees-personnelles\/maintenance-informatique-obligation-de-resultat-obligation-de-moyens\/\"><\/a><div class=\"tg-bottom-holder\"><h2 class=\"tg-item-title tg-element-1\"><a target=\"_self\" href=\"https:\/\/www.agilit.law\/en\/droit-technologie-et-informations-donnees-personnelles\/maintenance-informatique-obligation-de-resultat-obligation-de-moyens\/\">Maintenance informatique : le prestataire est tenu \u00e0 une obligation de r\u00e9sultat s\u2019agissant de la qualit\u00e9 de ses prestations !<\/a><\/h2><div class=\"tg-element-3\"><a target=\"_self\" href=\"https:\/\/www.agilit.law\/en\/droit-technologie-et-informations-donnees-personnelles\/maintenance-informatique-obligation-de-resultat-obligation-de-moyens\/\">Lire la suite<\/a><\/div><\/div><\/div><\/div><\/div><\/article><!-- The Grid item #114 --><article class=\"tg-item tg-post-6030 tg-my-skin-qomino f150 f74 f107 f72 f140 f147 f73 f133\" data-row=\"1\" data-col=\"1\"><div class=\"tg-item-inner\"><div class=\"tg-item-media-holder tg-light\"><div class=\"tg-item-media-inner\"><div class=\"tg-item-image\" style=\"background-image: url(https:\/\/www.agilit.law\/wp-content\/uploads\/2019\/12\/shutterstock_359090318-Copie-scaled.jpg)\"><\/div><\/div><div class=\"tg-item-media-content \"><div class=\"tg-item-overlay\"><\/div><a class=\"tg-element-absolute\" target=\"_self\" href=\"https:\/\/www.agilit.law\/en\/droit-societes-fusions-acquisitions\/wework-lunch-learn-bien-preparer-sa-levee-de-fonds-les-cles-du-succes\/\"><\/a><div class=\"tg-bottom-holder\"><h2 class=\"tg-item-title tg-element-1\"><a target=\"_self\" href=\"https:\/\/www.agilit.law\/en\/droit-societes-fusions-acquisitions\/wework-lunch-learn-bien-preparer-sa-levee-de-fonds-les-cles-du-succes\/\">WeWork Lunch &#038; Learn &#8211; Bien pr\u00e9parer sa lev\u00e9e de fonds : les cl\u00e9s du succ\u00e8s !<\/a><\/h2><div class=\"tg-element-3\"><a target=\"_self\" href=\"https:\/\/www.agilit.law\/en\/droit-societes-fusions-acquisitions\/wework-lunch-learn-bien-preparer-sa-levee-de-fonds-les-cles-du-succes\/\">Lire la suite<\/a><\/div><\/div><\/div><\/div><\/div><\/article><!-- The Grid item #115 --><article class=\"tg-item tg-post-5973 tg-my-skin-qomino f150 f73 f133\" data-row=\"1\" data-col=\"1\"><div class=\"tg-item-inner\"><div class=\"tg-item-media-holder tg-light\"><div class=\"tg-item-media-inner\"><div class=\"tg-item-image\" style=\"background-image: url(https:\/\/www.agilit.law\/wp-content\/uploads\/2017\/01\/RGPD-en-10-lecons-guide-pratique-e1505207433989.jpg)\"><\/div><\/div><div class=\"tg-item-media-content \"><div class=\"tg-item-overlay\"><\/div><a class=\"tg-element-absolute\" target=\"_self\" href=\"https:\/\/www.agilit.law\/en\/donnees-caractere-personnel\/cnil-sanction-demarchage-telephonique-illicite\/\"><\/a><div class=\"tg-bottom-holder\"><h2 class=\"tg-item-title tg-element-1\"><a target=\"_self\" href=\"https:\/\/www.agilit.law\/en\/donnees-caractere-personnel\/cnil-sanction-demarchage-telephonique-illicite\/\">D\u00e9marchage t\u00e9l\u00e9phonique illicite : la Cnil prononce une amende de 500 000 \u20ac !<\/a><\/h2><div class=\"tg-element-3\"><a target=\"_self\" href=\"https:\/\/www.agilit.law\/en\/donnees-caractere-personnel\/cnil-sanction-demarchage-telephonique-illicite\/\">Lire la suite<\/a><\/div><\/div><\/div><\/div><\/div><\/article><!-- The Grid item #116 --><article class=\"tg-item tg-post-5892 tg-my-skin-qomino f150 f73 f133\" data-row=\"1\" data-col=\"1\"><div class=\"tg-item-inner\"><div class=\"tg-item-media-holder tg-light\"><div class=\"tg-item-media-inner\"><div class=\"tg-item-image\" style=\"background-image: url(https:\/\/www.agilit.law\/wp-content\/uploads\/2017\/04\/RGPD-Focus-Code-conduite-labels-certifications-e1505207482927.jpg)\"><\/div><\/div><div class=\"tg-item-media-content \"><div class=\"tg-item-overlay\"><\/div><a class=\"tg-element-absolute\" target=\"_self\" href=\"https:\/\/www.agilit.law\/en\/donnees-caractere-personnel\/pseudonymisation-donnees-mesure-securite\/\"><\/a><div class=\"tg-bottom-holder\"><h2 class=\"tg-item-title tg-element-1\"><a target=\"_self\" href=\"https:\/\/www.agilit.law\/en\/donnees-caractere-personnel\/pseudonymisation-donnees-mesure-securite\/\">La pseudonymisation des donn\u00e9es \u00e0 caract\u00e8re personnel : une mesure de s\u00e9curit\u00e9 \u00e0 d\u00e9ployer ?<\/a><\/h2><div class=\"tg-element-3\"><a target=\"_self\" href=\"https:\/\/www.agilit.law\/en\/donnees-caractere-personnel\/pseudonymisation-donnees-mesure-securite\/\">Lire la suite<\/a><\/div><\/div><\/div><\/div><\/div><\/article><!-- The Grid item #117 --><article class=\"tg-item tg-post-5847 tg-my-skin-qomino f150 f73 f133\" data-row=\"1\" data-col=\"1\"><div class=\"tg-item-inner\"><div class=\"tg-item-media-holder tg-light\"><div class=\"tg-item-media-inner\"><div class=\"tg-item-image\" style=\"background-image: url(https:\/\/www.agilit.law\/wp-content\/uploads\/2019\/10\/shutterstock_246869491.jpg)\"><\/div><\/div><div class=\"tg-item-media-content \"><div class=\"tg-item-overlay\"><\/div><a class=\"tg-element-absolute\" target=\"_self\" href=\"https:\/\/www.agilit.law\/en\/donnees-caractere-personnel\/cookies-et-autres-traceurs-une-periode-transitoire-est-octroyee-mais-ne-dispense-pas-dune-demarche-de-mise-en-conformite\/\"><\/a><div class=\"tg-bottom-holder\"><h2 class=\"tg-item-title tg-element-1\"><a target=\"_self\" href=\"https:\/\/www.agilit.law\/en\/donnees-caractere-personnel\/cookies-et-autres-traceurs-une-periode-transitoire-est-octroyee-mais-ne-dispense-pas-dune-demarche-de-mise-en-conformite\/\">Cookies et autres traceurs : une p\u00e9riode transitoire est octroy\u00e9e mais ne dispense pas d&#8217;une d\u00e9marche de mise en conformit\u00e9 !<\/a><\/h2><div class=\"tg-element-3\"><a target=\"_self\" href=\"https:\/\/www.agilit.law\/en\/donnees-caractere-personnel\/cookies-et-autres-traceurs-une-periode-transitoire-est-octroyee-mais-ne-dispense-pas-dune-demarche-de-mise-en-conformite\/\">Lire la suite<\/a><\/div><\/div><\/div><\/div><\/div><\/article><!-- The Grid item #118 --><article class=\"tg-item tg-post-5789 tg-my-skin-qomino f150 f73 f133\" data-row=\"1\" data-col=\"1\"><div class=\"tg-item-inner\"><div class=\"tg-item-media-holder tg-light\"><div class=\"tg-item-media-inner\"><div class=\"tg-item-image\" style=\"background-image: url(https:\/\/www.agilit.law\/wp-content\/uploads\/2016\/11\/data-management-e1507308544446.jpg)\"><\/div><\/div><div class=\"tg-item-media-content \"><div class=\"tg-item-overlay\"><\/div><a class=\"tg-element-absolute\" target=\"_self\" href=\"https:\/\/www.agilit.law\/en\/donnees-caractere-personnel\/protection-donnees-caractere-personnel-google-my-business\/\"><\/a><div class=\"tg-bottom-holder\"><h2 class=\"tg-item-title tg-element-1\"><a target=\"_self\" href=\"https:\/\/www.agilit.law\/en\/donnees-caractere-personnel\/protection-donnees-caractere-personnel-google-my-business\/\">Protection des donn\u00e9es \u00e0 caract\u00e8re personnel : un argument inop\u00e9rant pour obtenir la suppression d&#8217;une fiche entreprise Google My Business ?<\/a><\/h2><div class=\"tg-element-3\"><a target=\"_self\" href=\"https:\/\/www.agilit.law\/en\/donnees-caractere-personnel\/protection-donnees-caractere-personnel-google-my-business\/\">Lire la suite<\/a><\/div><\/div><\/div><\/div><\/div><\/article><!-- The Grid item #119 --><article class=\"tg-item tg-post-5770 tg-my-skin-qomino f150 f73 f133\" data-row=\"1\" data-col=\"1\"><div class=\"tg-item-inner\"><div class=\"tg-item-media-holder tg-light\"><div class=\"tg-item-media-inner\"><div class=\"tg-item-image\" style=\"background-image: url(https:\/\/www.agilit.law\/wp-content\/uploads\/2017\/04\/D-2.jpg)\"><\/div><\/div><div class=\"tg-item-media-content \"><div class=\"tg-item-overlay\"><\/div><a class=\"tg-element-absolute\" target=\"_self\" href=\"https:\/\/www.agilit.law\/en\/donnees-caractere-personnel\/droit-protection-donnees-internet\/\"><\/a><div class=\"tg-bottom-holder\"><h2 class=\"tg-item-title tg-element-1\"><a target=\"_self\" href=\"https:\/\/www.agilit.law\/en\/donnees-caractere-personnel\/droit-protection-donnees-internet\/\">Quand le droit de la protection des donn\u00e9es \u00e0 caract\u00e8re personnel irrigue le droit de l\u2019internet<\/a><\/h2><div class=\"tg-element-3\"><a target=\"_self\" href=\"https:\/\/www.agilit.law\/en\/donnees-caractere-personnel\/droit-protection-donnees-internet\/\">Lire la suite<\/a><\/div><\/div><\/div><\/div><\/div><\/article><!-- The Grid item #120 --><article class=\"tg-item tg-post-5722 tg-my-skin-qomino f150 f73 f133\" data-row=\"1\" data-col=\"1\"><div class=\"tg-item-inner\"><div class=\"tg-item-media-holder tg-light\"><div class=\"tg-item-media-inner\"><div class=\"tg-item-image\" style=\"background-image: url(https:\/\/www.agilit.law\/wp-content\/uploads\/2019\/07\/shutterstock_1089179297-1-1.jpg)\"><\/div><\/div><div class=\"tg-item-media-content \"><div class=\"tg-item-overlay\"><\/div><a class=\"tg-element-absolute\" target=\"_self\" href=\"https:\/\/www.agilit.law\/en\/donnees-caractere-personnel\/cookies-et-autres-traceurs-la-fin-du-soft-opt-in-et-la-necessite-pour-les-editeurs-de-sites-web-et-applications-mobiles-de-mettre-a-jour-leurs-modalites-de-recueil-du-consentement\/\"><\/a><div class=\"tg-bottom-holder\"><h2 class=\"tg-item-title tg-element-1\"><a target=\"_self\" href=\"https:\/\/www.agilit.law\/en\/donnees-caractere-personnel\/cookies-et-autres-traceurs-la-fin-du-soft-opt-in-et-la-necessite-pour-les-editeurs-de-sites-web-et-applications-mobiles-de-mettre-a-jour-leurs-modalites-de-recueil-du-consentement\/\">Cookies et autres traceurs : la fin du soft-opt in et la n\u00e9cessit\u00e9 pour les \u00e9diteurs de sites web et applications mobiles de mettre \u00e0 jour leurs modalit\u00e9s de recueil du consentement !<\/a><\/h2><div class=\"tg-element-3\"><a target=\"_self\" href=\"https:\/\/www.agilit.law\/en\/donnees-caractere-personnel\/cookies-et-autres-traceurs-la-fin-du-soft-opt-in-et-la-necessite-pour-les-editeurs-de-sites-web-et-applications-mobiles-de-mettre-a-jour-leurs-modalites-de-recueil-du-consentement\/\">Lire la suite<\/a><\/div><\/div><\/div><\/div><\/div><\/article><!-- The Grid item #121 --><article class=\"tg-item tg-post-5646 tg-my-skin-qomino f150 f147 f73 f133\" data-row=\"1\" data-col=\"1\"><div class=\"tg-item-inner\"><div class=\"tg-item-media-holder tg-light\"><div class=\"tg-item-media-inner\"><div class=\"tg-item-image\" style=\"background-image: url(https:\/\/www.agilit.law\/wp-content\/uploads\/2019\/04\/Photo-3-P\u00f4le-Droit-social-1.jpg)\"><\/div><\/div><div class=\"tg-item-media-content \"><div class=\"tg-item-overlay\"><\/div><a class=\"tg-element-absolute\" target=\"_self\" href=\"https:\/\/www.agilit.law\/en\/droit-technologie-et-informations-donnees-personnelles\/agilit-renouvele-au-conseil-dadministration-de-cyberlex-lassociation-du-droit-et-des-technologies\/\"><\/a><div class=\"tg-bottom-holder\"><h2 class=\"tg-item-title tg-element-1\"><a target=\"_self\" href=\"https:\/\/www.agilit.law\/en\/droit-technologie-et-informations-donnees-personnelles\/agilit-renouvele-au-conseil-dadministration-de-cyberlex-lassociation-du-droit-et-des-technologies\/\">AGIL&#8217;IT renouvel\u00e9 au conseil d&#8217;administration de Cyberlex, l&#8217;association du droit et des technologies !<\/a><\/h2><div class=\"tg-element-3\"><a target=\"_self\" href=\"https:\/\/www.agilit.law\/en\/droit-technologie-et-informations-donnees-personnelles\/agilit-renouvele-au-conseil-dadministration-de-cyberlex-lassociation-du-droit-et-des-technologies\/\">Lire la suite<\/a><\/div><\/div><\/div><\/div><\/div><\/article><!-- The Grid item #122 --><article class=\"tg-item tg-post-5607 tg-my-skin-qomino f150 f73 f133\" data-row=\"1\" data-col=\"1\"><div class=\"tg-item-inner\"><div class=\"tg-item-media-holder tg-light\"><div class=\"tg-item-media-inner\"><div class=\"tg-item-image\" style=\"background-image: url(https:\/\/www.agilit.law\/wp-content\/uploads\/2017\/09\/RGPD-en-Focus-sectoriels-metiers-e1505207416588.jpg)\"><\/div><\/div><div class=\"tg-item-media-content \"><div class=\"tg-item-overlay\"><\/div><a class=\"tg-element-absolute\" target=\"_self\" href=\"https:\/\/www.agilit.law\/en\/donnees-caractere-personnel\/editeurs-de-sites-internet-et-si-la-poursuite-de-la-navigation-ne-permettait-plus-de-recueillir-valablement-le-consentement-des-internautes-en-matiere-de-cookies\/\"><\/a><div class=\"tg-bottom-holder\"><h2 class=\"tg-item-title tg-element-1\"><a target=\"_self\" href=\"https:\/\/www.agilit.law\/en\/donnees-caractere-personnel\/editeurs-de-sites-internet-et-si-la-poursuite-de-la-navigation-ne-permettait-plus-de-recueillir-valablement-le-consentement-des-internautes-en-matiere-de-cookies\/\">Editeurs de sites internet : et si la poursuite de la navigation ne permettait plus de recueillir valablement le consentement des internautes en mati\u00e8re de cookies\u2026<\/a><\/h2><div class=\"tg-element-3\"><a target=\"_self\" href=\"https:\/\/www.agilit.law\/en\/donnees-caractere-personnel\/editeurs-de-sites-internet-et-si-la-poursuite-de-la-navigation-ne-permettait-plus-de-recueillir-valablement-le-consentement-des-internautes-en-matiere-de-cookies\/\">Lire la suite<\/a><\/div><\/div><\/div><\/div><\/div><\/article><!-- The Grid item #123 --><article class=\"tg-item tg-post-5547 tg-my-skin-qomino f150 f73 f133\" data-row=\"1\" data-col=\"1\"><div class=\"tg-item-inner\"><div class=\"tg-item-media-holder tg-light\"><div class=\"tg-item-media-inner\"><div class=\"tg-item-image\" style=\"background-image: url(https:\/\/www.agilit.law\/wp-content\/uploads\/2019\/01\/Photo-2-P\u00f4le-Droit-Social.jpg)\"><\/div><\/div><div class=\"tg-item-media-content \"><div class=\"tg-item-overlay\"><\/div><a class=\"tg-element-absolute\" target=\"_self\" href=\"https:\/\/www.agilit.law\/en\/donnees-caractere-personnel\/le-rgpd-en-focus-5-droits-des-personnes-concernees-pourquoi-et-comment-anticiper-les-demandes\/\"><\/a><div class=\"tg-bottom-holder\"><h2 class=\"tg-item-title tg-element-1\"><a target=\"_self\" href=\"https:\/\/www.agilit.law\/en\/donnees-caractere-personnel\/le-rgpd-en-focus-5-droits-des-personnes-concernees-pourquoi-et-comment-anticiper-les-demandes\/\">Le RGPD en focus #5 &#8211; Droits des personnes concern\u00e9es : pourquoi et comment anticiper les demandes ?<\/a><\/h2><div class=\"tg-element-3\"><a target=\"_self\" href=\"https:\/\/www.agilit.law\/en\/donnees-caractere-personnel\/le-rgpd-en-focus-5-droits-des-personnes-concernees-pourquoi-et-comment-anticiper-les-demandes\/\">Lire la suite<\/a><\/div><\/div><\/div><\/div><\/div><\/article><!-- The Grid item #124 --><article class=\"tg-item tg-post-5487 tg-my-skin-qomino f150 f73 f133\" data-row=\"1\" data-col=\"1\"><div class=\"tg-item-inner\"><div class=\"tg-item-media-holder tg-light\"><div class=\"tg-item-media-inner\"><div class=\"tg-item-image\" style=\"background-image: url(https:\/\/www.agilit.law\/wp-content\/uploads\/2017\/08\/RGPD-Focus-Demeler-vrai-du-faux-e1505207499170.jpg)\"><\/div><\/div><div class=\"tg-item-media-content \"><div class=\"tg-item-overlay\"><\/div><a class=\"tg-element-absolute\" target=\"_self\" href=\"https:\/\/www.agilit.law\/en\/donnees-caractere-personnel\/sanctions-de-la-cnil-le-montant-de-la-condamnation-depend-notamment-de-la-reactivite-de-lorganisme-controle\/\"><\/a><div class=\"tg-bottom-holder\"><h2 class=\"tg-item-title tg-element-1\"><a target=\"_self\" href=\"https:\/\/www.agilit.law\/en\/donnees-caractere-personnel\/sanctions-de-la-cnil-le-montant-de-la-condamnation-depend-notamment-de-la-reactivite-de-lorganisme-controle\/\">Sanctions de la Cnil : le montant de la condamnation d\u00e9pend notamment de la r\u00e9activit\u00e9 de l\u2019organisme contr\u00f4l\u00e9 !<\/a><\/h2><div class=\"tg-element-3\"><a target=\"_self\" href=\"https:\/\/www.agilit.law\/en\/donnees-caractere-personnel\/sanctions-de-la-cnil-le-montant-de-la-condamnation-depend-notamment-de-la-reactivite-de-lorganisme-controle\/\">Lire la suite<\/a><\/div><\/div><\/div><\/div><\/div><\/article><!-- The Grid item #125 --><article class=\"tg-item tg-post-5461 tg-my-skin-qomino f150 f73 f133\" data-row=\"1\" data-col=\"1\"><div class=\"tg-item-inner\"><div class=\"tg-item-media-holder tg-light\"><div class=\"tg-item-media-inner\"><div class=\"tg-item-image\" style=\"background-image: url(https:\/\/www.agilit.law\/wp-content\/uploads\/2017\/02\/RGPD-Focus-recrutement-e1505207447720.jpg)\"><\/div><\/div><div class=\"tg-item-media-content \"><div class=\"tg-item-overlay\"><\/div><a class=\"tg-element-absolute\" target=\"_self\" href=\"https:\/\/www.agilit.law\/en\/donnees-caractere-personnel\/cnil-referentiels-rh\/\"><\/a><div class=\"tg-bottom-holder\"><h2 class=\"tg-item-title tg-element-1\"><a target=\"_self\" href=\"https:\/\/www.agilit.law\/en\/donnees-caractere-personnel\/cnil-referentiels-rh\/\">Donn\u00e9es \u00e0 caract\u00e8re personnel et RH : la Cnil publie deux projets de r\u00e9f\u00e9rentiels<\/a><\/h2><div class=\"tg-element-3\"><a target=\"_self\" href=\"https:\/\/www.agilit.law\/en\/donnees-caractere-personnel\/cnil-referentiels-rh\/\">Lire la suite<\/a><\/div><\/div><\/div><\/div><\/div><\/article><!-- The Grid item #126 --><article class=\"tg-item tg-post-5388 tg-my-skin-qomino f150 f73 f133\" data-row=\"1\" data-col=\"1\"><div class=\"tg-item-inner\"><div class=\"tg-item-media-holder tg-light\"><div class=\"tg-item-media-inner\"><div class=\"tg-item-image\" style=\"background-image: url(https:\/\/www.agilit.law\/wp-content\/uploads\/2017\/01\/RGPD-en-10-lecons-guide-pratique-e1505207433989.jpg)\"><\/div><\/div><div class=\"tg-item-media-content \"><div class=\"tg-item-overlay\"><\/div><a class=\"tg-element-absolute\" target=\"_self\" href=\"https:\/\/www.agilit.law\/en\/donnees-caractere-personnel\/nouvelles-exigences-de-la-cnil-en-matiere-de-traitements-de-donnees-biometriques-sur-les-lieux-de-travail\/\"><\/a><div class=\"tg-bottom-holder\"><h2 class=\"tg-item-title tg-element-1\"><a target=\"_self\" href=\"https:\/\/www.agilit.law\/en\/donnees-caractere-personnel\/nouvelles-exigences-de-la-cnil-en-matiere-de-traitements-de-donnees-biometriques-sur-les-lieux-de-travail\/\">Focus sur les exigences de la Cnil en mati\u00e8re de traitements de donn\u00e9es biom\u00e9triques sur le lieu de travail<\/a><\/h2><div class=\"tg-element-3\"><a target=\"_self\" href=\"https:\/\/www.agilit.law\/en\/donnees-caractere-personnel\/nouvelles-exigences-de-la-cnil-en-matiere-de-traitements-de-donnees-biometriques-sur-les-lieux-de-travail\/\">Lire la suite<\/a><\/div><\/div><\/div><\/div><\/div><\/article><!-- The Grid item #127 --><article class=\"tg-item tg-post-5371 tg-my-skin-qomino f73\" data-row=\"1\" data-col=\"1\"><div class=\"tg-item-inner\"><div class=\"tg-item-media-holder tg-light\"><div class=\"tg-item-media-inner\"><div class=\"tg-item-image\" style=\"background-image: url(https:\/\/www.agilit.law\/wp-content\/uploads\/2017\/04\/D-2.jpg)\"><\/div><\/div><div class=\"tg-item-media-content \"><div class=\"tg-item-overlay\"><\/div><a class=\"tg-element-absolute\" target=\"_self\" href=\"https:\/\/www.agilit.law\/en\/droit-technologie-et-informations-donnees-personnelles\/professionnels-de-la-vente-sur-internet-les-exceptions-au-droit-de-retractation-interpretees-de-maniere-stricte-par-la-cour-de-justice-de-lunion-europeenne\/\"><\/a><div class=\"tg-bottom-holder\"><h2 class=\"tg-item-title tg-element-1\"><a target=\"_self\" href=\"https:\/\/www.agilit.law\/en\/droit-technologie-et-informations-donnees-personnelles\/professionnels-de-la-vente-sur-internet-les-exceptions-au-droit-de-retractation-interpretees-de-maniere-stricte-par-la-cour-de-justice-de-lunion-europeenne\/\">Professionnels de la vente sur internet : les exceptions au droit de r\u00e9tractation interpr\u00e9t\u00e9es de mani\u00e8re stricte par la Cour de justice de l&#8217;Union europ\u00e9enne<\/a><\/h2><div class=\"tg-element-3\"><a target=\"_self\" href=\"https:\/\/www.agilit.law\/en\/droit-technologie-et-informations-donnees-personnelles\/professionnels-de-la-vente-sur-internet-les-exceptions-au-droit-de-retractation-interpretees-de-maniere-stricte-par-la-cour-de-justice-de-lunion-europeenne\/\">Lire la suite<\/a><\/div><\/div><\/div><\/div><\/div><\/article><!-- The Grid item #128 --><article class=\"tg-item tg-post-5336 tg-my-skin-qomino f150 f73 f133\" data-row=\"1\" data-col=\"1\"><div class=\"tg-item-inner\"><div class=\"tg-item-media-holder tg-light\"><div class=\"tg-item-media-inner\"><div class=\"tg-item-image\" style=\"background-image: url(https:\/\/www.agilit.law\/wp-content\/uploads\/2019\/04\/Capture2.jpg)\"><\/div><\/div><div class=\"tg-item-media-content \"><div class=\"tg-item-overlay\"><\/div><a class=\"tg-element-absolute\" target=\"_self\" href=\"https:\/\/www.agilit.law\/en\/donnees-caractere-personnel\/50-nuances-de-net-interview-de-laure-landes-gronowski-notre-associee-it-data-protection-sur-la-thematique-donnees-personnelles-et-droits-des-personnes\/\"><\/a><div class=\"tg-bottom-holder\"><h2 class=\"tg-item-title tg-element-1\"><a target=\"_self\" href=\"https:\/\/www.agilit.law\/en\/donnees-caractere-personnel\/50-nuances-de-net-interview-de-laure-landes-gronowski-notre-associee-it-data-protection-sur-la-thematique-donnees-personnelles-et-droits-des-personnes\/\">#50 nuances de net# : interview de Laure Landes-Gronowski, notre associ\u00e9e &#8220;IT &#038; Data protection&#8221;, sur la th\u00e9matique &#8220;donn\u00e9es personnelles et droits des personnes&#8221;<\/a><\/h2><div class=\"tg-element-3\"><a target=\"_self\" href=\"https:\/\/www.agilit.law\/en\/donnees-caractere-personnel\/50-nuances-de-net-interview-de-laure-landes-gronowski-notre-associee-it-data-protection-sur-la-thematique-donnees-personnelles-et-droits-des-personnes\/\">Lire la suite<\/a><\/div><\/div><\/div><\/div><\/div><\/article><!-- The Grid item #129 --><article class=\"tg-item tg-post-5279 tg-my-skin-qomino f150 f73 f133\" data-row=\"1\" data-col=\"1\"><div class=\"tg-item-inner\"><div class=\"tg-item-media-holder tg-light\"><div class=\"tg-item-media-inner\"><div class=\"tg-item-image\" style=\"background-image: url(https:\/\/www.agilit.law\/wp-content\/uploads\/2017\/09\/RGPD-en-Focus-sectoriels-metiers-e1505207416588.jpg)\"><\/div><\/div><div class=\"tg-item-media-content \"><div class=\"tg-item-overlay\"><\/div><a class=\"tg-element-absolute\" target=\"_self\" href=\"https:\/\/www.agilit.law\/en\/donnees-caractere-personnel\/conformite-rgpd-premier-bilan-cnil\/\"><\/a><div class=\"tg-bottom-holder\"><h2 class=\"tg-item-title tg-element-1\"><a target=\"_self\" href=\"https:\/\/www.agilit.law\/en\/donnees-caractere-personnel\/conformite-rgpd-premier-bilan-cnil\/\">Mise en conformit\u00e9 RGPD : un premier bilan positif de la Cnil mais un rappel opportun sur les actions \u00e0 d\u00e9ployer !<\/a><\/h2><div class=\"tg-element-3\"><a target=\"_self\" href=\"https:\/\/www.agilit.law\/en\/donnees-caractere-personnel\/conformite-rgpd-premier-bilan-cnil\/\">Lire la suite<\/a><\/div><\/div><\/div><\/div><\/div><\/article><!-- The Grid item #130 --><article class=\"tg-item tg-post-5211 tg-my-skin-qomino f73\" data-row=\"1\" data-col=\"1\"><div class=\"tg-item-inner\"><div class=\"tg-item-media-holder tg-light\"><div class=\"tg-item-media-inner\"><div class=\"tg-item-image\" style=\"background-image: url(https:\/\/www.agilit.law\/wp-content\/uploads\/2016\/11\/data-management-e1507308544446.jpg)\"><\/div><\/div><div class=\"tg-item-media-content \"><div class=\"tg-item-overlay\"><\/div><a class=\"tg-element-absolute\" target=\"_self\" href=\"https:\/\/www.agilit.law\/en\/droit-technologie-et-informations-donnees-personnelles\/la-designation-du-directeur-de-la-publication-dans-les-mentions-legales-dun-site-internet-nest-pas-au-bon-vouloir-de-lediteur\/\"><\/a><div class=\"tg-bottom-holder\"><h2 class=\"tg-item-title tg-element-1\"><a target=\"_self\" href=\"https:\/\/www.agilit.law\/en\/droit-technologie-et-informations-donnees-personnelles\/la-designation-du-directeur-de-la-publication-dans-les-mentions-legales-dun-site-internet-nest-pas-au-bon-vouloir-de-lediteur\/\">La d\u00e9signation du Directeur de la publication dans les &#8220;mentions l\u00e9gales&#8221; d&#8217;un site internet n&#8217;est pas au bon vouloir de l&#8217;\u00e9diteur !<\/a><\/h2><div class=\"tg-element-3\"><a target=\"_self\" href=\"https:\/\/www.agilit.law\/en\/droit-technologie-et-informations-donnees-personnelles\/la-designation-du-directeur-de-la-publication-dans-les-mentions-legales-dun-site-internet-nest-pas-au-bon-vouloir-de-lediteur\/\">Lire la suite<\/a><\/div><\/div><\/div><\/div><\/div><\/article><!-- The Grid item #131 --><article class=\"tg-item tg-post-5144 tg-my-skin-qomino f150 f73 f133\" data-row=\"1\" data-col=\"1\"><div class=\"tg-item-inner\"><div class=\"tg-item-media-holder tg-light\"><div class=\"tg-item-media-inner\"><div class=\"tg-item-image\" style=\"background-image: url(https:\/\/www.agilit.law\/wp-content\/uploads\/2019\/01\/Photo-2-P\u00f4le-Droit-Social.jpg)\"><\/div><\/div><div class=\"tg-item-media-content \"><div class=\"tg-item-overlay\"><\/div><a class=\"tg-element-absolute\" target=\"_self\" href=\"https:\/\/www.agilit.law\/en\/donnees-caractere-personnel\/les-echanges-de-donnees-a-caractere-personnel-avec-le-royaume-uni-a-lheure-du-brexit\/\"><\/a><div class=\"tg-bottom-holder\"><h2 class=\"tg-item-title tg-element-1\"><a target=\"_self\" href=\"https:\/\/www.agilit.law\/en\/donnees-caractere-personnel\/les-echanges-de-donnees-a-caractere-personnel-avec-le-royaume-uni-a-lheure-du-brexit\/\">Les \u00e9changes de donn\u00e9es \u00e0 caract\u00e8re personnel avec le Royaume-Uni \u00e0 l\u2019heure du Brexit<\/a><\/h2><div class=\"tg-element-3\"><a target=\"_self\" href=\"https:\/\/www.agilit.law\/en\/donnees-caractere-personnel\/les-echanges-de-donnees-a-caractere-personnel-avec-le-royaume-uni-a-lheure-du-brexit\/\">Lire la suite<\/a><\/div><\/div><\/div><\/div><\/div><\/article><!-- The Grid item #132 --><article class=\"tg-item tg-post-5064 tg-my-skin-qomino f150 f73 f133\" data-row=\"1\" data-col=\"1\"><div class=\"tg-item-inner\"><div class=\"tg-item-media-holder tg-light\"><div class=\"tg-item-media-inner\"><div class=\"tg-item-image\" style=\"background-image: url(https:\/\/www.agilit.law\/wp-content\/uploads\/2017\/08\/RGPD-Focus-Demeler-vrai-du-faux-e1505207499170.jpg)\"><\/div><\/div><div class=\"tg-item-media-content \"><div class=\"tg-item-overlay\"><\/div><a class=\"tg-element-absolute\" target=\"_self\" href=\"https:\/\/www.agilit.law\/en\/donnees-caractere-personnel\/illiceite-dun-dispositif-de-surveillance-des-salaries-par-geolocalisation-quand-respect-des-droits-et-libertes-des-salaries-rime-avec-protection-des-donnees-a-caractere-personnel\/\"><\/a><div class=\"tg-bottom-holder\"><h2 class=\"tg-item-title tg-element-1\"><a target=\"_self\" href=\"https:\/\/www.agilit.law\/en\/donnees-caractere-personnel\/illiceite-dun-dispositif-de-surveillance-des-salaries-par-geolocalisation-quand-respect-des-droits-et-libertes-des-salaries-rime-avec-protection-des-donnees-a-caractere-personnel\/\">Illic\u00e9it\u00e9 d\u2019un dispositif de surveillance des salari\u00e9s par g\u00e9olocalisation : quand respect des droits et libert\u00e9s des salari\u00e9s rime avec protection des donn\u00e9es \u00e0 caract\u00e8re personnel !<\/a><\/h2><div class=\"tg-element-3\"><a target=\"_self\" href=\"https:\/\/www.agilit.law\/en\/donnees-caractere-personnel\/illiceite-dun-dispositif-de-surveillance-des-salaries-par-geolocalisation-quand-respect-des-droits-et-libertes-des-salaries-rime-avec-protection-des-donnees-a-caractere-personnel\/\">Lire la suite<\/a><\/div><\/div><\/div><\/div><\/div><\/article><!-- The Grid item #133 --><article class=\"tg-item tg-post-4917 tg-my-skin-qomino f150 f73 f133\" data-row=\"1\" data-col=\"1\"><div class=\"tg-item-inner\"><div class=\"tg-item-media-holder tg-light\"><div class=\"tg-item-media-inner\"><div class=\"tg-item-image\" style=\"background-image: url(https:\/\/www.agilit.law\/wp-content\/uploads\/2017\/01\/RGPD-en-10-lecons-guide-pratique-e1505207433989.jpg)\"><\/div><\/div><div class=\"tg-item-media-content \"><div class=\"tg-item-overlay\"><\/div><a class=\"tg-element-absolute\" target=\"_self\" href=\"https:\/\/www.agilit.law\/en\/donnees-caractere-personnel\/reecriture-de-la-loi-informatique-et-libertes-dite-lil-4-du-nouveau-en-matiere-dinformation-des-personnes-concernees\/\"><\/a><div class=\"tg-bottom-holder\"><h2 class=\"tg-item-title tg-element-1\"><a target=\"_self\" href=\"https:\/\/www.agilit.law\/en\/donnees-caractere-personnel\/reecriture-de-la-loi-informatique-et-libertes-dite-lil-4-du-nouveau-en-matiere-dinformation-des-personnes-concernees\/\">R\u00e9\u00e9criture de la Loi Informatique et libert\u00e9s (dite \u00ab LIL 4 \u00bb) : du nouveau en mati\u00e8re d\u2019information des personnes concern\u00e9es ?<\/a><\/h2><div class=\"tg-element-3\"><a target=\"_self\" href=\"https:\/\/www.agilit.law\/en\/donnees-caractere-personnel\/reecriture-de-la-loi-informatique-et-libertes-dite-lil-4-du-nouveau-en-matiere-dinformation-des-personnes-concernees\/\">Lire la suite<\/a><\/div><\/div><\/div><\/div><\/div><\/article><!-- The Grid item #134 --><article class=\"tg-item tg-post-4783 tg-my-skin-qomino f150 f73 f133\" data-row=\"1\" data-col=\"1\"><div class=\"tg-item-inner\"><div class=\"tg-item-media-holder tg-light\"><div class=\"tg-item-media-inner\"><div class=\"tg-item-image\" style=\"background-image: url(https:\/\/www.agilit.law\/wp-content\/uploads\/2018\/11\/shutterstock_569127763.jpg)\"><\/div><\/div><div class=\"tg-item-media-content \"><div class=\"tg-item-overlay\"><\/div><a class=\"tg-element-absolute\" target=\"_self\" href=\"https:\/\/www.agilit.law\/en\/donnees-caractere-personnel\/agilit-interviendra-lors-de-la-journee-nationale-de-linternet-isoc-maroc-sur-le-theme-pourquoi-la-protection-des-donnees-personnelles\/\"><\/a><div class=\"tg-bottom-holder\"><h2 class=\"tg-item-title tg-element-1\"><a target=\"_self\" href=\"https:\/\/www.agilit.law\/en\/donnees-caractere-personnel\/agilit-interviendra-lors-de-la-journee-nationale-de-linternet-isoc-maroc-sur-le-theme-pourquoi-la-protection-des-donnees-personnelles\/\">Agil\u2019IT interviendra lors de la Journ\u00e9e Nationale de l&#8217;Internet (ISOC Maroc) sur le th\u00e8me &#8220;Pourquoi la protection des donn\u00e9es personnelles?&#8221;<\/a><\/h2><div class=\"tg-element-3\"><a target=\"_self\" href=\"https:\/\/www.agilit.law\/en\/donnees-caractere-personnel\/agilit-interviendra-lors-de-la-journee-nationale-de-linternet-isoc-maroc-sur-le-theme-pourquoi-la-protection-des-donnees-personnelles\/\">Lire la suite<\/a><\/div><\/div><\/div><\/div><\/div><\/article><!-- The Grid item #135 --><article class=\"tg-item tg-post-4729 tg-my-skin-qomino f150 f73 f133\" data-row=\"1\" data-col=\"1\"><div class=\"tg-item-inner\"><div class=\"tg-item-media-holder tg-light\"><div class=\"tg-item-media-inner\"><div class=\"tg-item-image\" style=\"background-image: url(https:\/\/www.agilit.law\/wp-content\/uploads\/2018\/11\/Salon-Elys\u00e9e-Th\u00e9\u00e2tre.jpg)\"><\/div><\/div><div class=\"tg-item-media-content \"><div class=\"tg-item-overlay\"><\/div><a class=\"tg-element-absolute\" target=\"_self\" href=\"https:\/\/www.agilit.law\/en\/donnees-caractere-personnel\/agilit-a-la-convention-dalloz-avocats-2018-sur-le-theme-rgpd-et-lil3\/\"><\/a><div class=\"tg-bottom-holder\"><h2 class=\"tg-item-title tg-element-1\"><a target=\"_self\" href=\"https:\/\/www.agilit.law\/en\/donnees-caractere-personnel\/agilit-a-la-convention-dalloz-avocats-2018-sur-le-theme-rgpd-et-lil3\/\">Agil&#8217;IT \u00e0 la Convention Dalloz Avocats 2018 sur le th\u00e8me &#8220;RGPD et LIL3&#8221;<\/a><\/h2><div class=\"tg-element-3\"><a target=\"_self\" href=\"https:\/\/www.agilit.law\/en\/donnees-caractere-personnel\/agilit-a-la-convention-dalloz-avocats-2018-sur-le-theme-rgpd-et-lil3\/\">Lire la suite<\/a><\/div><\/div><\/div><\/div><\/div><\/article><!-- The Grid item #136 --><article class=\"tg-item tg-post-4598 tg-my-skin-qomino f73\" data-row=\"1\" data-col=\"1\"><div class=\"tg-item-inner\"><div class=\"tg-item-media-holder tg-light\"><div class=\"tg-item-media-inner\"><div class=\"tg-item-image\" style=\"background-image: url(https:\/\/www.agilit.law\/wp-content\/uploads\/2018\/10\/pexels-photo-374016.jpeg)\"><\/div><\/div><div class=\"tg-item-media-content \"><div class=\"tg-item-overlay\"><\/div><a class=\"tg-element-absolute\" target=\"_self\" href=\"https:\/\/www.agilit.law\/en\/droit-technologie-et-informations-donnees-personnelles\/notion-professionel-site-internet\/\"><\/a><div class=\"tg-bottom-holder\"><h2 class=\"tg-item-title tg-element-1\"><a target=\"_self\" href=\"https:\/\/www.agilit.law\/en\/droit-technologie-et-informations-donnees-personnelles\/notion-professionel-site-internet\/\">Sites internet &#038; pr\u00e9cisions sur la notion de professionnel : quelles cons\u00e9quences pour vos contrats ?<\/a><\/h2><div class=\"tg-element-3\"><a target=\"_self\" href=\"https:\/\/www.agilit.law\/en\/droit-technologie-et-informations-donnees-personnelles\/notion-professionel-site-internet\/\">Lire la suite<\/a><\/div><\/div><\/div><\/div><\/div><\/article><!-- The Grid item #137 --><article class=\"tg-item tg-post-4516 tg-my-skin-qomino f150 f74 f107 f72 f140 f147 f73 f133\" data-row=\"1\" data-col=\"1\"><div class=\"tg-item-inner\"><div class=\"tg-item-media-holder tg-light\"><div class=\"tg-item-media-inner\"><div class=\"tg-item-image\" style=\"background-image: url(https:\/\/www.agilit.law\/wp-content\/uploads\/2018\/10\/AgilIT-DJCE-2.jpg)\"><\/div><\/div><div class=\"tg-item-media-content \"><div class=\"tg-item-overlay\"><\/div><a class=\"tg-element-absolute\" target=\"_self\" href=\"https:\/\/www.agilit.law\/en\/droit-societes-fusions-acquisitions\/agilit-accueille-la-nouvelle-promotion-du-master-2-djce\/\"><\/a><div class=\"tg-bottom-holder\"><h2 class=\"tg-item-title tg-element-1\"><a target=\"_self\" href=\"https:\/\/www.agilit.law\/en\/droit-societes-fusions-acquisitions\/agilit-accueille-la-nouvelle-promotion-du-master-2-djce\/\">Agil&#8217;IT accueille la nouvelle promotion du Master 2 DJCE<\/a><\/h2><div class=\"tg-element-3\"><a target=\"_self\" href=\"https:\/\/www.agilit.law\/en\/droit-societes-fusions-acquisitions\/agilit-accueille-la-nouvelle-promotion-du-master-2-djce\/\">Lire la suite<\/a><\/div><\/div><\/div><\/div><\/div><\/article><!-- The Grid item #138 --><article class=\"tg-item tg-post-4459 tg-my-skin-qomino f150 f74 f107 f72 f140 f147 f73 f133\" data-row=\"1\" data-col=\"1\"><div class=\"tg-item-inner\"><div class=\"tg-item-media-holder tg-light\"><div class=\"tg-item-media-inner\"><div class=\"tg-item-image\" style=\"background-image: url(https:\/\/www.agilit.law\/wp-content\/uploads\/2018\/09\/Option-droit-affaires-AgilIT-article-complet.png)\"><\/div><\/div><div class=\"tg-item-media-content \"><div class=\"tg-item-overlay\"><\/div><a class=\"tg-element-absolute\" target=\"_self\" href=\"https:\/\/www.agilit.law\/en\/droit-technologie-et-informations-donnees-personnelles\/agilit-on-parle-de-nous\/\"><\/a><div class=\"tg-bottom-holder\"><h2 class=\"tg-item-title tg-element-1\"><a target=\"_self\" href=\"https:\/\/www.agilit.law\/en\/droit-technologie-et-informations-donnees-personnelles\/agilit-on-parle-de-nous\/\">On parle de nous !<\/a><\/h2><div class=\"tg-element-3\"><a target=\"_self\" href=\"https:\/\/www.agilit.law\/en\/droit-technologie-et-informations-donnees-personnelles\/agilit-on-parle-de-nous\/\">Lire la suite<\/a><\/div><\/div><\/div><\/div><\/div><\/article><!-- The Grid item #139 --><article class=\"tg-item tg-post-4445 tg-my-skin-qomino f150 f73 f133\" data-row=\"1\" data-col=\"1\"><div class=\"tg-item-inner\"><div class=\"tg-item-media-holder tg-light\"><div class=\"tg-item-media-inner\"><div class=\"tg-item-image\" style=\"background-image: url(https:\/\/www.agilit.law\/wp-content\/uploads\/2018\/09\/Rencontres-Fleet-Visuel-LinkedIn-et-Twitter-Laure-Landes-Gronowski.png)\"><\/div><\/div><div class=\"tg-item-media-content \"><div class=\"tg-item-overlay\"><\/div><a class=\"tg-element-absolute\" target=\"_self\" href=\"https:\/\/www.agilit.law\/en\/donnees-caractere-personnel\/rgpd-fleet-management-4-mois-apres-venez-tester-votre-conformite\/\"><\/a><div class=\"tg-bottom-holder\"><h2 class=\"tg-item-title tg-element-1\"><a target=\"_self\" href=\"https:\/\/www.agilit.law\/en\/donnees-caractere-personnel\/rgpd-fleet-management-4-mois-apres-venez-tester-votre-conformite\/\">RGPD &#038; Fleet Management : 4 mois apr\u00e8s, venez tester votre conformit\u00e9 !<\/a><\/h2><div class=\"tg-element-3\"><a target=\"_self\" href=\"https:\/\/www.agilit.law\/en\/donnees-caractere-personnel\/rgpd-fleet-management-4-mois-apres-venez-tester-votre-conformite\/\">Lire la suite<\/a><\/div><\/div><\/div><\/div><\/div><\/article><!-- The Grid item #140 --><article class=\"tg-item tg-post-4404 tg-my-skin-qomino f150 f73 f133\" data-row=\"1\" data-col=\"1\"><div class=\"tg-item-inner\"><div class=\"tg-item-media-holder tg-light\"><div class=\"tg-item-media-inner\"><div class=\"tg-item-image\" style=\"background-image: url(https:\/\/www.agilit.law\/wp-content\/uploads\/2016\/11\/data-management-e1507308544446.jpg)\"><\/div><\/div><div class=\"tg-item-media-content \"><div class=\"tg-item-overlay\"><\/div><a class=\"tg-element-absolute\" target=\"_self\" href=\"https:\/\/www.agilit.law\/en\/donnees-caractere-personnel\/donnees-a-caractere-personnel-du-nouveau-pour-lexercice-des-droits-des-personnes-concernees\/\"><\/a><div class=\"tg-bottom-holder\"><h2 class=\"tg-item-title tg-element-1\"><a target=\"_self\" href=\"https:\/\/www.agilit.law\/en\/donnees-caractere-personnel\/donnees-a-caractere-personnel-du-nouveau-pour-lexercice-des-droits-des-personnes-concernees\/\">Donn\u00e9es \u00e0 caract\u00e8re personnel : du nouveau pour l\u2019exercice des droits des personnes concern\u00e9es<\/a><\/h2><div class=\"tg-element-3\"><a target=\"_self\" href=\"https:\/\/www.agilit.law\/en\/donnees-caractere-personnel\/donnees-a-caractere-personnel-du-nouveau-pour-lexercice-des-droits-des-personnes-concernees\/\">Lire la suite<\/a><\/div><\/div><\/div><\/div><\/div><\/article><!-- The Grid item #141 --><article class=\"tg-item tg-post-2945 tg-my-skin-qomino f150 f73 f133\" data-row=\"1\" data-col=\"1\"><div class=\"tg-item-inner\"><div class=\"tg-item-media-holder tg-light\"><div class=\"tg-item-media-inner\"><div class=\"tg-item-image\" style=\"background-image: url(https:\/\/www.agilit.law\/wp-content\/uploads\/2017\/09\/Rencontres-fleet-management-2016-photo-Decision-Achats.jpg)\"><\/div><\/div><div class=\"tg-item-media-content \"><div class=\"tg-item-overlay\"><\/div><a class=\"tg-element-absolute\" target=\"_self\" href=\"https:\/\/www.agilit.law\/en\/donnees-caractere-personnel\/data-rgpd-entre-contraintes-opportunites-service-fleet-management\/\"><\/a><div class=\"tg-bottom-holder\"><h2 class=\"tg-item-title tg-element-1\"><a target=\"_self\" href=\"https:\/\/www.agilit.law\/en\/donnees-caractere-personnel\/data-rgpd-entre-contraintes-opportunites-service-fleet-management\/\">Data et RGPD : entre contraintes et opportunit\u00e9s au service du Fleet Management<\/a><\/h2><div class=\"tg-element-3\"><a target=\"_self\" href=\"https:\/\/www.agilit.law\/en\/donnees-caractere-personnel\/data-rgpd-entre-contraintes-opportunites-service-fleet-management\/\">Lire la suite<\/a><\/div><\/div><\/div><\/div><\/div><\/article><!-- The Grid item #142 --><article class=\"tg-item tg-post-2764 tg-my-skin-qomino f150 f73 f133\" data-row=\"1\" data-col=\"1\"><div class=\"tg-item-inner\"><div class=\"tg-item-media-holder tg-light\"><div class=\"tg-item-media-inner\"><div class=\"tg-item-image\" style=\"background-image: url(https:\/\/www.agilit.law\/wp-content\/uploads\/2017\/09\/RGPD-en-Focus-sectoriels-metiers-e1505207416588.jpg)\"><\/div><\/div><div class=\"tg-item-media-content \"><div class=\"tg-item-overlay\"><\/div><a class=\"tg-element-absolute\" target=\"_self\" href=\"https:\/\/www.agilit.law\/en\/donnees-caractere-personnel\/rgpd-focus-precisions-sectorielles-metiers-implications-rgpd\/\"><\/a><div class=\"tg-bottom-holder\"><h2 class=\"tg-item-title tg-element-1\"><a target=\"_self\" href=\"https:\/\/www.agilit.law\/en\/donnees-caractere-personnel\/rgpd-focus-precisions-sectorielles-metiers-implications-rgpd\/\">Le RGPD en focus &#8211; Pr\u00e9cisions sectorielles et m\u00e9tiers sur les implications du RGPD<\/a><\/h2><div class=\"tg-element-3\"><a target=\"_self\" href=\"https:\/\/www.agilit.law\/en\/donnees-caractere-personnel\/rgpd-focus-precisions-sectorielles-metiers-implications-rgpd\/\">Lire la suite<\/a><\/div><\/div><\/div><\/div><\/div><\/article><!-- The Grid item #143 --><article class=\"tg-item tg-post-2931 tg-my-skin-qomino f150 f73 f133\" data-row=\"1\" data-col=\"1\"><div class=\"tg-item-inner\"><div class=\"tg-item-media-holder tg-light\"><div class=\"tg-item-media-inner\"><div class=\"tg-item-image\" style=\"background-image: url(https:\/\/www.agilit.law\/wp-content\/uploads\/2017\/01\/RGPD-en-10-lecons-guide-pratique-e1505207433989.jpg)\"><\/div><\/div><div class=\"tg-item-media-content \"><div class=\"tg-item-overlay\"><\/div><a class=\"tg-element-absolute\" target=\"_self\" href=\"https:\/\/www.agilit.law\/en\/donnees-caractere-personnel\/faire-dpo-data-protection-officer-levier-lentreprise\/\"><\/a><div class=\"tg-bottom-holder\"><h2 class=\"tg-item-title tg-element-1\"><a target=\"_self\" href=\"https:\/\/www.agilit.law\/en\/donnees-caractere-personnel\/faire-dpo-data-protection-officer-levier-lentreprise\/\">Faire du DPO (Data Protection Officer) un levier pour l&#8217;entreprise<\/a><\/h2><div class=\"tg-element-3\"><a target=\"_self\" href=\"https:\/\/www.agilit.law\/en\/donnees-caractere-personnel\/faire-dpo-data-protection-officer-levier-lentreprise\/\">Lire la suite<\/a><\/div><\/div><\/div><\/div><\/div><\/article><!-- The Grid item #144 --><article class=\"tg-item tg-post-2782 tg-my-skin-qomino f150 f73 f133\" data-row=\"1\" data-col=\"1\"><div class=\"tg-item-inner\"><div class=\"tg-item-media-holder tg-light\"><div class=\"tg-item-media-inner\"><div class=\"tg-item-image\" style=\"background-image: url(https:\/\/www.agilit.law\/wp-content\/uploads\/2017\/08\/RGPD-Focus-Demeler-vrai-du-faux-e1505207499170.jpg)\"><\/div><\/div><div class=\"tg-item-media-content \"><div class=\"tg-item-overlay\"><\/div><a class=\"tg-element-absolute\" target=\"_self\" href=\"https:\/\/www.agilit.law\/en\/donnees-caractere-personnel\/rgpd-focus-4-application-rgpd-demeler-vrai-faux\/\"><\/a><div class=\"tg-bottom-holder\"><h2 class=\"tg-item-title tg-element-1\"><a target=\"_self\" href=\"https:\/\/www.agilit.law\/en\/donnees-caractere-personnel\/rgpd-focus-4-application-rgpd-demeler-vrai-faux\/\">Le RGPD en Focus #4 : Application du RGPD : \u00ab d\u00e9m\u00ealer le vrai du faux \u00bb<\/a><\/h2><div class=\"tg-element-3\"><a target=\"_self\" href=\"https:\/\/www.agilit.law\/en\/donnees-caractere-personnel\/rgpd-focus-4-application-rgpd-demeler-vrai-faux\/\">Lire la suite<\/a><\/div><\/div><\/div><\/div><\/div><\/article><!-- The Grid item #145 --><article class=\"tg-item tg-post-2874 tg-my-skin-qomino f150 f147 f73 f133\" data-row=\"1\" data-col=\"1\"><div class=\"tg-item-inner\"><div class=\"tg-item-media-holder tg-light\"><div class=\"tg-item-media-inner\"><div class=\"tg-item-image\" style=\"background-image: url(https:\/\/www.agilit.law\/wp-content\/uploads\/2017\/07\/Laure-Landes-Growski-rejoint-le-CA-de-Cyberlex.jpg)\"><\/div><\/div><div class=\"tg-item-media-content \"><div class=\"tg-item-overlay\"><\/div><a class=\"tg-element-absolute\" target=\"_self\" href=\"https:\/\/www.agilit.law\/en\/droit-technologie-et-informations-donnees-personnelles\/laure-landes-gronowski-conseil-administration-cyberlex\/\"><\/a><div class=\"tg-bottom-holder\"><h2 class=\"tg-item-title tg-element-1\"><a target=\"_self\" href=\"https:\/\/www.agilit.law\/en\/droit-technologie-et-informations-donnees-personnelles\/laure-landes-gronowski-conseil-administration-cyberlex\/\">Laure Landes-Gronowski au Conseil d\u2019Administration de Cyberlex<\/a><\/h2><div class=\"tg-element-3\"><a target=\"_self\" href=\"https:\/\/www.agilit.law\/en\/droit-technologie-et-informations-donnees-personnelles\/laure-landes-gronowski-conseil-administration-cyberlex\/\">Lire la suite<\/a><\/div><\/div><\/div><\/div><\/div><\/article><!-- The Grid item #146 --><article class=\"tg-item tg-post-2118 tg-my-skin-qomino f150 f73 f133\" data-row=\"1\" data-col=\"1\"><div class=\"tg-item-inner\"><div class=\"tg-item-media-holder tg-light\"><div class=\"tg-item-media-inner\"><div class=\"tg-item-image\" style=\"background-image: url(https:\/\/www.agilit.law\/wp-content\/uploads\/2017\/06\/tribune-libre-cnil-facebook.jpg)\"><\/div><\/div><div class=\"tg-item-media-content \"><div class=\"tg-item-overlay\"><\/div><a class=\"tg-element-absolute\" target=\"_self\" href=\"https:\/\/www.agilit.law\/en\/donnees-caractere-personnel\/loi-informatique-libertes-facebook\/\"><\/a><div class=\"tg-bottom-holder\"><h2 class=\"tg-item-title tg-element-1\"><a target=\"_self\" href=\"https:\/\/www.agilit.law\/en\/donnees-caractere-personnel\/loi-informatique-libertes-facebook\/\">La loi fran\u00e7aise \u00abInformatique et Libert\u00e9s\u00bb (CNIL) s\u2019applique \u00e0 Facebook !<\/a><\/h2><div class=\"tg-element-3\"><a target=\"_self\" href=\"https:\/\/www.agilit.law\/en\/donnees-caractere-personnel\/loi-informatique-libertes-facebook\/\">Lire la suite<\/a><\/div><\/div><\/div><\/div><\/div><\/article><!-- The Grid item #147 --><article class=\"tg-item tg-post-3147 tg-my-skin-qomino f150 f73 f133\" data-row=\"1\" data-col=\"1\"><div class=\"tg-item-inner\"><div class=\"tg-item-media-holder tg-light\"><div class=\"tg-item-media-inner\"><div class=\"tg-item-image\" style=\"background-image: url(https:\/\/www.agilit.law\/wp-content\/uploads\/2017\/10\/formation-CFA-RGPD-27-juin-2017.jpg)\"><\/div><\/div><div class=\"tg-item-media-content \"><div class=\"tg-item-overlay\"><\/div><a class=\"tg-element-absolute\" target=\"_self\" href=\"https:\/\/www.agilit.law\/en\/donnees-caractere-personnel\/reforme-de-protection-donnees-etes-pret-25-mai-2018\/\"><\/a><div class=\"tg-bottom-holder\"><h2 class=\"tg-item-title tg-element-1\"><a target=\"_self\" href=\"https:\/\/www.agilit.law\/en\/donnees-caractere-personnel\/reforme-de-protection-donnees-etes-pret-25-mai-2018\/\">R\u00e9forme de la protection des donn\u00e9es : \u00eates-vous pr\u00eat pour le 25 mai 2018 ?<\/a><\/h2><div class=\"tg-element-3\"><a target=\"_self\" href=\"https:\/\/www.agilit.law\/en\/donnees-caractere-personnel\/reforme-de-protection-donnees-etes-pret-25-mai-2018\/\">Lire la suite<\/a><\/div><\/div><\/div><\/div><\/div><\/article><!-- The Grid item #148 --><article class=\"tg-item tg-post-2761 tg-my-skin-qomino f150 f73 f133\" data-row=\"1\" data-col=\"1\"><div class=\"tg-item-inner\"><div class=\"tg-item-media-holder tg-light\"><div class=\"tg-item-media-inner\"><div class=\"tg-item-image\" style=\"background-image: url(https:\/\/www.agilit.law\/wp-content\/uploads\/2017\/04\/RGPD-Focus-Code-conduite-labels-certifications-e1505207482927.jpg)\"><\/div><\/div><div class=\"tg-item-media-content \"><div class=\"tg-item-overlay\"><\/div><a class=\"tg-element-absolute\" target=\"_self\" href=\"https:\/\/www.agilit.law\/en\/donnees-caractere-personnel\/rgpd-focus-3-codes-de-conduite-labels-certifications\/\"><\/a><div class=\"tg-bottom-holder\"><h2 class=\"tg-item-title tg-element-1\"><a target=\"_self\" href=\"https:\/\/www.agilit.law\/en\/donnees-caractere-personnel\/rgpd-focus-3-codes-de-conduite-labels-certifications\/\">Le RGPD en Focus #3 : Codes de conduite, labels et certifications<\/a><\/h2><div class=\"tg-element-3\"><a target=\"_self\" href=\"https:\/\/www.agilit.law\/en\/donnees-caractere-personnel\/rgpd-focus-3-codes-de-conduite-labels-certifications\/\">Lire la suite<\/a><\/div><\/div><\/div><\/div><\/div><\/article><!-- The Grid item #149 --><article class=\"tg-item tg-post-2733 tg-my-skin-qomino f150 f73 f133\" data-row=\"1\" data-col=\"1\"><div class=\"tg-item-inner\"><div class=\"tg-item-media-holder tg-light\"><div class=\"tg-item-media-inner\"><div class=\"tg-item-image\" style=\"background-image: url(https:\/\/www.agilit.law\/wp-content\/uploads\/2017\/03\/RGPD-Focus-recueil-consentement-e1505207466320.jpg)\"><\/div><\/div><div class=\"tg-item-media-content \"><div class=\"tg-item-overlay\"><\/div><a class=\"tg-element-absolute\" target=\"_self\" href=\"https:\/\/www.agilit.law\/en\/donnees-caractere-personnel\/rgpd-focus-2-recueil-consentement\/\"><\/a><div class=\"tg-bottom-holder\"><h2 class=\"tg-item-title tg-element-1\"><a target=\"_self\" href=\"https:\/\/www.agilit.law\/en\/donnees-caractere-personnel\/rgpd-focus-2-recueil-consentement\/\">Le RGPD en Focus #2 : Le recueil du consentement<\/a><\/h2><div class=\"tg-element-3\"><a target=\"_self\" href=\"https:\/\/www.agilit.law\/en\/donnees-caractere-personnel\/rgpd-focus-2-recueil-consentement\/\">Lire la suite<\/a><\/div><\/div><\/div><\/div><\/div><\/article><!-- The Grid item #150 --><article class=\"tg-item tg-post-2724 tg-my-skin-qomino f150 f73 f133\" data-row=\"1\" data-col=\"1\"><div class=\"tg-item-inner\"><div class=\"tg-item-media-holder tg-light\"><div class=\"tg-item-media-inner\"><div class=\"tg-item-image\" style=\"background-image: url(https:\/\/www.agilit.law\/wp-content\/uploads\/2017\/02\/RGPD-Focus-recrutement-e1505207447720.jpg)\"><\/div><\/div><div class=\"tg-item-media-content \"><div class=\"tg-item-overlay\"><\/div><a class=\"tg-element-absolute\" target=\"_self\" href=\"https:\/\/www.agilit.law\/en\/donnees-caractere-personnel\/rgpd-focus-1-transparence-renforcee-cadre-operations-de-recrutement\/\"><\/a><div class=\"tg-bottom-holder\"><h2 class=\"tg-item-title tg-element-1\"><a target=\"_self\" href=\"https:\/\/www.agilit.law\/en\/donnees-caractere-personnel\/rgpd-focus-1-transparence-renforcee-cadre-operations-de-recrutement\/\">Le RGPD en Focus #1 : La transparence renforc\u00e9e dans le cadre des op\u00e9rations de recrutement<\/a><\/h2><div class=\"tg-element-3\"><a target=\"_self\" href=\"https:\/\/www.agilit.law\/en\/donnees-caractere-personnel\/rgpd-focus-1-transparence-renforcee-cadre-operations-de-recrutement\/\">Lire la suite<\/a><\/div><\/div><\/div><\/div><\/div><\/article><!-- The Grid item #151 --><article class=\"tg-item tg-post-2883 tg-my-skin-qomino f150 f73 f133\" data-row=\"1\" data-col=\"1\"><div class=\"tg-item-inner\"><div class=\"tg-item-media-holder tg-light\"><div class=\"tg-item-media-inner\"><div class=\"tg-item-image\" style=\"background-image: url(https:\/\/www.agilit.law\/wp-content\/uploads\/2017\/02\/RGPD-avis-expertes-cyberlex.jpg)\"><\/div><\/div><div class=\"tg-item-media-content \"><div class=\"tg-item-overlay\"><\/div><a class=\"tg-element-absolute\" target=\"_self\" href=\"https:\/\/www.agilit.law\/en\/donnees-caractere-personnel\/lessentiel-du-rgpd-visions-dexpertes-cyberlex\/\"><\/a><div class=\"tg-bottom-holder\"><h2 class=\"tg-item-title tg-element-1\"><a target=\"_self\" href=\"https:\/\/www.agilit.law\/en\/donnees-caractere-personnel\/lessentiel-du-rgpd-visions-dexpertes-cyberlex\/\">L\u2019essentiel du RGPD, visions d\u2019expertes &#8211; Laure Landes-Gronowski re\u00e7oit Cyberlex<\/a><\/h2><div class=\"tg-element-3\"><a target=\"_self\" href=\"https:\/\/www.agilit.law\/en\/donnees-caractere-personnel\/lessentiel-du-rgpd-visions-dexpertes-cyberlex\/\">Lire la suite<\/a><\/div><\/div><\/div><\/div><\/div><\/article><!-- The Grid item #152 --><article class=\"tg-item tg-post-2727 tg-my-skin-qomino f150 f73 f133\" data-row=\"1\" data-col=\"1\"><div class=\"tg-item-inner\"><div class=\"tg-item-media-holder tg-light\"><div class=\"tg-item-media-inner\"><div class=\"tg-item-image\" style=\"background-image: url(https:\/\/www.agilit.law\/wp-content\/uploads\/2017\/01\/RGPD-en-10-lecons-guide-pratique-e1505207433989.jpg)\"><\/div><\/div><div class=\"tg-item-media-content \"><div class=\"tg-item-overlay\"><\/div><a class=\"tg-element-absolute\" target=\"_self\" href=\"https:\/\/www.agilit.law\/en\/donnees-caractere-personnel\/protection-donnees-a-caractere-personnel-rgpd-10-lecons\/\"><\/a><div class=\"tg-bottom-holder\"><h2 class=\"tg-item-title tg-element-1\"><a target=\"_self\" href=\"https:\/\/www.agilit.law\/en\/donnees-caractere-personnel\/protection-donnees-a-caractere-personnel-rgpd-10-lecons\/\">Protection des donn\u00e9es \u00e0 caract\u00e8re personnel : \u00ab Le RGPD en 10 le\u00e7ons \u00bb<\/a><\/h2><div class=\"tg-element-3\"><a target=\"_self\" href=\"https:\/\/www.agilit.law\/en\/donnees-caractere-personnel\/protection-donnees-a-caractere-personnel-rgpd-10-lecons\/\">Lire la suite<\/a><\/div><\/div><\/div><\/div><\/div><\/article><!-- The Grid item #153 --><article class=\"tg-item tg-post-3048 tg-my-skin-qomino f150 f73 f133\" data-row=\"1\" data-col=\"1\"><div class=\"tg-item-inner\"><div class=\"tg-item-media-holder tg-light\"><div class=\"tg-item-media-inner\"><div class=\"tg-item-image\" style=\"background-image: url(https:\/\/www.agilit.law\/wp-content\/uploads\/2007\/12\/objets-connectes-IoT.jpg)\"><\/div><\/div><div class=\"tg-item-media-content \"><div class=\"tg-item-overlay\"><\/div><a class=\"tg-element-absolute\" target=\"_self\" href=\"https:\/\/www.agilit.law\/en\/donnees-caractere-personnel\/objets-connectes-donnees-a-caractere-personnel-ayez-bons-reflexes\/\"><\/a><div class=\"tg-bottom-holder\"><h2 class=\"tg-item-title tg-element-1\"><a target=\"_self\" href=\"https:\/\/www.agilit.law\/en\/donnees-caractere-personnel\/objets-connectes-donnees-a-caractere-personnel-ayez-bons-reflexes\/\">Objets connect\u00e9s et donn\u00e9es \u00e0 caract\u00e8re personnel : ayez les bons r\u00e9flexes !<\/a><\/h2><div class=\"tg-element-3\"><a target=\"_self\" href=\"https:\/\/www.agilit.law\/en\/donnees-caractere-personnel\/objets-connectes-donnees-a-caractere-personnel-ayez-bons-reflexes\/\">Lire la suite<\/a><\/div><\/div><\/div><\/div><\/div><\/article><!-- The Grid item #154 --><article class=\"tg-item tg-post-2131 tg-my-skin-qomino f150 f147 f73 f133\" data-row=\"1\" data-col=\"1\"><div class=\"tg-item-inner\"><div class=\"tg-item-media-holder tg-light\"><div class=\"tg-item-media-inner\"><div class=\"tg-item-image\" style=\"background-image: url(https:\/\/www.agilit.law\/wp-content\/uploads\/2017\/06\/D-2-1.jpg)\"><\/div><\/div><div class=\"tg-item-media-content \"><div class=\"tg-item-overlay\"><\/div><a class=\"tg-element-absolute\" target=\"_self\" href=\"https:\/\/www.agilit.law\/en\/donnees-caractere-personnel\/faille-securite-piratage-informatique-comment-reagir\/\"><\/a><div class=\"tg-bottom-holder\"><h2 class=\"tg-item-title tg-element-1\"><a target=\"_self\" href=\"https:\/\/www.agilit.law\/en\/donnees-caractere-personnel\/faille-securite-piratage-informatique-comment-reagir\/\">R\u00e9agir face \u00e0 une faille de s\u00e9curit\u00e9 : petit guide de survie juridique et organisationnel<\/a><\/h2><div class=\"tg-element-3\"><a target=\"_self\" href=\"https:\/\/www.agilit.law\/en\/donnees-caractere-personnel\/faille-securite-piratage-informatique-comment-reagir\/\">Lire la suite<\/a><\/div><\/div><\/div><\/div><\/div><\/article><!-- The Grid item #155 --><article class=\"tg-item tg-post-3142 tg-my-skin-qomino f150 f73 f133\" data-row=\"1\" data-col=\"1\"><div class=\"tg-item-inner\"><div class=\"tg-item-media-holder tg-light\"><div class=\"tg-item-media-inner\"><div class=\"tg-item-image\" style=\"background-image: url(https:\/\/www.agilit.law\/wp-content\/uploads\/2016\/11\/data-management-e1507308544446.jpg)\"><\/div><\/div><div class=\"tg-item-media-content \"><div class=\"tg-item-overlay\"><\/div><a class=\"tg-element-absolute\" target=\"_self\" href=\"https:\/\/www.agilit.law\/en\/donnees-caractere-personnel\/loi-republique-numerique-rgpd-lheure\/\"><\/a><div class=\"tg-bottom-holder\"><h2 class=\"tg-item-title tg-element-1\"><a target=\"_self\" href=\"https:\/\/www.agilit.law\/en\/donnees-caractere-personnel\/loi-republique-numerique-rgpd-lheure\/\">Loi pour une R\u00e9publique num\u00e9rique : le RGPD avant l\u2019heure ?<\/a><\/h2><div class=\"tg-element-3\"><a target=\"_self\" href=\"https:\/\/www.agilit.law\/en\/donnees-caractere-personnel\/loi-republique-numerique-rgpd-lheure\/\">Lire la suite<\/a><\/div><\/div><\/div><\/div><\/div><\/article><!-- The Grid item #156 --><article class=\"tg-item tg-post-3054 tg-my-skin-qomino f73\" data-row=\"1\" data-col=\"1\"><div class=\"tg-item-inner\"><div class=\"tg-item-media-holder tg-light\"><div class=\"tg-item-media-inner\"><div class=\"tg-item-image\" style=\"background-image: url(https:\/\/www.agilit.law\/wp-content\/uploads\/2016\/09\/logo-CNIL.jpg)\"><\/div><\/div><div class=\"tg-item-media-content \"><div class=\"tg-item-overlay\"><\/div><a class=\"tg-element-absolute\" target=\"_self\" href=\"https:\/\/www.agilit.law\/en\/droit-technologie-et-informations-donnees-personnelles\/publication-de-nouvelle-norme-simplifiee-48-de-cnil\/\"><\/a><div class=\"tg-bottom-holder\"><h2 class=\"tg-item-title tg-element-1\"><a target=\"_self\" href=\"https:\/\/www.agilit.law\/en\/droit-technologie-et-informations-donnees-personnelles\/publication-de-nouvelle-norme-simplifiee-48-de-cnil\/\">Publication de la nouvelle norme simplifi\u00e9e 48 de la Cnil<\/a><\/h2><div class=\"tg-element-3\"><a target=\"_self\" href=\"https:\/\/www.agilit.law\/en\/droit-technologie-et-informations-donnees-personnelles\/publication-de-nouvelle-norme-simplifiee-48-de-cnil\/\">Lire la suite<\/a><\/div><\/div><\/div><\/div><\/div><\/article><\/div><\/div><!-- The Grid Wrapper End -->[\/vc_column_text][\/vc_column][\/vc_row]<\/p>\n","protected":false},"excerpt":{"rendered":"<p>Articles par Laure LANDES-GRONOWSKI<\/p>\n","protected":false},"author":1,"featured_media":7815,"parent":7814,"menu_order":0,"comment_status":"closed","ping_status":"closed","template":"","meta":{"footnotes":""},"coauthors":[95],"yoast_head":"<!-- This site is optimized with the Yoast SEO plugin v21.3 - https:\/\/yoast.com\/wordpress\/plugins\/seo\/ -->\n<title>Articles by Laure LANDES-GRONOWSKI - AGIL&#039;IT<\/title>\n<meta name=\"robots\" content=\"index, follow, max-snippet:-1, max-image-preview:large, max-video-preview:-1\" \/>\n<link rel=\"canonical\" href=\"https:\/\/www.agilit.law\/en\/news\/laure-landes-gronowski\/\" \/>\n<meta property=\"og:locale\" content=\"en_US\" \/>\n<meta property=\"og:type\" content=\"article\" \/>\n<meta property=\"og:title\" content=\"Articles by Laure LANDES-GRONOWSKI - AGIL&#039;IT\" \/>\n<meta property=\"og:description\" content=\"Articles par Laure LANDES-GRONOWSKI\" \/>\n<meta property=\"og:url\" content=\"https:\/\/www.agilit.law\/en\/news\/laure-landes-gronowski\/\" \/>\n<meta property=\"og:site_name\" content=\"AGIL&#039;IT\" \/>\n<meta property=\"article:modified_time\" content=\"2020-06-18T07:58:39+00:00\" \/>\n<meta property=\"og:image\" content=\"https:\/\/www.agilit.law\/wp-content\/uploads\/2017\/06\/article.jpg\" \/>\n\t<meta property=\"og:image:width\" content=\"600\" \/>\n\t<meta property=\"og:image:height\" content=\"350\" \/>\n\t<meta property=\"og:image:type\" content=\"image\/jpeg\" \/>\n<meta name=\"twitter:card\" content=\"summary_large_image\" \/>\n<meta name=\"twitter:label1\" content=\"Est. reading time\" \/>\n\t<meta name=\"twitter:data1\" content=\"1 minute\" \/>\n\t<meta name=\"twitter:label2\" content=\"Written by\" \/>\n\t<meta name=\"twitter:data2\" content=\"Laure Landes-Gronowski\" \/>\n<script type=\"application\/ld+json\" class=\"yoast-schema-graph\">{\"@context\":\"https:\/\/schema.org\",\"@graph\":[{\"@type\":\"WebPage\",\"@id\":\"https:\/\/www.agilit.law\/en\/news\/laure-landes-gronowski\/\",\"url\":\"https:\/\/www.agilit.law\/en\/news\/laure-landes-gronowski\/\",\"name\":\"Articles by Laure LANDES-GRONOWSKI - AGIL&#039;IT\",\"isPartOf\":{\"@id\":\"https:\/\/www.agilit.law\/#website\"},\"datePublished\":\"2017-09-01T14:37:39+00:00\",\"dateModified\":\"2020-06-18T07:58:39+00:00\",\"breadcrumb\":{\"@id\":\"https:\/\/www.agilit.law\/en\/news\/laure-landes-gronowski\/#breadcrumb\"},\"inLanguage\":\"en-US\",\"potentialAction\":[{\"@type\":\"ReadAction\",\"target\":[\"https:\/\/www.agilit.law\/en\/news\/laure-landes-gronowski\/\"]}]},{\"@type\":\"BreadcrumbList\",\"@id\":\"https:\/\/www.agilit.law\/en\/news\/laure-landes-gronowski\/#breadcrumb\",\"itemListElement\":[{\"@type\":\"ListItem\",\"position\":1,\"name\":\"Accueil\",\"item\":\"https:\/\/www.agilit.law\/en\/\"},{\"@type\":\"ListItem\",\"position\":2,\"name\":\"News\",\"item\":\"https:\/\/www.agilit.law\/en\/news\/\"},{\"@type\":\"ListItem\",\"position\":3,\"name\":\"Articles by Laure LANDES-GRONOWSKI\"}]},{\"@type\":\"WebSite\",\"@id\":\"https:\/\/www.agilit.law\/#website\",\"url\":\"https:\/\/www.agilit.law\/\",\"name\":\"AGIL&#039;IT\",\"description\":\"Make things simple\",\"potentialAction\":[{\"@type\":\"SearchAction\",\"target\":{\"@type\":\"EntryPoint\",\"urlTemplate\":\"https:\/\/www.agilit.law\/?s={search_term_string}\"},\"query-input\":\"required name=search_term_string\"}],\"inLanguage\":\"en-US\"}]}<\/script>\n<!-- \/ Yoast SEO plugin. -->","yoast_head_json":{"title":"Articles by Laure LANDES-GRONOWSKI - AGIL&#039;IT","robots":{"index":"index","follow":"follow","max-snippet":"max-snippet:-1","max-image-preview":"max-image-preview:large","max-video-preview":"max-video-preview:-1"},"canonical":"https:\/\/www.agilit.law\/en\/news\/laure-landes-gronowski\/","og_locale":"en_US","og_type":"article","og_title":"Articles by Laure LANDES-GRONOWSKI - AGIL&#039;IT","og_description":"Articles par Laure LANDES-GRONOWSKI","og_url":"https:\/\/www.agilit.law\/en\/news\/laure-landes-gronowski\/","og_site_name":"AGIL&#039;IT","article_modified_time":"2020-06-18T07:58:39+00:00","og_image":[{"width":600,"height":350,"url":"https:\/\/www.agilit.law\/wp-content\/uploads\/2017\/06\/article.jpg","type":"image\/jpeg"}],"twitter_card":"summary_large_image","twitter_misc":{"Est. reading time":"1 minute","Written by":"Laure Landes-Gronowski"},"schema":{"@context":"https:\/\/schema.org","@graph":[{"@type":"WebPage","@id":"https:\/\/www.agilit.law\/en\/news\/laure-landes-gronowski\/","url":"https:\/\/www.agilit.law\/en\/news\/laure-landes-gronowski\/","name":"Articles by Laure LANDES-GRONOWSKI - AGIL&#039;IT","isPartOf":{"@id":"https:\/\/www.agilit.law\/#website"},"datePublished":"2017-09-01T14:37:39+00:00","dateModified":"2020-06-18T07:58:39+00:00","breadcrumb":{"@id":"https:\/\/www.agilit.law\/en\/news\/laure-landes-gronowski\/#breadcrumb"},"inLanguage":"en-US","potentialAction":[{"@type":"ReadAction","target":["https:\/\/www.agilit.law\/en\/news\/laure-landes-gronowski\/"]}]},{"@type":"BreadcrumbList","@id":"https:\/\/www.agilit.law\/en\/news\/laure-landes-gronowski\/#breadcrumb","itemListElement":[{"@type":"ListItem","position":1,"name":"Accueil","item":"https:\/\/www.agilit.law\/en\/"},{"@type":"ListItem","position":2,"name":"News","item":"https:\/\/www.agilit.law\/en\/news\/"},{"@type":"ListItem","position":3,"name":"Articles by Laure LANDES-GRONOWSKI"}]},{"@type":"WebSite","@id":"https:\/\/www.agilit.law\/#website","url":"https:\/\/www.agilit.law\/","name":"AGIL&#039;IT","description":"Make things simple","potentialAction":[{"@type":"SearchAction","target":{"@type":"EntryPoint","urlTemplate":"https:\/\/www.agilit.law\/?s={search_term_string}"},"query-input":"required name=search_term_string"}],"inLanguage":"en-US"}]}},"_links":{"self":[{"href":"https:\/\/www.agilit.law\/en\/wp-json\/wp\/v2\/pages\/7824"}],"collection":[{"href":"https:\/\/www.agilit.law\/en\/wp-json\/wp\/v2\/pages"}],"about":[{"href":"https:\/\/www.agilit.law\/en\/wp-json\/wp\/v2\/types\/page"}],"author":[{"embeddable":true,"href":"https:\/\/www.agilit.law\/en\/wp-json\/wp\/v2\/users\/1"}],"replies":[{"embeddable":true,"href":"https:\/\/www.agilit.law\/en\/wp-json\/wp\/v2\/comments?post=7824"}],"version-history":[{"count":1,"href":"https:\/\/www.agilit.law\/en\/wp-json\/wp\/v2\/pages\/7824\/revisions"}],"predecessor-version":[{"id":7825,"href":"https:\/\/www.agilit.law\/en\/wp-json\/wp\/v2\/pages\/7824\/revisions\/7825"}],"up":[{"embeddable":true,"href":"https:\/\/www.agilit.law\/en\/wp-json\/wp\/v2\/pages\/7814"}],"wp:featuredmedia":[{"embeddable":true,"href":"https:\/\/www.agilit.law\/en\/wp-json\/wp\/v2\/media\/7815"}],"wp:attachment":[{"href":"https:\/\/www.agilit.law\/en\/wp-json\/wp\/v2\/media?parent=7824"}],"wp:term":[{"taxonomy":"author","embeddable":true,"href":"https:\/\/www.agilit.law\/en\/wp-json\/wp\/v2\/coauthors?post=7824"}],"curies":[{"name":"wp","href":"https:\/\/api.w.org\/{rel}","templated":true}]}}